{"id":1510,"date":"2022-07-03T14:37:30","date_gmt":"2022-07-03T14:37:30","guid":{"rendered":"https:\/\/www.promusicakrosno.pl\/?page_id=1510"},"modified":"2022-07-06T17:34:04","modified_gmt":"2022-07-06T17:34:04","slug":"xxix-koncert-z-okazji-dnia-matki","status":"publish","type":"page","link":"https:\/\/promusicakrosno.pl\/index.php\/xxix-koncert-z-okazji-dnia-matki\/","title":{"rendered":"XXIX Koncert z okazji Dnia Matki"},"content":{"rendered":"\t\t<div data-elementor-type=\"wp-page\" data-elementor-id=\"1510\" class=\"elementor elementor-1510\">\n\t\t\t\t\t\t<section class=\"elementor-section elementor-top-section elementor-element elementor-element-034a199 elementor-section-boxed elementor-section-height-default elementor-section-height-default\" data-id=\"034a199\" data-element_type=\"section\" data-settings=\"{&quot;background_background&quot;:&quot;classic&quot;}\">\n\t\t\t\t\t\t\t<div class=\"elementor-background-overlay\"><\/div>\n\t\t\t\t\t\t\t<div class=\"elementor-container elementor-column-gap-no\">\n\t\t\t\t\t<div class=\"elementor-column elementor-col-100 elementor-top-column elementor-element elementor-element-3f16b53\" data-id=\"3f16b53\" data-element_type=\"column\">\n\t\t\t<div class=\"elementor-widget-wrap elementor-element-populated\">\n\t\t\t\t\t\t<div class=\"elementor-element elementor-element-6fcb92a elementor-invisible elementor-widget elementor-widget-heading\" data-id=\"6fcb92a\" data-element_type=\"widget\" data-settings=\"{&quot;_animation&quot;:&quot;rollIn&quot;}\" data-widget_type=\"heading.default\">\n\t\t\t\t<div class=\"elementor-widget-container\">\n\t\t\t\t\t<h2 class=\"elementor-heading-title elementor-size-default\">\u201eJeste\u015bmy cz\u0119\u015bci\u0105 \u015bwiata\u201d<\/h2>\t\t\t\t<\/div>\n\t\t\t\t<\/div>\n\t\t\t\t<div class=\"elementor-element elementor-element-48255a3 elementor-widget-divider--view-line elementor-widget elementor-widget-divider\" data-id=\"48255a3\" data-element_type=\"widget\" data-widget_type=\"divider.default\">\n\t\t\t\t<div class=\"elementor-widget-container\">\n\t\t\t\t\t\t\t<div class=\"elementor-divider\">\n\t\t\t<span class=\"elementor-divider-separator\">\n\t\t\t\t\t\t<\/span>\n\t\t<\/div>\n\t\t\t\t\t\t<\/div>\n\t\t\t\t<\/div>\n\t\t\t\t\t<\/div>\n\t\t<\/div>\n\t\t\t\t\t<\/div>\n\t\t<\/section>\n\t\t\t\t<section class=\"elementor-section elementor-top-section elementor-element elementor-element-0ad9787 elementor-section-content-middle elementor-section-boxed elementor-section-height-default elementor-section-height-default\" data-id=\"0ad9787\" data-element_type=\"section\" data-settings=\"{&quot;background_background&quot;:&quot;classic&quot;}\">\n\t\t\t\t\t\t\t<div class=\"elementor-background-overlay\"><\/div>\n\t\t\t\t\t\t\t<div class=\"elementor-container elementor-column-gap-no\">\n\t\t\t\t\t<div class=\"elementor-column elementor-col-100 elementor-top-column elementor-element elementor-element-ba59ac3\" data-id=\"ba59ac3\" data-element_type=\"column\">\n\t\t\t<div class=\"elementor-widget-wrap elementor-element-populated\">\n\t\t\t\t\t\t<div class=\"elementor-element elementor-element-24e8271 elementor-widget elementor-widget-spacer\" data-id=\"24e8271\" data-element_type=\"widget\" data-widget_type=\"spacer.default\">\n\t\t\t\t<div class=\"elementor-widget-container\">\n\t\t\t\t\t\t\t<div class=\"elementor-spacer\">\n\t\t\t<div class=\"elementor-spacer-inner\"><\/div>\n\t\t<\/div>\n\t\t\t\t\t\t<\/div>\n\t\t\t\t<\/div>\n\t\t\t\t<div class=\"elementor-element elementor-element-0083b1e elementor-arrows-position-inside elementor-pagination-position-outside elementor-widget elementor-widget-image-carousel\" data-id=\"0083b1e\" data-element_type=\"widget\" data-settings=\"{&quot;navigation&quot;:&quot;both&quot;,&quot;autoplay&quot;:&quot;yes&quot;,&quot;pause_on_hover&quot;:&quot;yes&quot;,&quot;pause_on_interaction&quot;:&quot;yes&quot;,&quot;autoplay_speed&quot;:5000,&quot;infinite&quot;:&quot;yes&quot;,&quot;speed&quot;:500}\" data-widget_type=\"image-carousel.default\">\n\t\t\t\t<div class=\"elementor-widget-container\">\n\t\t\t\t\t\t\t<div class=\"elementor-image-carousel-wrapper swiper\" role=\"region\" aria-roledescription=\"carousel\" aria-label=\"Karuzela obrazk\u00f3w\" dir=\"ltr\">\n\t\t\t<div class=\"elementor-image-carousel swiper-wrapper\" aria-live=\"off\">\n\t\t\t\t\t\t\t\t<div class=\"swiper-slide\" role=\"group\" aria-roledescription=\"slide\" aria-label=\"1 z 4\"><figure class=\"swiper-slide-inner\"><img decoding=\"async\" class=\"swiper-slide-image\" src=\"https:\/\/promusicakrosno.pl\/wp-content\/uploads\/2022\/05\/2022.05.22_27-768x513.jpg\" alt=\"2022.05.22_27\" \/><\/figure><\/div><div class=\"swiper-slide\" role=\"group\" aria-roledescription=\"slide\" aria-label=\"2 z 4\"><figure class=\"swiper-slide-inner\"><img decoding=\"async\" class=\"swiper-slide-image\" src=\"https:\/\/promusicakrosno.pl\/wp-content\/uploads\/2022\/05\/2022.05.22_22-768x443.jpg\" alt=\"2022.05.22_22\" \/><\/figure><\/div><div class=\"swiper-slide\" role=\"group\" aria-roledescription=\"slide\" aria-label=\"3 z 4\"><figure class=\"swiper-slide-inner\"><img decoding=\"async\" class=\"swiper-slide-image\" src=\"https:\/\/promusicakrosno.pl\/wp-content\/uploads\/2022\/05\/2022.05.22_26-768x513.jpg\" alt=\"2022.05.22_26\" \/><\/figure><\/div><div class=\"swiper-slide\" role=\"group\" aria-roledescription=\"slide\" aria-label=\"4 z 4\"><figure class=\"swiper-slide-inner\"><img decoding=\"async\" class=\"swiper-slide-image\" src=\"https:\/\/promusicakrosno.pl\/wp-content\/uploads\/2022\/05\/2022.05.22_25-768x513.jpg\" alt=\"2022.05.22_25\" \/><\/figure><\/div>\t\t\t<\/div>\n\t\t\t\t\t\t\t\t\t\t\t\t<div class=\"elementor-swiper-button elementor-swiper-button-prev\" role=\"button\" tabindex=\"0\">\n\t\t\t\t\t\t<i aria-hidden=\"true\" class=\"eicon-chevron-left\"><\/i>\t\t\t\t\t<\/div>\n\t\t\t\t\t<div class=\"elementor-swiper-button elementor-swiper-button-next\" role=\"button\" tabindex=\"0\">\n\t\t\t\t\t\t<i aria-hidden=\"true\" class=\"eicon-chevron-right\"><\/i>\t\t\t\t\t<\/div>\n\t\t\t\t\n\t\t\t\t\t\t\t\t\t<div class=\"swiper-pagination\"><\/div>\n\t\t\t\t\t\t\t\t\t<\/div>\n\t\t\t\t\t\t<\/div>\n\t\t\t\t<\/div>\n\t\t\t\t<div class=\"elementor-element elementor-element-d1bdf30 elementor-widget elementor-widget-text-editor\" data-id=\"d1bdf30\" data-element_type=\"widget\" data-widget_type=\"text-editor.default\">\n\t\t\t\t<div class=\"elementor-widget-container\">\n\t\t\t\t\t\t\t\t\t<p>22 maja 2022r. Prywatna Szko\u0142a Muzyczna Pro Musica w Kro\u015bnie po niemal\u00a0 dwuletniej przerwie spowodowanej obostrzeniami sanitarnymi powr\u00f3ci\u0142a do kilkudziesi\u0119cioletniej tradycji koncertowania przed szerok\u0105 publiczno\u015bci\u0105 w Kro\u015bnie. Dwudziesty dziewi\u0105ty\u00a0 ju\u017c koncert z okazji Dnia Matki odby\u0142 si\u0119 jak zwykle w najwi\u0119kszej sali koncertowej miasta przy wsp\u00f3\u0142udziale Urz\u0119du Miasta Krosna oraz Regionalnego Centrum Kultur Pogranicza. Dwuletnia przerwa w koncertowaniu Pro Musiki odnosi\u0142a si\u0119 tylko do \u017cywego udzia\u0142u publiczno\u015bci, bowiem tradycja Wielkich Koncert\u00f3w Noworocznych i Koncert\u00f3w z Okazji Dnia Matki jak co roku by\u0142a kultywowana, ale ze wzgl\u0119du na okoliczno\u015bci zawarta w formie wideo nagrania i p\u00f3\u017aniejszych emisji w TV Obiektyw oraz online.<\/p><p><strong>\u201eJeste\u015bmy cz\u0119\u015bci\u0105 \u015bwiata\u201d<\/strong> to tytu\u0142, kt\u00f3ry podkre\u015bla istnienie i pozycjonuje nas w miejscu i czasie w jakim w\u0142a\u015bnie jeste\u015bmy. Czy jeste\u015bmy szcz\u0119\u015bliwi, weseli i\u00a0 bezpieczni\u2026?<\/p><p>Na te pytania tego pi\u0119knego majowego wieczoru odpowiadali nam u\u017cywaj\u0105c d\u017awi\u0119k\u00f3w fletu, fortepianu, skrzypiec, wiolonczeli i kontrabasu a tak\u017ce \u015bpiewaj\u0105c oraz ta\u0144cz\u0105c \u00a0uczniowie i nauczyciele Prywatnej Szko\u0142y Muzycznej Pro Musica.<\/p><p>Otwieraj\u0105c koncert kolorow\u0105 t\u0119cz\u0105 delikatnych d\u017awi\u0119k\u00f3w harmonijnego \u015bpiewu popisywa\u0142 si\u0119 Ch\u00f3r Pro Musica pod dyr. Doroty M\u0171nzberger G\u0105bki. Dzieci i m\u0142odzie\u017c pi\u0119knie za\u015bpiewali \u201eNiby ob\u0142oki\u201d, \u201eSwing low\u201d oraz tytu\u0142owe \u201eJeste\u015bmy cz\u0119\u015bci\u0105 \u015bwiata\u201d. Ch\u00f3r \u015bpiewa\u0142 przy subtelnym akompaniamencie fortepianu i kontrabasu. Warto wspomnie\u0107, \u017ce Ch\u00f3r Pro Musica zosta\u0142 niedawno nagrodzony br\u0105zowym medalem w Mi\u0119dzynarodowym Rzeszowskim Festiwalu Kol\u0119d i Pastora\u0142ek.<\/p>\t\t\t\t\t\t\t\t<\/div>\n\t\t\t\t<\/div>\n\t\t\t\t<div class=\"elementor-element elementor-element-c98d01a elementor-widget elementor-widget-image\" data-id=\"c98d01a\" data-element_type=\"widget\" data-widget_type=\"image.default\">\n\t\t\t\t<div class=\"elementor-widget-container\">\n\t\t\t\t\t\t\t\t\t\t\t\t\t\t\t<img fetchpriority=\"high\" decoding=\"async\" width=\"768\" height=\"513\" src=\"https:\/\/promusicakrosno.pl\/wp-content\/uploads\/2022\/05\/2022.05.22_1-768x513.jpg\" class=\"attachment-medium_large size-medium_large wp-image-1309\" alt=\"\" srcset=\"https:\/\/promusicakrosno.pl\/wp-content\/uploads\/2022\/05\/2022.05.22_1-768x513.jpg 768w, https:\/\/promusicakrosno.pl\/wp-content\/uploads\/2022\/05\/2022.05.22_1-300x200.jpg 300w, https:\/\/promusicakrosno.pl\/wp-content\/uploads\/2022\/05\/2022.05.22_1-1024x684.jpg 1024w, https:\/\/promusicakrosno.pl\/wp-content\/uploads\/2022\/05\/2022.05.22_1.jpg 1200w\" sizes=\"(max-width: 768px) 100vw, 768px\" \/>\t\t\t\t\t\t\t\t\t\t\t\t\t\t\t<\/div>\n\t\t\t\t<\/div>\n\t\t\t\t<div class=\"elementor-element elementor-element-29af7de elementor-widget elementor-widget-text-editor\" data-id=\"29af7de\" data-element_type=\"widget\" data-widget_type=\"text-editor.default\">\n\t\t\t\t<div class=\"elementor-widget-container\">\n\t\t\t\t\t\t\t\t\t<p>Pierwszym solist\u0105 instrumentalist\u0105 koncertu by\u0142 natomiast ucze\u0144 3 klasy fortepianu &#8211; Karol Osuch kt\u00f3ry wykona\u0142 Koncert fortepianowy &#8211; Marthy Mier. Karol przy akompaniamencie orkiestry sk\u0142adaj\u0105cej si\u0119 z nauczycieli biegle i z uczuciem zagra\u0142 3-cz\u0119\u015bciow\u0105 form\u0119 koncertowego dzie\u0142a. Do wykonania utworu zosta\u0142 przygotowany przez Ann\u0119 M\u0171nzberger. Karol jest laureatem III Nagrody w \u201eInternational Music Competition\u201d Krak\u00f3w 2021.<\/p>\t\t\t\t\t\t\t\t<\/div>\n\t\t\t\t<\/div>\n\t\t\t\t<div class=\"elementor-element elementor-element-39774ab elementor-widget elementor-widget-image\" data-id=\"39774ab\" data-element_type=\"widget\" data-widget_type=\"image.default\">\n\t\t\t\t<div class=\"elementor-widget-container\">\n\t\t\t\t\t\t\t\t\t\t\t\t\t\t\t<img decoding=\"async\" width=\"768\" height=\"349\" src=\"https:\/\/promusicakrosno.pl\/wp-content\/uploads\/2022\/05\/2022.05.22_3-768x349.jpg\" class=\"attachment-medium_large size-medium_large wp-image-1311\" alt=\"\" srcset=\"https:\/\/promusicakrosno.pl\/wp-content\/uploads\/2022\/05\/2022.05.22_3-768x349.jpg 768w, https:\/\/promusicakrosno.pl\/wp-content\/uploads\/2022\/05\/2022.05.22_3-300x136.jpg 300w, https:\/\/promusicakrosno.pl\/wp-content\/uploads\/2022\/05\/2022.05.22_3-1024x465.jpg 1024w, https:\/\/promusicakrosno.pl\/wp-content\/uploads\/2022\/05\/2022.05.22_3-1536x698.jpg 1536w, https:\/\/promusicakrosno.pl\/wp-content\/uploads\/2022\/05\/2022.05.22_3-2048x930.jpg 2048w\" sizes=\"(max-width: 768px) 100vw, 768px\" \/>\t\t\t\t\t\t\t\t\t\t\t\t\t\t\t<\/div>\n\t\t\t\t<\/div>\n\t\t\t\t<div class=\"elementor-element elementor-element-1c6f698 elementor-widget elementor-widget-text-editor\" data-id=\"1c6f698\" data-element_type=\"widget\" data-widget_type=\"text-editor.default\">\n\t\t\t\t<div class=\"elementor-widget-container\">\n\t\t\t\t\t\t\t\t\t<p>Pozostaj\u0105ca na swych miejscach orkiestra nauczycieli wykona\u0142a nast\u0119pnie wraz z \u201ekocimi solistkami\u201d Marcelin\u0105 Janiec i Zuzi\u0105 M\u0171nzberger-G\u0105bk\u0105 fragment arcydzie\u0142a Gioacchino Rossini \u2013 \u201eHumorystyczny duet dw\u00f3ch kot\u00f3w\u201d \u2013 z opery \u201eOtello\u201d. Obie solistki przygotowane przez Monik\u0119 Fabisz maj\u0105 ju\u017c za sob\u0105 kilka udanych koncert\u00f3w. Zuzanna M\u0171nzberger &#8211; G\u0105bka i Wiktoria Stefanik \u015bpiewaj\u0105c w duecie zdoby\u0142y w tym roku\u00a0 nagrod\u0119 Grand Prix w \u201eInternational Multigenre Competition\u201d.<\/p>\t\t\t\t\t\t\t\t<\/div>\n\t\t\t\t<\/div>\n\t\t\t\t<div class=\"elementor-element elementor-element-41e0e77 elementor-widget elementor-widget-image\" data-id=\"41e0e77\" data-element_type=\"widget\" data-widget_type=\"image.default\">\n\t\t\t\t<div class=\"elementor-widget-container\">\n\t\t\t\t\t\t\t\t\t\t\t\t\t\t\t<img decoding=\"async\" width=\"768\" height=\"513\" src=\"https:\/\/promusicakrosno.pl\/wp-content\/uploads\/2022\/05\/2022.05.22_2-768x513.jpg\" class=\"attachment-medium_large size-medium_large wp-image-1310\" alt=\"\" srcset=\"https:\/\/promusicakrosno.pl\/wp-content\/uploads\/2022\/05\/2022.05.22_2-768x513.jpg 768w, https:\/\/promusicakrosno.pl\/wp-content\/uploads\/2022\/05\/2022.05.22_2-300x200.jpg 300w, https:\/\/promusicakrosno.pl\/wp-content\/uploads\/2022\/05\/2022.05.22_2-1024x684.jpg 1024w, https:\/\/promusicakrosno.pl\/wp-content\/uploads\/2022\/05\/2022.05.22_2.jpg 1200w\" sizes=\"(max-width: 768px) 100vw, 768px\" \/>\t\t\t\t\t\t\t\t\t\t\t\t\t\t\t<\/div>\n\t\t\t\t<\/div>\n\t\t\t\t<div class=\"elementor-element elementor-element-25d4ad0 elementor-widget elementor-widget-text-editor\" data-id=\"25d4ad0\" data-element_type=\"widget\" data-widget_type=\"text-editor.default\">\n\t\t\t\t<div class=\"elementor-widget-container\">\n\t\t\t\t\t\t\t\t\t<p>W r\u00f3wnie kolorowych muzycznych odcieniach popisa\u0142a si\u0119 ma\u0142a orkiestra, kt\u00f3r\u0105 dyrygowa\u0142 Wojciech G\u0105bka.&nbsp;<\/p><p>Zesp\u00f3\u0142 wykona\u0142 utwory: H. Purcella, R. Longfielda, B. Wilsona, M. Love.<\/p>\t\t\t\t\t\t\t\t<\/div>\n\t\t\t\t<\/div>\n\t\t\t\t<div class=\"elementor-element elementor-element-9f62a73 elementor-widget elementor-widget-image\" data-id=\"9f62a73\" data-element_type=\"widget\" data-widget_type=\"image.default\">\n\t\t\t\t<div class=\"elementor-widget-container\">\n\t\t\t\t\t\t\t\t\t\t\t\t\t\t\t<img loading=\"lazy\" decoding=\"async\" width=\"768\" height=\"513\" src=\"https:\/\/promusicakrosno.pl\/wp-content\/uploads\/2022\/05\/2022.05.22_4-768x513.jpg\" class=\"attachment-medium_large size-medium_large wp-image-1312\" alt=\"\" srcset=\"https:\/\/promusicakrosno.pl\/wp-content\/uploads\/2022\/05\/2022.05.22_4-768x513.jpg 768w, https:\/\/promusicakrosno.pl\/wp-content\/uploads\/2022\/05\/2022.05.22_4-300x200.jpg 300w, https:\/\/promusicakrosno.pl\/wp-content\/uploads\/2022\/05\/2022.05.22_4-1024x684.jpg 1024w, https:\/\/promusicakrosno.pl\/wp-content\/uploads\/2022\/05\/2022.05.22_4.jpg 1200w\" sizes=\"(max-width: 768px) 100vw, 768px\" \/>\t\t\t\t\t\t\t\t\t\t\t\t\t\t\t<\/div>\n\t\t\t\t<\/div>\n\t\t\t\t<div class=\"elementor-element elementor-element-750aebb elementor-widget elementor-widget-text-editor\" data-id=\"750aebb\" data-element_type=\"widget\" data-widget_type=\"text-editor.default\">\n\t\t\t\t<div class=\"elementor-widget-container\">\n\t\t\t\t\t\t\t\t\t<p>Z du\u017cym zaanga\u017cowaniem i\u00a0 z temperamentem wyst\u0119powali r\u00f3wnie\u017c nast\u0119pni wykonawcy wieczoru.<\/p><p>Alicja Janas i Natalia Winnicka duet fortepianowy, Barbara Staro\u0144 w trio, Antonina Chrapek solo na fortepianie, Franciszek Trybus solo na kontrabasie, Blanka Wesecka solo na flecie. Blanka jest tegoroczn\u0105 laureatk\u0105 I miejsca w \u201eInternational Multigenre Competition\u201d oraz\u00a0 II Nagrody w \u201eV Podkarpackim Festiwalu M\u0142odych Flecist\u00f3w\u201d- przygotowana przez Dorot\u0119 Trybus.<\/p>\t\t\t\t\t\t\t\t<\/div>\n\t\t\t\t<\/div>\n\t\t\t\t<section class=\"elementor-section elementor-inner-section elementor-element elementor-element-226bdab elementor-section-boxed elementor-section-height-default elementor-section-height-default\" data-id=\"226bdab\" data-element_type=\"section\">\n\t\t\t\t\t\t<div class=\"elementor-container elementor-column-gap-default\">\n\t\t\t\t\t<div class=\"elementor-column elementor-col-50 elementor-inner-column elementor-element elementor-element-65d3c53\" data-id=\"65d3c53\" data-element_type=\"column\">\n\t\t\t<div class=\"elementor-widget-wrap elementor-element-populated\">\n\t\t\t\t\t\t<div class=\"elementor-element elementor-element-b91cf88 elementor-widget elementor-widget-image\" data-id=\"b91cf88\" data-element_type=\"widget\" data-widget_type=\"image.default\">\n\t\t\t\t<div class=\"elementor-widget-container\">\n\t\t\t\t\t\t\t\t\t\t\t\t\t\t\t<img loading=\"lazy\" decoding=\"async\" width=\"1024\" height=\"703\" src=\"https:\/\/promusicakrosno.pl\/wp-content\/uploads\/2022\/05\/2022.05.22_6-1024x703.jpg\" class=\"attachment-large size-large wp-image-1314\" alt=\"\" srcset=\"https:\/\/promusicakrosno.pl\/wp-content\/uploads\/2022\/05\/2022.05.22_6-1024x703.jpg 1024w, https:\/\/promusicakrosno.pl\/wp-content\/uploads\/2022\/05\/2022.05.22_6-300x206.jpg 300w, https:\/\/promusicakrosno.pl\/wp-content\/uploads\/2022\/05\/2022.05.22_6-768x527.jpg 768w, https:\/\/promusicakrosno.pl\/wp-content\/uploads\/2022\/05\/2022.05.22_6-1536x1055.jpg 1536w, https:\/\/promusicakrosno.pl\/wp-content\/uploads\/2022\/05\/2022.05.22_6-2048x1406.jpg 2048w\" sizes=\"(max-width: 1024px) 100vw, 1024px\" \/>\t\t\t\t\t\t\t\t\t\t\t\t\t\t\t<\/div>\n\t\t\t\t<\/div>\n\t\t\t\t<div class=\"elementor-element elementor-element-f2e040c elementor-widget elementor-widget-image\" data-id=\"f2e040c\" data-element_type=\"widget\" data-widget_type=\"image.default\">\n\t\t\t\t<div class=\"elementor-widget-container\">\n\t\t\t\t\t\t\t\t\t\t\t\t\t\t\t<img loading=\"lazy\" decoding=\"async\" width=\"1024\" height=\"684\" src=\"https:\/\/promusicakrosno.pl\/wp-content\/uploads\/2022\/05\/2022.05.22_5-1024x684.jpg\" class=\"attachment-large size-large wp-image-1313\" alt=\"\" srcset=\"https:\/\/promusicakrosno.pl\/wp-content\/uploads\/2022\/05\/2022.05.22_5-1024x684.jpg 1024w, https:\/\/promusicakrosno.pl\/wp-content\/uploads\/2022\/05\/2022.05.22_5-300x200.jpg 300w, https:\/\/promusicakrosno.pl\/wp-content\/uploads\/2022\/05\/2022.05.22_5-768x513.jpg 768w, https:\/\/promusicakrosno.pl\/wp-content\/uploads\/2022\/05\/2022.05.22_5.jpg 1200w\" sizes=\"(max-width: 1024px) 100vw, 1024px\" \/>\t\t\t\t\t\t\t\t\t\t\t\t\t\t\t<\/div>\n\t\t\t\t<\/div>\n\t\t\t\t\t<\/div>\n\t\t<\/div>\n\t\t\t\t<div class=\"elementor-column elementor-col-50 elementor-inner-column elementor-element elementor-element-035d072\" data-id=\"035d072\" data-element_type=\"column\">\n\t\t\t<div class=\"elementor-widget-wrap elementor-element-populated\">\n\t\t\t\t\t\t<div class=\"elementor-element elementor-element-9266f1f elementor-widget elementor-widget-image\" data-id=\"9266f1f\" data-element_type=\"widget\" data-widget_type=\"image.default\">\n\t\t\t\t<div class=\"elementor-widget-container\">\n\t\t\t\t\t\t\t\t\t\t\t\t\t\t\t<img loading=\"lazy\" decoding=\"async\" width=\"1024\" height=\"684\" src=\"https:\/\/promusicakrosno.pl\/wp-content\/uploads\/2022\/05\/2022.05.22_9-1024x684.jpg\" class=\"attachment-large size-large wp-image-1317\" alt=\"\" srcset=\"https:\/\/promusicakrosno.pl\/wp-content\/uploads\/2022\/05\/2022.05.22_9-1024x684.jpg 1024w, https:\/\/promusicakrosno.pl\/wp-content\/uploads\/2022\/05\/2022.05.22_9-300x200.jpg 300w, https:\/\/promusicakrosno.pl\/wp-content\/uploads\/2022\/05\/2022.05.22_9-768x513.jpg 768w, https:\/\/promusicakrosno.pl\/wp-content\/uploads\/2022\/05\/2022.05.22_9.jpg 1200w\" sizes=\"(max-width: 1024px) 100vw, 1024px\" \/>\t\t\t\t\t\t\t\t\t\t\t\t\t\t\t<\/div>\n\t\t\t\t<\/div>\n\t\t\t\t<div class=\"elementor-element elementor-element-fc0ea3a elementor-widget elementor-widget-image\" data-id=\"fc0ea3a\" data-element_type=\"widget\" data-widget_type=\"image.default\">\n\t\t\t\t<div class=\"elementor-widget-container\">\n\t\t\t\t\t\t\t\t\t\t\t\t\t\t\t<img loading=\"lazy\" decoding=\"async\" width=\"1024\" height=\"683\" src=\"https:\/\/promusicakrosno.pl\/wp-content\/uploads\/2022\/05\/2022.05.22_10-1024x683.jpg\" class=\"attachment-large size-large wp-image-1318\" alt=\"\" srcset=\"https:\/\/promusicakrosno.pl\/wp-content\/uploads\/2022\/05\/2022.05.22_10-1024x683.jpg 1024w, https:\/\/promusicakrosno.pl\/wp-content\/uploads\/2022\/05\/2022.05.22_10-300x200.jpg 300w, https:\/\/promusicakrosno.pl\/wp-content\/uploads\/2022\/05\/2022.05.22_10-768x512.jpg 768w, https:\/\/promusicakrosno.pl\/wp-content\/uploads\/2022\/05\/2022.05.22_10-1536x1024.jpg 1536w, https:\/\/promusicakrosno.pl\/wp-content\/uploads\/2022\/05\/2022.05.22_10-2048x1365.jpg 2048w\" sizes=\"(max-width: 1024px) 100vw, 1024px\" \/>\t\t\t\t\t\t\t\t\t\t\t\t\t\t\t<\/div>\n\t\t\t\t<\/div>\n\t\t\t\t\t<\/div>\n\t\t<\/div>\n\t\t\t\t\t<\/div>\n\t\t<\/section>\n\t\t\t\t<section class=\"elementor-section elementor-inner-section elementor-element elementor-element-9d87aef elementor-section-boxed elementor-section-height-default elementor-section-height-default\" data-id=\"9d87aef\" data-element_type=\"section\">\n\t\t\t\t\t\t<div class=\"elementor-container elementor-column-gap-default\">\n\t\t\t\t\t<div class=\"elementor-column elementor-col-50 elementor-inner-column elementor-element elementor-element-5cd3d4e\" data-id=\"5cd3d4e\" data-element_type=\"column\">\n\t\t\t<div class=\"elementor-widget-wrap elementor-element-populated\">\n\t\t\t\t\t\t<div class=\"elementor-element elementor-element-90008f4 elementor-widget elementor-widget-image\" data-id=\"90008f4\" data-element_type=\"widget\" data-widget_type=\"image.default\">\n\t\t\t\t<div class=\"elementor-widget-container\">\n\t\t\t\t\t\t\t\t\t\t\t\t\t\t\t<img loading=\"lazy\" decoding=\"async\" width=\"768\" height=\"513\" src=\"https:\/\/promusicakrosno.pl\/wp-content\/uploads\/2022\/05\/2022.05.22_7-768x513.jpg\" class=\"attachment-medium_large size-medium_large wp-image-1315\" alt=\"\" srcset=\"https:\/\/promusicakrosno.pl\/wp-content\/uploads\/2022\/05\/2022.05.22_7-768x513.jpg 768w, https:\/\/promusicakrosno.pl\/wp-content\/uploads\/2022\/05\/2022.05.22_7-300x200.jpg 300w, https:\/\/promusicakrosno.pl\/wp-content\/uploads\/2022\/05\/2022.05.22_7-1024x684.jpg 1024w, https:\/\/promusicakrosno.pl\/wp-content\/uploads\/2022\/05\/2022.05.22_7.jpg 1200w\" sizes=\"(max-width: 768px) 100vw, 768px\" \/>\t\t\t\t\t\t\t\t\t\t\t\t\t\t\t<\/div>\n\t\t\t\t<\/div>\n\t\t\t\t\t<\/div>\n\t\t<\/div>\n\t\t\t\t<div class=\"elementor-column elementor-col-50 elementor-inner-column elementor-element elementor-element-98afef8\" data-id=\"98afef8\" data-element_type=\"column\">\n\t\t\t<div class=\"elementor-widget-wrap elementor-element-populated\">\n\t\t\t\t\t\t<div class=\"elementor-element elementor-element-5b112c1 elementor-widget elementor-widget-image\" data-id=\"5b112c1\" data-element_type=\"widget\" data-widget_type=\"image.default\">\n\t\t\t\t<div class=\"elementor-widget-container\">\n\t\t\t\t\t\t\t\t\t\t\t\t\t\t\t<img loading=\"lazy\" decoding=\"async\" width=\"768\" height=\"1152\" src=\"https:\/\/promusicakrosno.pl\/wp-content\/uploads\/2022\/05\/2022.05.22_8-768x1152.jpg\" class=\"attachment-medium_large size-medium_large wp-image-1316\" alt=\"\" srcset=\"https:\/\/promusicakrosno.pl\/wp-content\/uploads\/2022\/05\/2022.05.22_8-768x1152.jpg 768w, https:\/\/promusicakrosno.pl\/wp-content\/uploads\/2022\/05\/2022.05.22_8-200x300.jpg 200w, https:\/\/promusicakrosno.pl\/wp-content\/uploads\/2022\/05\/2022.05.22_8-683x1024.jpg 683w, https:\/\/promusicakrosno.pl\/wp-content\/uploads\/2022\/05\/2022.05.22_8-1024x1536.jpg 1024w, https:\/\/promusicakrosno.pl\/wp-content\/uploads\/2022\/05\/2022.05.22_8-1365x2048.jpg 1365w, https:\/\/promusicakrosno.pl\/wp-content\/uploads\/2022\/05\/2022.05.22_8-scaled.jpg 1707w\" sizes=\"(max-width: 768px) 100vw, 768px\" \/>\t\t\t\t\t\t\t\t\t\t\t\t\t\t\t<\/div>\n\t\t\t\t<\/div>\n\t\t\t\t\t<\/div>\n\t\t<\/div>\n\t\t\t\t\t<\/div>\n\t\t<\/section>\n\t\t\t\t<div class=\"elementor-element elementor-element-98b6f06 elementor-widget elementor-widget-text-editor\" data-id=\"98b6f06\" data-element_type=\"widget\" data-widget_type=\"text-editor.default\">\n\t\t\t\t<div class=\"elementor-widget-container\">\n\t\t\t\t\t\t\t\t\t<p>Pierwsz\u0105 klasyczn\u0105 cz\u0119\u015b\u0107 koncertu zamkn\u0105\u0142 duet wokalny Wiktoria Stefanik i Anna Teneta utworem: \u201eMamo Ty\u015b p\u0142aka\u0142a\u201d \u2013 solidarni z Ukrain\u0105.<\/p>\t\t\t\t\t\t\t\t<\/div>\n\t\t\t\t<\/div>\n\t\t\t\t<div class=\"elementor-element elementor-element-8909c00 elementor-widget elementor-widget-image\" data-id=\"8909c00\" data-element_type=\"widget\" data-widget_type=\"image.default\">\n\t\t\t\t<div class=\"elementor-widget-container\">\n\t\t\t\t\t\t\t\t\t\t\t\t\t\t\t<img loading=\"lazy\" decoding=\"async\" width=\"1024\" height=\"565\" src=\"https:\/\/promusicakrosno.pl\/wp-content\/uploads\/2022\/05\/2022.05.22_14-1024x565.jpg\" class=\"attachment-large size-large wp-image-1322\" alt=\"\" srcset=\"https:\/\/promusicakrosno.pl\/wp-content\/uploads\/2022\/05\/2022.05.22_14-1024x565.jpg 1024w, https:\/\/promusicakrosno.pl\/wp-content\/uploads\/2022\/05\/2022.05.22_14-300x166.jpg 300w, https:\/\/promusicakrosno.pl\/wp-content\/uploads\/2022\/05\/2022.05.22_14-768x424.jpg 768w, https:\/\/promusicakrosno.pl\/wp-content\/uploads\/2022\/05\/2022.05.22_14-1536x848.jpg 1536w, https:\/\/promusicakrosno.pl\/wp-content\/uploads\/2022\/05\/2022.05.22_14-2048x1131.jpg 2048w\" sizes=\"(max-width: 1024px) 100vw, 1024px\" \/>\t\t\t\t\t\t\t\t\t\t\t\t\t\t\t<\/div>\n\t\t\t\t<\/div>\n\t\t\t\t<div class=\"elementor-element elementor-element-9b6f799 elementor-widget elementor-widget-text-editor\" data-id=\"9b6f799\" data-element_type=\"widget\" data-widget_type=\"text-editor.default\">\n\t\t\t\t<div class=\"elementor-widget-container\">\n\t\t\t\t\t\t\t\t\t<p>Zazwyczaj cz\u0119\u015b\u0107 II koncert\u00f3w organizowanych przez Prywatn\u0105 Szko\u0142\u0119 Muzyczn\u0105 Pro Musica przybiera bardziej rozrywkowy charakter. Tak by\u0142o r\u00f3wnie\u017c w tym przypadku. Zabrzmia\u0142y zespo\u0142y wokalne przygotowane przez Aleksandr\u0119 Blicharczyk, pojawi\u0142y si\u0119 zespo\u0142y taneczne, grupy baletowe przygotowane przez Ann\u0119 K\u0142apkowsk\u0105 \u00a0oraz najm\u0142odsze dzieci przygotowane przez\u00a0 Ma\u0142gorzat\u0119 Pelczar.<\/p><p>Zabrzmia\u0142y utwory \u201eBille Jean\u201d , \u201eDrzwi do kariery\u201d, \u201eHopelessly devoted to you\u201d, \u201ePogoda ducha\u201d,<\/p><p>\u201eI wonna dance with somebody\u201d, \u201eWie\u017ca Babel\u201d, \u201eNim zga\u015bnie dzie\u0144\u201d<\/p><p>a ich wykonawczyniami by\u0142y:<\/p><p>Antonina Urbanek, Anna Teneta, Julia Pelczar, Wiktoria Stefanik,<\/p><p>Zuzia M\u0171nzberger-G\u0105bka i Antonina Zajdel<\/p><p>MA\u0141Y ZESP\u00d3\u0141 WOKALNY w sk\u0142adzie: Emilia Urbanek, Alicja Janas, Zuzanna Jucha, Natalia Winnicka, Milena Jastrz\u0105b.<\/p>\t\t\t\t\t\t\t\t<\/div>\n\t\t\t\t<\/div>\n\t\t\t\t<div class=\"elementor-element elementor-element-49a699c elementor-arrows-position-inside elementor-pagination-position-outside elementor-widget elementor-widget-image-carousel\" data-id=\"49a699c\" data-element_type=\"widget\" data-settings=\"{&quot;navigation&quot;:&quot;both&quot;,&quot;autoplay&quot;:&quot;yes&quot;,&quot;pause_on_hover&quot;:&quot;yes&quot;,&quot;pause_on_interaction&quot;:&quot;yes&quot;,&quot;autoplay_speed&quot;:5000,&quot;infinite&quot;:&quot;yes&quot;,&quot;speed&quot;:500}\" data-widget_type=\"image-carousel.default\">\n\t\t\t\t<div class=\"elementor-widget-container\">\n\t\t\t\t\t\t\t<div class=\"elementor-image-carousel-wrapper swiper\" role=\"region\" aria-roledescription=\"carousel\" aria-label=\"Karuzela obrazk\u00f3w\" dir=\"ltr\">\n\t\t\t<div class=\"elementor-image-carousel swiper-wrapper\" aria-live=\"off\">\n\t\t\t\t\t\t\t\t<div class=\"swiper-slide\" role=\"group\" aria-roledescription=\"slide\" aria-label=\"1 z 6\"><figure class=\"swiper-slide-inner\"><img decoding=\"async\" class=\"swiper-slide-image\" src=\"https:\/\/promusicakrosno.pl\/wp-content\/uploads\/2022\/05\/IMG_4991-768x498.jpg\" alt=\"IMG_4991\" \/><\/figure><\/div><div class=\"swiper-slide\" role=\"group\" aria-roledescription=\"slide\" aria-label=\"2 z 6\"><figure class=\"swiper-slide-inner\"><img decoding=\"async\" class=\"swiper-slide-image\" src=\"https:\/\/promusicakrosno.pl\/wp-content\/uploads\/2022\/05\/2022.05.22_21-768x448.jpg\" alt=\"2022.05.22_21\" \/><\/figure><\/div><div class=\"swiper-slide\" role=\"group\" aria-roledescription=\"slide\" aria-label=\"3 z 6\"><figure class=\"swiper-slide-inner\"><img decoding=\"async\" class=\"swiper-slide-image\" src=\"https:\/\/promusicakrosno.pl\/wp-content\/uploads\/2022\/05\/2022.05.22_15-768x354.jpg\" alt=\"2022.05.22_15\" \/><\/figure><\/div><div class=\"swiper-slide\" role=\"group\" aria-roledescription=\"slide\" aria-label=\"4 z 6\"><figure class=\"swiper-slide-inner\"><img decoding=\"async\" class=\"swiper-slide-image\" src=\"https:\/\/promusicakrosno.pl\/wp-content\/uploads\/2022\/05\/2022.05.22_13-768x513.jpg\" alt=\"2022.05.22_13\" \/><\/figure><\/div><div class=\"swiper-slide\" role=\"group\" aria-roledescription=\"slide\" aria-label=\"5 z 6\"><figure class=\"swiper-slide-inner\"><img decoding=\"async\" class=\"swiper-slide-image\" src=\"https:\/\/promusicakrosno.pl\/wp-content\/uploads\/2022\/05\/2022.05.22_12-768x513.jpg\" alt=\"2022.05.22_12\" \/><\/figure><\/div><div class=\"swiper-slide\" role=\"group\" aria-roledescription=\"slide\" aria-label=\"6 z 6\"><figure class=\"swiper-slide-inner\"><img decoding=\"async\" class=\"swiper-slide-image\" src=\"https:\/\/promusicakrosno.pl\/wp-content\/uploads\/2022\/05\/2022.05.22_11-768x513.jpg\" alt=\"2022.05.22_11\" \/><\/figure><\/div>\t\t\t<\/div>\n\t\t\t\t\t\t\t\t\t\t\t\t<div class=\"elementor-swiper-button elementor-swiper-button-prev\" role=\"button\" tabindex=\"0\">\n\t\t\t\t\t\t<i aria-hidden=\"true\" class=\"eicon-chevron-left\"><\/i>\t\t\t\t\t<\/div>\n\t\t\t\t\t<div class=\"elementor-swiper-button elementor-swiper-button-next\" role=\"button\" tabindex=\"0\">\n\t\t\t\t\t\t<i aria-hidden=\"true\" class=\"eicon-chevron-right\"><\/i>\t\t\t\t\t<\/div>\n\t\t\t\t\n\t\t\t\t\t\t\t\t\t<div class=\"swiper-pagination\"><\/div>\n\t\t\t\t\t\t\t\t\t<\/div>\n\t\t\t\t\t\t<\/div>\n\t\t\t\t<\/div>\n\t\t\t\t<div class=\"elementor-element elementor-element-e21e117 elementor-arrows-position-inside elementor-pagination-position-outside elementor-widget elementor-widget-image-carousel\" data-id=\"e21e117\" data-element_type=\"widget\" data-settings=\"{&quot;navigation&quot;:&quot;both&quot;,&quot;autoplay&quot;:&quot;yes&quot;,&quot;pause_on_hover&quot;:&quot;yes&quot;,&quot;pause_on_interaction&quot;:&quot;yes&quot;,&quot;autoplay_speed&quot;:5000,&quot;infinite&quot;:&quot;yes&quot;,&quot;speed&quot;:500}\" data-widget_type=\"image-carousel.default\">\n\t\t\t\t<div class=\"elementor-widget-container\">\n\t\t\t\t\t\t\t<div class=\"elementor-image-carousel-wrapper swiper\" role=\"region\" aria-roledescription=\"carousel\" aria-label=\"Karuzela obrazk\u00f3w\" dir=\"ltr\">\n\t\t\t<div class=\"elementor-image-carousel swiper-wrapper\" aria-live=\"off\">\n\t\t\t\t\t\t\t\t<div class=\"swiper-slide\" role=\"group\" aria-roledescription=\"slide\" aria-label=\"1 z 4\"><figure class=\"swiper-slide-inner\"><img decoding=\"async\" class=\"swiper-slide-image\" src=\"https:\/\/promusicakrosno.pl\/wp-content\/uploads\/2022\/05\/2022.05.22_20-768x1152.jpg\" alt=\"2022.05.22_20\" \/><\/figure><\/div><div class=\"swiper-slide\" role=\"group\" aria-roledescription=\"slide\" aria-label=\"2 z 4\"><figure class=\"swiper-slide-inner\"><img decoding=\"async\" class=\"swiper-slide-image\" src=\"https:\/\/promusicakrosno.pl\/wp-content\/uploads\/2022\/05\/2022.05.22_19-768x784.jpg\" alt=\"2022.05.22_19\" \/><\/figure><\/div><div class=\"swiper-slide\" role=\"group\" aria-roledescription=\"slide\" aria-label=\"3 z 4\"><figure class=\"swiper-slide-inner\"><img decoding=\"async\" class=\"swiper-slide-image\" src=\"https:\/\/promusicakrosno.pl\/wp-content\/uploads\/2022\/05\/2022.05.22_18-768x750.jpg\" alt=\"2022.05.22_18\" \/><\/figure><\/div><div class=\"swiper-slide\" role=\"group\" aria-roledescription=\"slide\" aria-label=\"4 z 4\"><figure class=\"swiper-slide-inner\"><img decoding=\"async\" class=\"swiper-slide-image\" src=\"https:\/\/promusicakrosno.pl\/wp-content\/uploads\/2022\/05\/2022.05.22_17-768x872.jpg\" alt=\"2022.05.22_17\" \/><\/figure><\/div>\t\t\t<\/div>\n\t\t\t\t\t\t\t\t\t\t\t\t<div class=\"elementor-swiper-button elementor-swiper-button-prev\" role=\"button\" tabindex=\"0\">\n\t\t\t\t\t\t<i aria-hidden=\"true\" class=\"eicon-chevron-left\"><\/i>\t\t\t\t\t<\/div>\n\t\t\t\t\t<div class=\"elementor-swiper-button elementor-swiper-button-next\" role=\"button\" tabindex=\"0\">\n\t\t\t\t\t\t<i aria-hidden=\"true\" class=\"eicon-chevron-right\"><\/i>\t\t\t\t\t<\/div>\n\t\t\t\t\n\t\t\t\t\t\t\t\t\t<div class=\"swiper-pagination\"><\/div>\n\t\t\t\t\t\t\t\t\t<\/div>\n\t\t\t\t\t\t<\/div>\n\t\t\t\t<\/div>\n\t\t\t\t<div class=\"elementor-element elementor-element-a4111f3 elementor-widget elementor-widget-text-editor\" data-id=\"a4111f3\" data-element_type=\"widget\" data-widget_type=\"text-editor.default\">\n\t\t\t\t<div class=\"elementor-widget-container\">\n\t\t\t\t\t\t\t\t\t<p>Koncert poprowadzi\u0142 Franciszek Gradus.<\/p>\t\t\t\t\t\t\t\t<\/div>\n\t\t\t\t<\/div>\n\t\t\t\t<div class=\"elementor-element elementor-element-28be8e9 elementor-widget elementor-widget-image\" data-id=\"28be8e9\" data-element_type=\"widget\" data-widget_type=\"image.default\">\n\t\t\t\t<div class=\"elementor-widget-container\">\n\t\t\t\t\t\t\t\t\t\t\t\t\t\t\t<img loading=\"lazy\" decoding=\"async\" width=\"768\" height=\"512\" src=\"https:\/\/promusicakrosno.pl\/wp-content\/uploads\/2022\/05\/2022.05.22_24-768x512.jpg\" class=\"attachment-medium_large size-medium_large wp-image-1331\" alt=\"\" srcset=\"https:\/\/promusicakrosno.pl\/wp-content\/uploads\/2022\/05\/2022.05.22_24-768x512.jpg 768w, https:\/\/promusicakrosno.pl\/wp-content\/uploads\/2022\/05\/2022.05.22_24-300x200.jpg 300w, https:\/\/promusicakrosno.pl\/wp-content\/uploads\/2022\/05\/2022.05.22_24-1024x683.jpg 1024w, https:\/\/promusicakrosno.pl\/wp-content\/uploads\/2022\/05\/2022.05.22_24-1536x1024.jpg 1536w, https:\/\/promusicakrosno.pl\/wp-content\/uploads\/2022\/05\/2022.05.22_24-2048x1365.jpg 2048w\" sizes=\"(max-width: 768px) 100vw, 768px\" \/>\t\t\t\t\t\t\t\t\t\t\t\t\t\t\t<\/div>\n\t\t\t\t<\/div>\n\t\t\t\t<div class=\"elementor-element elementor-element-1f9c86a elementor-widget elementor-widget-text-editor\" data-id=\"1f9c86a\" data-element_type=\"widget\" data-widget_type=\"text-editor.default\">\n\t\t\t\t<div class=\"elementor-widget-container\">\n\t\t\t\t\t\t\t\t\t<p>Pe\u0142ne kolor\u00f3w i wyraziste stroje przygotowa\u0142a Dorota W\u00f3jcik.<\/p><p>Ca\u0142o\u015b\u0107 koncertu wyre\u017cyserowa\u0142a i koordynowa\u0142a Anna M\u0171nzberger wraz z nieocenion\u0105 pomoc\u0105 grona nauczycieli Prywatnej Szko\u0142y Muzycznej Pro Musica w Kro\u015bnie.<\/p><p>Zapraszamy na nasze koncerty oraz do nauki w naszej szkole!<\/p>\t\t\t\t\t\t\t\t<\/div>\n\t\t\t\t<\/div>\n\t\t\t\t<div class=\"elementor-element elementor-element-b15bbd9 elementor-widget elementor-widget-text-editor\" data-id=\"b15bbd9\" data-element_type=\"widget\" data-widget_type=\"text-editor.default\">\n\t\t\t\t<div class=\"elementor-widget-container\">\n\t\t\t\t\t\t\t\t\t<p>Fotografie z koncertu: <strong>Smyka Fotografia<\/strong> oraz <strong>Wac\u0142aw Turek<\/strong><\/p>\t\t\t\t\t\t\t\t<\/div>\n\t\t\t\t<\/div>\n\t\t\t\t<div class=\"elementor-element elementor-element-d7d678e elementor-widget-divider--view-line_icon elementor-view-default elementor-widget-divider--element-align-center elementor-widget elementor-widget-divider\" data-id=\"d7d678e\" data-element_type=\"widget\" data-widget_type=\"divider.default\">\n\t\t\t\t<div class=\"elementor-widget-container\">\n\t\t\t\t\t\t\t<div class=\"elementor-divider\">\n\t\t\t<span class=\"elementor-divider-separator\">\n\t\t\t\t\t\t\t<div class=\"elementor-icon elementor-divider__element\">\n\t\t\t\t\t<svg xmlns=\"http:\/\/www.w3.org\/2000\/svg\" viewBox=\"0 0 24 24\"><path d=\"M21.65,2.24a1,1,0,0,0-.8-.23l-13,2A1,1,0,0,0,7,5V15.35A3.45,3.45,0,0,0,5.5,15,3.5,3.5,0,1,0,9,18.5V10.86L20,9.17v4.18A3.45,3.45,0,0,0,18.5,13,3.5,3.5,0,1,0,22,16.5V3A1,1,0,0,0,21.65,2.24ZM5.5,20A1.5,1.5,0,1,1,7,18.5,1.5,1.5,0,0,1,5.5,20Zm13-2A1.5,1.5,0,1,1,20,16.5,1.5,1.5,0,0,1,18.5,18ZM20,7.14,9,8.83v-3L20,4.17Z\"><\/path><\/svg><\/div>\n\t\t\t\t\t\t<\/span>\n\t\t<\/div>\n\t\t\t\t\t\t<\/div>\n\t\t\t\t<\/div>\n\t\t\t\t<div class=\"elementor-element elementor-element-de1a0ca elementor-align-center elementor-widget elementor-widget-button\" data-id=\"de1a0ca\" data-element_type=\"widget\" data-widget_type=\"button.default\">\n\t\t\t\t<div class=\"elementor-widget-container\">\n\t\t\t\t\t\t\t\t\t<div class=\"elementor-button-wrapper\">\n\t\t\t\t\t<a class=\"elementor-button elementor-button-link elementor-size-sm\" href=\"https:\/\/www.promusicakrosno.pl\/index.php\/aktualnosci\/\">\n\t\t\t\t\t\t<span class=\"elementor-button-content-wrapper\">\n\t\t\t\t\t\t\t\t\t<span class=\"elementor-button-text\">wr\u00f3\u0107<\/span>\n\t\t\t\t\t<\/span>\n\t\t\t\t\t<\/a>\n\t\t\t\t<\/div>\n\t\t\t\t\t\t\t\t<\/div>\n\t\t\t\t<\/div>\n\t\t\t\t<div class=\"elementor-element elementor-element-ca16b74 elementor-widget elementor-widget-spacer\" data-id=\"ca16b74\" data-element_type=\"widget\" data-widget_type=\"spacer.default\">\n\t\t\t\t<div class=\"elementor-widget-container\">\n\t\t\t\t\t\t\t<div class=\"elementor-spacer\">\n\t\t\t<div class=\"elementor-spacer-inner\"><\/div>\n\t\t<\/div>\n\t\t\t\t\t\t<\/div>\n\t\t\t\t<\/div>\n\t\t\t\t\t<\/div>\n\t\t<\/div>\n\t\t\t\t\t<\/div>\n\t\t<\/section>\n\t\t\t\t<section class=\"elementor-section elementor-top-section elementor-element elementor-element-9fe9399 elementor-section-boxed elementor-section-height-default elementor-section-height-default\" data-id=\"9fe9399\" data-element_type=\"section\" data-settings=\"{&quot;background_background&quot;:&quot;classic&quot;}\">\n\t\t\t\t\t\t\t<div class=\"elementor-background-overlay\"><\/div>\n\t\t\t\t\t\t\t<div class=\"elementor-container elementor-column-gap-no\">\n\t\t\t\t\t<div class=\"elementor-column elementor-col-100 elementor-top-column elementor-element elementor-element-039fd49\" data-id=\"039fd49\" data-element_type=\"column\">\n\t\t\t<div class=\"elementor-widget-wrap elementor-element-populated\">\n\t\t\t\t\t\t<div class=\"elementor-element elementor-element-bfb91e4 elementor-widget elementor-widget-heading\" data-id=\"bfb91e4\" data-element_type=\"widget\" data-widget_type=\"heading.default\">\n\t\t\t\t<div class=\"elementor-widget-container\">\n\t\t\t\t\t<h2 class=\"elementor-heading-title elementor-size-default\">pro musica<\/h2>\t\t\t\t<\/div>\n\t\t\t\t<\/div>\n\t\t\t\t<div class=\"elementor-element elementor-element-26ec901 elementor-widget elementor-widget-text-editor\" data-id=\"26ec901\" data-element_type=\"widget\" data-widget_type=\"text-editor.default\">\n\t\t\t\t<div class=\"elementor-widget-container\">\n\t\t\t\t\t\t\t\t\t<p style=\"text-align: center;\">est\u00a0 1989<\/p>\t\t\t\t\t\t\t\t<\/div>\n\t\t\t\t<\/div>\n\t\t\t\t<div class=\"elementor-element elementor-element-f9c12ae elementor-widget-mobile__width-inherit elementor-align-center elementor-widget elementor-widget-button\" data-id=\"f9c12ae\" data-element_type=\"widget\" data-widget_type=\"button.default\">\n\t\t\t\t<div class=\"elementor-widget-container\">\n\t\t\t\t\t\t\t\t\t<div class=\"elementor-button-wrapper\">\n\t\t\t\t\t<a class=\"elementor-button elementor-button-link elementor-size-sm\" href=\"#\">\n\t\t\t\t\t\t<span class=\"elementor-button-content-wrapper\">\n\t\t\t\t\t\t\t\t\t<span class=\"elementor-button-text\">przewi\u0144 w g\u00f3r\u0119<\/span>\n\t\t\t\t\t<\/span>\n\t\t\t\t\t<\/a>\n\t\t\t\t<\/div>\n\t\t\t\t\t\t\t\t<\/div>\n\t\t\t\t<\/div>\n\t\t\t\t\t<\/div>\n\t\t<\/div>\n\t\t\t\t\t<\/div>\n\t\t<\/section>\n\t\t\t\t<\/div>\n\t\t","protected":false},"excerpt":{"rendered":"<p>\u201eJeste\u015bmy cz\u0119\u015bci\u0105 \u015bwiata\u201d Poprzednie Nast\u0119pne 22 maja 2022r. Prywatna Szko\u0142a Muzyczna Pro Musica w Kro\u015bnie po niemal\u00a0 dwuletniej przerwie spowodowanej obostrzeniami sanitarnymi powr\u00f3ci\u0142a do kilkudziesi\u0119cioletniej tradycji koncertowania przed szerok\u0105 publiczno\u015bci\u0105 w Kro\u015bnie. Dwudziesty dziewi\u0105ty\u00a0 ju\u017c koncert z okazji Dnia Matki odby\u0142 si\u0119 jak zwykle w najwi\u0119kszej sali koncertowej miasta przy wsp\u00f3\u0142udziale Urz\u0119du Miasta Krosna oraz [&hellip;]<\/p>\n","protected":false},"author":1,"featured_media":0,"parent":0,"menu_order":0,"comment_status":"closed","ping_status":"closed","template":"","meta":{"site-sidebar-layout":"no-sidebar","site-content-layout":"page-builder","ast-site-content-layout":"","site-content-style":"default","site-sidebar-style":"default","ast-global-header-display":"","ast-banner-title-visibility":"","ast-main-header-display":"","ast-hfb-above-header-display":"","ast-hfb-below-header-display":"","ast-hfb-mobile-header-display":"","site-post-title":"disabled","ast-breadcrumbs-content":"","ast-featured-img":"disabled","footer-sml-layout":"","theme-transparent-header-meta":"enabled","adv-header-id-meta":"","stick-header-meta":"","header-above-stick-meta":"","header-main-stick-meta":"","header-below-stick-meta":"","astra-migrate-meta-layouts":"default","ast-page-background-enabled":"default","ast-page-background-meta":{"desktop":{"background-color":"","background-image":"","background-repeat":"repeat","background-position":"center center","background-size":"auto","background-attachment":"scroll","background-type":"","background-media":"","overlay-type":"","overlay-color":"","overlay-opacity":"","overlay-gradient":""},"tablet":{"background-color":"","background-image":"","background-repeat":"repeat","background-position":"center center","background-size":"auto","background-attachment":"scroll","background-type":"","background-media":"","overlay-type":"","overlay-color":"","overlay-opacity":"","overlay-gradient":""},"mobile":{"background-color":"","background-image":"","background-repeat":"repeat","background-position":"center center","background-size":"auto","background-attachment":"scroll","background-type":"","background-media":"","overlay-type":"","overlay-color":"","overlay-opacity":"","overlay-gradient":""}},"ast-content-background-meta":{"desktop":{"background-color":"var(--ast-global-color-5)","background-image":"","background-repeat":"repeat","background-position":"center center","background-size":"auto","background-attachment":"scroll","background-type":"","background-media":"","overlay-type":"","overlay-color":"","overlay-opacity":"","overlay-gradient":""},"tablet":{"background-color":"var(--ast-global-color-5)","background-image":"","background-repeat":"repeat","background-position":"center center","background-size":"auto","background-attachment":"scroll","background-type":"","background-media":"","overlay-type":"","overlay-color":"","overlay-opacity":"","overlay-gradient":""},"mobile":{"background-color":"var(--ast-global-color-5)","background-image":"","background-repeat":"repeat","background-position":"center center","background-size":"auto","background-attachment":"scroll","background-type":"","background-media":"","overlay-type":"","overlay-color":"","overlay-opacity":"","overlay-gradient":""}},"footnotes":""},"folder":[],"class_list":["post-1510","page","type-page","status-publish","hentry"],"yoast_head":"<!-- This site is optimized with the Yoast SEO plugin v26.6 - https:\/\/yoast.com\/wordpress\/plugins\/seo\/ -->\n<title>XXIX Koncert z okazji Dnia Matki - Szko\u0142a Muzyczna Krosno<\/title>\n<meta name=\"description\" content=\"Prywatna Szko\u0142a Muzyczna Pro Musica I i II stopnia w Kro\u015bnie. Studium wokalno-instrumentalne i zaj\u0119cia artystyczne dla najm\u0142odszych\" \/>\n<meta name=\"robots\" content=\"index, follow, max-snippet:-1, max-image-preview:large, max-video-preview:-1\" \/>\n<link rel=\"canonical\" href=\"https:\/\/promusicakrosno.pl\/index.php\/xxix-koncert-z-okazji-dnia-matki\/\" \/>\n<meta property=\"og:locale\" content=\"pl_PL\" \/>\n<meta property=\"og:type\" content=\"article\" \/>\n<meta property=\"og:title\" content=\"XXIX Koncert z okazji Dnia Matki - Szko\u0142a Muzyczna Krosno\" \/>\n<meta property=\"og:description\" content=\"Prywatna Szko\u0142a Muzyczna Pro Musica I i II stopnia w Kro\u015bnie. Studium wokalno-instrumentalne i zaj\u0119cia artystyczne dla najm\u0142odszych\" \/>\n<meta property=\"og:url\" content=\"https:\/\/promusicakrosno.pl\/index.php\/xxix-koncert-z-okazji-dnia-matki\/\" \/>\n<meta property=\"og:site_name\" content=\"Szko\u0142a Muzyczna Krosno\" \/>\n<meta property=\"article:modified_time\" content=\"2022-07-06T17:34:04+00:00\" \/>\n<meta property=\"og:image\" content=\"https:\/\/www.promusicakrosno.pl\/wp-content\/uploads\/2022\/05\/2022.05.22_27-768x513.jpg\" \/>\n<meta name=\"twitter:card\" content=\"summary_large_image\" \/>\n<meta name=\"twitter:label1\" content=\"Szacowany czas czytania\" \/>\n\t<meta name=\"twitter:data1\" content=\"3 minuty\" \/>\n<script type=\"application\/ld+json\" class=\"yoast-schema-graph\">{\"@context\":\"https:\/\/schema.org\",\"@graph\":[{\"@type\":\"WebPage\",\"@id\":\"https:\/\/promusicakrosno.pl\/index.php\/xxix-koncert-z-okazji-dnia-matki\/\",\"url\":\"https:\/\/promusicakrosno.pl\/index.php\/xxix-koncert-z-okazji-dnia-matki\/\",\"name\":\"XXIX Koncert z okazji Dnia Matki - Szko\u0142a Muzyczna Krosno\",\"isPartOf\":{\"@id\":\"https:\/\/promusicakrosno.pl\/#website\"},\"primaryImageOfPage\":{\"@id\":\"https:\/\/promusicakrosno.pl\/index.php\/xxix-koncert-z-okazji-dnia-matki\/#primaryimage\"},\"image\":{\"@id\":\"https:\/\/promusicakrosno.pl\/index.php\/xxix-koncert-z-okazji-dnia-matki\/#primaryimage\"},\"thumbnailUrl\":\"https:\/\/www.promusicakrosno.pl\/wp-content\/uploads\/2022\/05\/2022.05.22_27-768x513.jpg\",\"datePublished\":\"2022-07-03T14:37:30+00:00\",\"dateModified\":\"2022-07-06T17:34:04+00:00\",\"description\":\"Prywatna Szko\u0142a Muzyczna Pro Musica I i II stopnia w Kro\u015bnie. Studium wokalno-instrumentalne i zaj\u0119cia artystyczne dla najm\u0142odszych\",\"breadcrumb\":{\"@id\":\"https:\/\/promusicakrosno.pl\/index.php\/xxix-koncert-z-okazji-dnia-matki\/#breadcrumb\"},\"inLanguage\":\"pl-PL\",\"potentialAction\":[{\"@type\":\"ReadAction\",\"target\":[\"https:\/\/promusicakrosno.pl\/index.php\/xxix-koncert-z-okazji-dnia-matki\/\"]}]},{\"@type\":\"ImageObject\",\"inLanguage\":\"pl-PL\",\"@id\":\"https:\/\/promusicakrosno.pl\/index.php\/xxix-koncert-z-okazji-dnia-matki\/#primaryimage\",\"url\":\"https:\/\/www.promusicakrosno.pl\/wp-content\/uploads\/2022\/05\/2022.05.22_27-768x513.jpg\",\"contentUrl\":\"https:\/\/www.promusicakrosno.pl\/wp-content\/uploads\/2022\/05\/2022.05.22_27-768x513.jpg\"},{\"@type\":\"BreadcrumbList\",\"@id\":\"https:\/\/promusicakrosno.pl\/index.php\/xxix-koncert-z-okazji-dnia-matki\/#breadcrumb\",\"itemListElement\":[{\"@type\":\"ListItem\",\"position\":1,\"name\":\"Strona g\u0142\u00f3wna\",\"item\":\"https:\/\/promusicakrosno.pl\/\"},{\"@type\":\"ListItem\",\"position\":2,\"name\":\"XXIX Koncert z okazji Dnia Matki\"}]},{\"@type\":\"WebSite\",\"@id\":\"https:\/\/promusicakrosno.pl\/#website\",\"url\":\"https:\/\/promusicakrosno.pl\/\",\"name\":\"Szko\u0142a Muzyczna Krosno\",\"description\":\"Pro Musica\",\"publisher\":{\"@id\":\"https:\/\/promusicakrosno.pl\/#organization\"},\"potentialAction\":[{\"@type\":\"SearchAction\",\"target\":{\"@type\":\"EntryPoint\",\"urlTemplate\":\"https:\/\/promusicakrosno.pl\/?s={search_term_string}\"},\"query-input\":{\"@type\":\"PropertyValueSpecification\",\"valueRequired\":true,\"valueName\":\"search_term_string\"}}],\"inLanguage\":\"pl-PL\"},{\"@type\":\"Organization\",\"@id\":\"https:\/\/promusicakrosno.pl\/#organization\",\"name\":\"Szko\u0142a Muzyczna Krosno\",\"url\":\"https:\/\/promusicakrosno.pl\/\",\"logo\":{\"@type\":\"ImageObject\",\"inLanguage\":\"pl-PL\",\"@id\":\"https:\/\/promusicakrosno.pl\/#\/schema\/logo\/image\/\",\"url\":\"https:\/\/promusicakrosno.pl\/wp-content\/uploads\/2022\/02\/logo_png_bez_tla.png\",\"contentUrl\":\"https:\/\/promusicakrosno.pl\/wp-content\/uploads\/2022\/02\/logo_png_bez_tla.png\",\"width\":271,\"height\":159,\"caption\":\"Szko\u0142a Muzyczna Krosno\"},\"image\":{\"@id\":\"https:\/\/promusicakrosno.pl\/#\/schema\/logo\/image\/\"}}]}<\/script>\n<!-- \/ Yoast SEO plugin. -->","yoast_head_json":{"title":"XXIX Koncert z okazji Dnia Matki - Szko\u0142a Muzyczna Krosno","description":"Prywatna Szko\u0142a Muzyczna Pro Musica I i II stopnia w Kro\u015bnie. Studium wokalno-instrumentalne i zaj\u0119cia artystyczne dla najm\u0142odszych","robots":{"index":"index","follow":"follow","max-snippet":"max-snippet:-1","max-image-preview":"max-image-preview:large","max-video-preview":"max-video-preview:-1"},"canonical":"https:\/\/promusicakrosno.pl\/index.php\/xxix-koncert-z-okazji-dnia-matki\/","og_locale":"pl_PL","og_type":"article","og_title":"XXIX Koncert z okazji Dnia Matki - Szko\u0142a Muzyczna Krosno","og_description":"Prywatna Szko\u0142a Muzyczna Pro Musica I i II stopnia w Kro\u015bnie. Studium wokalno-instrumentalne i zaj\u0119cia artystyczne dla najm\u0142odszych","og_url":"https:\/\/promusicakrosno.pl\/index.php\/xxix-koncert-z-okazji-dnia-matki\/","og_site_name":"Szko\u0142a Muzyczna Krosno","article_modified_time":"2022-07-06T17:34:04+00:00","og_image":[{"url":"https:\/\/www.promusicakrosno.pl\/wp-content\/uploads\/2022\/05\/2022.05.22_27-768x513.jpg","type":"","width":"","height":""}],"twitter_card":"summary_large_image","twitter_misc":{"Szacowany czas czytania":"3 minuty"},"schema":{"@context":"https:\/\/schema.org","@graph":[{"@type":"WebPage","@id":"https:\/\/promusicakrosno.pl\/index.php\/xxix-koncert-z-okazji-dnia-matki\/","url":"https:\/\/promusicakrosno.pl\/index.php\/xxix-koncert-z-okazji-dnia-matki\/","name":"XXIX Koncert z okazji Dnia Matki - Szko\u0142a Muzyczna Krosno","isPartOf":{"@id":"https:\/\/promusicakrosno.pl\/#website"},"primaryImageOfPage":{"@id":"https:\/\/promusicakrosno.pl\/index.php\/xxix-koncert-z-okazji-dnia-matki\/#primaryimage"},"image":{"@id":"https:\/\/promusicakrosno.pl\/index.php\/xxix-koncert-z-okazji-dnia-matki\/#primaryimage"},"thumbnailUrl":"https:\/\/www.promusicakrosno.pl\/wp-content\/uploads\/2022\/05\/2022.05.22_27-768x513.jpg","datePublished":"2022-07-03T14:37:30+00:00","dateModified":"2022-07-06T17:34:04+00:00","description":"Prywatna Szko\u0142a Muzyczna Pro Musica I i II stopnia w Kro\u015bnie. Studium wokalno-instrumentalne i zaj\u0119cia artystyczne dla najm\u0142odszych","breadcrumb":{"@id":"https:\/\/promusicakrosno.pl\/index.php\/xxix-koncert-z-okazji-dnia-matki\/#breadcrumb"},"inLanguage":"pl-PL","potentialAction":[{"@type":"ReadAction","target":["https:\/\/promusicakrosno.pl\/index.php\/xxix-koncert-z-okazji-dnia-matki\/"]}]},{"@type":"ImageObject","inLanguage":"pl-PL","@id":"https:\/\/promusicakrosno.pl\/index.php\/xxix-koncert-z-okazji-dnia-matki\/#primaryimage","url":"https:\/\/www.promusicakrosno.pl\/wp-content\/uploads\/2022\/05\/2022.05.22_27-768x513.jpg","contentUrl":"https:\/\/www.promusicakrosno.pl\/wp-content\/uploads\/2022\/05\/2022.05.22_27-768x513.jpg"},{"@type":"BreadcrumbList","@id":"https:\/\/promusicakrosno.pl\/index.php\/xxix-koncert-z-okazji-dnia-matki\/#breadcrumb","itemListElement":[{"@type":"ListItem","position":1,"name":"Strona g\u0142\u00f3wna","item":"https:\/\/promusicakrosno.pl\/"},{"@type":"ListItem","position":2,"name":"XXIX Koncert z okazji Dnia Matki"}]},{"@type":"WebSite","@id":"https:\/\/promusicakrosno.pl\/#website","url":"https:\/\/promusicakrosno.pl\/","name":"Szko\u0142a Muzyczna Krosno","description":"Pro Musica","publisher":{"@id":"https:\/\/promusicakrosno.pl\/#organization"},"potentialAction":[{"@type":"SearchAction","target":{"@type":"EntryPoint","urlTemplate":"https:\/\/promusicakrosno.pl\/?s={search_term_string}"},"query-input":{"@type":"PropertyValueSpecification","valueRequired":true,"valueName":"search_term_string"}}],"inLanguage":"pl-PL"},{"@type":"Organization","@id":"https:\/\/promusicakrosno.pl\/#organization","name":"Szko\u0142a Muzyczna Krosno","url":"https:\/\/promusicakrosno.pl\/","logo":{"@type":"ImageObject","inLanguage":"pl-PL","@id":"https:\/\/promusicakrosno.pl\/#\/schema\/logo\/image\/","url":"https:\/\/promusicakrosno.pl\/wp-content\/uploads\/2022\/02\/logo_png_bez_tla.png","contentUrl":"https:\/\/promusicakrosno.pl\/wp-content\/uploads\/2022\/02\/logo_png_bez_tla.png","width":271,"height":159,"caption":"Szko\u0142a Muzyczna Krosno"},"image":{"@id":"https:\/\/promusicakrosno.pl\/#\/schema\/logo\/image\/"}}]}},"_links":{"self":[{"href":"https:\/\/promusicakrosno.pl\/index.php\/wp-json\/wp\/v2\/pages\/1510","targetHints":{"allow":["GET"]}}],"collection":[{"href":"https:\/\/promusicakrosno.pl\/index.php\/wp-json\/wp\/v2\/pages"}],"about":[{"href":"https:\/\/promusicakrosno.pl\/index.php\/wp-json\/wp\/v2\/types\/page"}],"author":[{"embeddable":true,"href":"https:\/\/promusicakrosno.pl\/index.php\/wp-json\/wp\/v2\/users\/1"}],"replies":[{"embeddable":true,"href":"https:\/\/promusicakrosno.pl\/index.php\/wp-json\/wp\/v2\/comments?post=1510"}],"version-history":[{"count":31,"href":"https:\/\/promusicakrosno.pl\/index.php\/wp-json\/wp\/v2\/pages\/1510\/revisions"}],"predecessor-version":[{"id":1938,"href":"https:\/\/promusicakrosno.pl\/index.php\/wp-json\/wp\/v2\/pages\/1510\/revisions\/1938"}],"wp:attachment":[{"href":"https:\/\/promusicakrosno.pl\/index.php\/wp-json\/wp\/v2\/media?parent=1510"}],"wp:term":[{"taxonomy":"folder","embeddable":true,"href":"https:\/\/promusicakrosno.pl\/index.php\/wp-json\/wp\/v2\/folder?post=1510"}],"curies":[{"name":"wp","href":"https:\/\/api.w.org\/{rel}","templated":true}]}}