{"id":2402,"date":"2023-02-19T09:46:43","date_gmt":"2023-02-19T09:46:43","guid":{"rendered":"https:\/\/www.promusicakrosno.pl\/?page_id=2402"},"modified":"2023-08-26T14:20:12","modified_gmt":"2023-08-26T14:20:12","slug":"musical_dreams","status":"publish","type":"page","link":"https:\/\/promusicakrosno.pl\/index.php\/musical_dreams\/","title":{"rendered":"Musical Dreams"},"content":{"rendered":"\t\t<div data-elementor-type=\"wp-page\" data-elementor-id=\"2402\" class=\"elementor elementor-2402\">\n\t\t\t\t\t\t<section class=\"elementor-section elementor-top-section elementor-element elementor-element-034a199 elementor-section-boxed elementor-section-height-default elementor-section-height-default\" data-id=\"034a199\" data-element_type=\"section\" data-settings=\"{&quot;background_background&quot;:&quot;slideshow&quot;,&quot;background_slideshow_gallery&quot;:[{&quot;id&quot;:2426,&quot;url&quot;:&quot;https:\\\/\\\/www.promusicakrosno.pl\\\/wp-content\\\/uploads\\\/2023\\\/02\\\/2023.02.11_5-1.jpg&quot;},{&quot;id&quot;:2424,&quot;url&quot;:&quot;https:\\\/\\\/www.promusicakrosno.pl\\\/wp-content\\\/uploads\\\/2023\\\/02\\\/2023.02.11_3-1.jpg&quot;},{&quot;id&quot;:2428,&quot;url&quot;:&quot;https:\\\/\\\/www.promusicakrosno.pl\\\/wp-content\\\/uploads\\\/2023\\\/02\\\/2023.02.11_7-1.jpg&quot;},{&quot;id&quot;:2434,&quot;url&quot;:&quot;https:\\\/\\\/www.promusicakrosno.pl\\\/wp-content\\\/uploads\\\/2023\\\/02\\\/2023.02.11_13-1.jpg&quot;}],&quot;background_slideshow_loop&quot;:&quot;yes&quot;,&quot;background_slideshow_slide_duration&quot;:5000,&quot;background_slideshow_slide_transition&quot;:&quot;fade&quot;,&quot;background_slideshow_transition_duration&quot;:500}\">\n\t\t\t\t\t\t\t<div class=\"elementor-background-overlay\"><\/div>\n\t\t\t\t\t\t\t<div class=\"elementor-container elementor-column-gap-no\">\n\t\t\t\t\t<div class=\"elementor-column elementor-col-100 elementor-top-column elementor-element elementor-element-3f16b53\" data-id=\"3f16b53\" data-element_type=\"column\">\n\t\t\t<div class=\"elementor-widget-wrap elementor-element-populated\">\n\t\t\t\t\t\t<div class=\"elementor-element elementor-element-6fcb92a elementor-invisible elementor-widget elementor-widget-heading\" data-id=\"6fcb92a\" data-element_type=\"widget\" data-settings=\"{&quot;_animation&quot;:&quot;rollIn&quot;}\" data-widget_type=\"heading.default\">\n\t\t\t\t<div class=\"elementor-widget-container\">\n\t\t\t\t\t<h2 class=\"elementor-heading-title elementor-size-default\"><a href=\"https:\/\/www.promusicakrosno.pl\/index.php\/musical_dreams\/\">musical dreams -  muzyczne marzenia<\/a><\/h2>\t\t\t\t<\/div>\n\t\t\t\t<\/div>\n\t\t\t\t<div class=\"elementor-element elementor-element-48255a3 elementor-widget-divider--view-line elementor-widget elementor-widget-divider\" data-id=\"48255a3\" data-element_type=\"widget\" data-widget_type=\"divider.default\">\n\t\t\t\t<div class=\"elementor-widget-container\">\n\t\t\t\t\t\t\t<div class=\"elementor-divider\">\n\t\t\t<span class=\"elementor-divider-separator\">\n\t\t\t\t\t\t<\/span>\n\t\t<\/div>\n\t\t\t\t\t\t<\/div>\n\t\t\t\t<\/div>\n\t\t\t\t\t<\/div>\n\t\t<\/div>\n\t\t\t\t\t<\/div>\n\t\t<\/section>\n\t\t\t\t<section class=\"elementor-section elementor-top-section elementor-element elementor-element-0ad9787 elementor-section-content-middle elementor-section-boxed elementor-section-height-default elementor-section-height-default\" data-id=\"0ad9787\" data-element_type=\"section\" data-settings=\"{&quot;background_background&quot;:&quot;classic&quot;}\">\n\t\t\t\t\t\t\t<div class=\"elementor-background-overlay\"><\/div>\n\t\t\t\t\t\t\t<div class=\"elementor-container elementor-column-gap-no\">\n\t\t\t\t\t<div class=\"elementor-column elementor-col-100 elementor-top-column elementor-element elementor-element-ba59ac3\" data-id=\"ba59ac3\" data-element_type=\"column\">\n\t\t\t<div class=\"elementor-widget-wrap elementor-element-populated\">\n\t\t\t\t\t\t<div class=\"elementor-element elementor-element-9b9d7e8 elementor-widget elementor-widget-text-editor\" data-id=\"9b9d7e8\" data-element_type=\"widget\" data-widget_type=\"text-editor.default\">\n\t\t\t\t<div class=\"elementor-widget-container\">\n\t\t\t\t\t\t\t\t\t<p>11 lutego 2023r. po raz XXIX przy wsp\u00f3\u0142udziale Urz\u0119du Miasta Krosna oraz Regionalnego Centrum Kultur Pogranicza zaprosili\u015bmy widz\u00f3w\u00a0 na\u00a0<\/p><p><strong>Koncert Noworoczny<\/strong><\/p><p>\u201e<strong>Musical Dreams &#8211; Muzyczne Marzenia\u201d<\/strong><\/p>\t\t\t\t\t\t\t\t<\/div>\n\t\t\t\t<\/div>\n\t\t\t\t<div class=\"elementor-element elementor-element-11657b2 elementor-widget elementor-widget-text-editor\" data-id=\"11657b2\" data-element_type=\"widget\" data-widget_type=\"text-editor.default\">\n\t\t\t\t<div class=\"elementor-widget-container\">\n\t\t\t\t\t\t\t\t\t<p>W sali Regionalnego Centrum Kultur Pogranicza wyst\u0105pili uczniowie <strong>Prywatnej Szko\u0142y Muzycznej I i II stopnia Pro Musica <\/strong>w Kro\u015bnie. Koncert otworzy\u0142a Suita instrumentalna &#8211; G. Fr. Haendla &#8211; \u201eMuzyka na wodzie\u201d w wykonaniu zespo\u0142u instrumentalnego, nast\u0119pnie zabrzmia\u0142y motywy muzyki filmowej oraz ilustracje muzyczne z bajek w wykonaniu solist\u00f3w, trio oraz zespo\u0142u instrumentalnego i ch\u00f3ru.<\/p>\t\t\t\t\t\t\t\t<\/div>\n\t\t\t\t<\/div>\n\t\t\t\t<div class=\"elementor-element elementor-element-05c228d gallery-spacing-custom elementor-widget elementor-widget-image-gallery\" data-id=\"05c228d\" data-element_type=\"widget\" data-widget_type=\"image-gallery.default\">\n\t\t\t\t<div class=\"elementor-widget-container\">\n\t\t\t\t\t\t\t<div class=\"elementor-image-gallery\">\n\t\t\t<div id='gallery-1' class='gallery galleryid-2402 gallery-columns-4 gallery-size-medium'><figure class='gallery-item'>\n\t\t\t<div class='gallery-icon landscape'>\n\t\t\t\t<a data-elementor-open-lightbox=\"yes\" data-elementor-lightbox-slideshow=\"05c228d\" data-elementor-lightbox-title=\"2023.02.11_11\" data-e-action-hash=\"#elementor-action%3Aaction%3Dlightbox%26settings%3DeyJpZCI6MjQzMiwidXJsIjoiaHR0cHM6XC9cL3Byb211c2ljYWtyb3Nuby5wbFwvd3AtY29udGVudFwvdXBsb2Fkc1wvMjAyM1wvMDJcLzIwMjMuMDIuMTFfMTEtMS5qcGciLCJzbGlkZXNob3ciOiIwNWMyMjhkIn0%3D\" href='https:\/\/promusicakrosno.pl\/wp-content\/uploads\/2023\/02\/2023.02.11_11-1.jpg'><img fetchpriority=\"high\" decoding=\"async\" width=\"300\" height=\"200\" src=\"https:\/\/promusicakrosno.pl\/wp-content\/uploads\/2023\/02\/2023.02.11_11-1-300x200.jpg\" class=\"attachment-medium size-medium\" alt=\"\" srcset=\"https:\/\/promusicakrosno.pl\/wp-content\/uploads\/2023\/02\/2023.02.11_11-1-300x200.jpg 300w, https:\/\/promusicakrosno.pl\/wp-content\/uploads\/2023\/02\/2023.02.11_11-1-1024x681.jpg 1024w, https:\/\/promusicakrosno.pl\/wp-content\/uploads\/2023\/02\/2023.02.11_11-1-768x511.jpg 768w, https:\/\/promusicakrosno.pl\/wp-content\/uploads\/2023\/02\/2023.02.11_11-1.jpg 1200w\" sizes=\"(max-width: 300px) 100vw, 300px\" \/><\/a>\n\t\t\t<\/div><\/figure><figure class='gallery-item'>\n\t\t\t<div class='gallery-icon landscape'>\n\t\t\t\t<a data-elementor-open-lightbox=\"yes\" data-elementor-lightbox-slideshow=\"05c228d\" data-elementor-lightbox-title=\"2023.02.11_1\" data-e-action-hash=\"#elementor-action%3Aaction%3Dlightbox%26settings%3DeyJpZCI6MjQyMiwidXJsIjoiaHR0cHM6XC9cL3Byb211c2ljYWtyb3Nuby5wbFwvd3AtY29udGVudFwvdXBsb2Fkc1wvMjAyM1wvMDJcLzIwMjMuMDIuMTFfMS0xLmpwZyIsInNsaWRlc2hvdyI6IjA1YzIyOGQifQ%3D%3D\" href='https:\/\/promusicakrosno.pl\/wp-content\/uploads\/2023\/02\/2023.02.11_1-1.jpg'><img decoding=\"async\" width=\"300\" height=\"200\" src=\"https:\/\/promusicakrosno.pl\/wp-content\/uploads\/2023\/02\/2023.02.11_1-1-300x200.jpg\" class=\"attachment-medium size-medium\" alt=\"\" srcset=\"https:\/\/promusicakrosno.pl\/wp-content\/uploads\/2023\/02\/2023.02.11_1-1-300x200.jpg 300w, https:\/\/promusicakrosno.pl\/wp-content\/uploads\/2023\/02\/2023.02.11_1-1-1024x684.jpg 1024w, https:\/\/promusicakrosno.pl\/wp-content\/uploads\/2023\/02\/2023.02.11_1-1-768x513.jpg 768w, https:\/\/promusicakrosno.pl\/wp-content\/uploads\/2023\/02\/2023.02.11_1-1.jpg 1200w\" sizes=\"(max-width: 300px) 100vw, 300px\" \/><\/a>\n\t\t\t<\/div><\/figure><figure class='gallery-item'>\n\t\t\t<div class='gallery-icon landscape'>\n\t\t\t\t<a data-elementor-open-lightbox=\"yes\" data-elementor-lightbox-slideshow=\"05c228d\" data-elementor-lightbox-title=\"2023.02.11_15\" data-e-action-hash=\"#elementor-action%3Aaction%3Dlightbox%26settings%3DeyJpZCI6MjQ1MSwidXJsIjoiaHR0cHM6XC9cL3Byb211c2ljYWtyb3Nuby5wbFwvd3AtY29udGVudFwvdXBsb2Fkc1wvMjAyM1wvMDJcLzIwMjMuMDIuMTFfMTUuanBnIiwic2xpZGVzaG93IjoiMDVjMjI4ZCJ9\" href='https:\/\/promusicakrosno.pl\/wp-content\/uploads\/2023\/02\/2023.02.11_15.jpg'><img decoding=\"async\" width=\"300\" height=\"200\" src=\"https:\/\/promusicakrosno.pl\/wp-content\/uploads\/2023\/02\/2023.02.11_15-300x200.jpg\" class=\"attachment-medium size-medium\" alt=\"\" srcset=\"https:\/\/promusicakrosno.pl\/wp-content\/uploads\/2023\/02\/2023.02.11_15-300x200.jpg 300w, https:\/\/promusicakrosno.pl\/wp-content\/uploads\/2023\/02\/2023.02.11_15-1024x681.jpg 1024w, https:\/\/promusicakrosno.pl\/wp-content\/uploads\/2023\/02\/2023.02.11_15-768x511.jpg 768w, https:\/\/promusicakrosno.pl\/wp-content\/uploads\/2023\/02\/2023.02.11_15.jpg 1200w\" sizes=\"(max-width: 300px) 100vw, 300px\" \/><\/a>\n\t\t\t<\/div><\/figure><figure class='gallery-item'>\n\t\t\t<div class='gallery-icon landscape'>\n\t\t\t\t<a data-elementor-open-lightbox=\"yes\" data-elementor-lightbox-slideshow=\"05c228d\" data-elementor-lightbox-title=\"2023.02.11_16\" data-e-action-hash=\"#elementor-action%3Aaction%3Dlightbox%26settings%3DeyJpZCI6MjQ1MiwidXJsIjoiaHR0cHM6XC9cL3Byb211c2ljYWtyb3Nuby5wbFwvd3AtY29udGVudFwvdXBsb2Fkc1wvMjAyM1wvMDJcLzIwMjMuMDIuMTFfMTYuanBnIiwic2xpZGVzaG93IjoiMDVjMjI4ZCJ9\" href='https:\/\/promusicakrosno.pl\/wp-content\/uploads\/2023\/02\/2023.02.11_16.jpg'><img loading=\"lazy\" decoding=\"async\" width=\"300\" height=\"200\" src=\"https:\/\/promusicakrosno.pl\/wp-content\/uploads\/2023\/02\/2023.02.11_16-300x200.jpg\" class=\"attachment-medium size-medium\" alt=\"\" srcset=\"https:\/\/promusicakrosno.pl\/wp-content\/uploads\/2023\/02\/2023.02.11_16-300x200.jpg 300w, https:\/\/promusicakrosno.pl\/wp-content\/uploads\/2023\/02\/2023.02.11_16-1024x684.jpg 1024w, https:\/\/promusicakrosno.pl\/wp-content\/uploads\/2023\/02\/2023.02.11_16-768x513.jpg 768w, https:\/\/promusicakrosno.pl\/wp-content\/uploads\/2023\/02\/2023.02.11_16.jpg 1200w\" sizes=\"(max-width: 300px) 100vw, 300px\" \/><\/a>\n\t\t\t<\/div><\/figure><figure class='gallery-item'>\n\t\t\t<div class='gallery-icon portrait'>\n\t\t\t\t<a data-elementor-open-lightbox=\"yes\" data-elementor-lightbox-slideshow=\"05c228d\" data-elementor-lightbox-title=\"2023.02.11_9\" data-e-action-hash=\"#elementor-action%3Aaction%3Dlightbox%26settings%3DeyJpZCI6MjQzMCwidXJsIjoiaHR0cHM6XC9cL3Byb211c2ljYWtyb3Nuby5wbFwvd3AtY29udGVudFwvdXBsb2Fkc1wvMjAyM1wvMDJcLzIwMjMuMDIuMTFfOS0xLmpwZyIsInNsaWRlc2hvdyI6IjA1YzIyOGQifQ%3D%3D\" href='https:\/\/promusicakrosno.pl\/wp-content\/uploads\/2023\/02\/2023.02.11_9-1.jpg'><img loading=\"lazy\" decoding=\"async\" width=\"200\" height=\"300\" src=\"https:\/\/promusicakrosno.pl\/wp-content\/uploads\/2023\/02\/2023.02.11_9-1-200x300.jpg\" class=\"attachment-medium size-medium\" alt=\"\" srcset=\"https:\/\/promusicakrosno.pl\/wp-content\/uploads\/2023\/02\/2023.02.11_9-1-200x300.jpg 200w, https:\/\/promusicakrosno.pl\/wp-content\/uploads\/2023\/02\/2023.02.11_9-1-681x1024.jpg 681w, https:\/\/promusicakrosno.pl\/wp-content\/uploads\/2023\/02\/2023.02.11_9-1-768x1155.jpg 768w, https:\/\/promusicakrosno.pl\/wp-content\/uploads\/2023\/02\/2023.02.11_9-1.jpg 798w\" sizes=\"(max-width: 200px) 100vw, 200px\" \/><\/a>\n\t\t\t<\/div><\/figure><figure class='gallery-item'>\n\t\t\t<div class='gallery-icon landscape'>\n\t\t\t\t<a data-elementor-open-lightbox=\"yes\" data-elementor-lightbox-slideshow=\"05c228d\" data-elementor-lightbox-title=\"2023.02.11_2\" data-e-action-hash=\"#elementor-action%3Aaction%3Dlightbox%26settings%3DeyJpZCI6MjQyMywidXJsIjoiaHR0cHM6XC9cL3Byb211c2ljYWtyb3Nuby5wbFwvd3AtY29udGVudFwvdXBsb2Fkc1wvMjAyM1wvMDJcLzIwMjMuMDIuMTFfMi0xLmpwZyIsInNsaWRlc2hvdyI6IjA1YzIyOGQifQ%3D%3D\" href='https:\/\/promusicakrosno.pl\/wp-content\/uploads\/2023\/02\/2023.02.11_2-1.jpg'><img loading=\"lazy\" decoding=\"async\" width=\"300\" height=\"200\" src=\"https:\/\/promusicakrosno.pl\/wp-content\/uploads\/2023\/02\/2023.02.11_2-1-300x200.jpg\" class=\"attachment-medium size-medium\" alt=\"\" srcset=\"https:\/\/promusicakrosno.pl\/wp-content\/uploads\/2023\/02\/2023.02.11_2-1-300x200.jpg 300w, https:\/\/promusicakrosno.pl\/wp-content\/uploads\/2023\/02\/2023.02.11_2-1-1024x684.jpg 1024w, https:\/\/promusicakrosno.pl\/wp-content\/uploads\/2023\/02\/2023.02.11_2-1-768x513.jpg 768w, https:\/\/promusicakrosno.pl\/wp-content\/uploads\/2023\/02\/2023.02.11_2-1.jpg 1200w\" sizes=\"(max-width: 300px) 100vw, 300px\" \/><\/a>\n\t\t\t<\/div><\/figure><figure class='gallery-item'>\n\t\t\t<div class='gallery-icon landscape'>\n\t\t\t\t<a data-elementor-open-lightbox=\"yes\" data-elementor-lightbox-slideshow=\"05c228d\" data-elementor-lightbox-title=\"2023.02.11_8\" data-e-action-hash=\"#elementor-action%3Aaction%3Dlightbox%26settings%3DeyJpZCI6MjQyOSwidXJsIjoiaHR0cHM6XC9cL3Byb211c2ljYWtyb3Nuby5wbFwvd3AtY29udGVudFwvdXBsb2Fkc1wvMjAyM1wvMDJcLzIwMjMuMDIuMTFfOC0xLmpwZyIsInNsaWRlc2hvdyI6IjA1YzIyOGQifQ%3D%3D\" href='https:\/\/promusicakrosno.pl\/wp-content\/uploads\/2023\/02\/2023.02.11_8-1.jpg'><img loading=\"lazy\" decoding=\"async\" width=\"300\" height=\"200\" src=\"https:\/\/promusicakrosno.pl\/wp-content\/uploads\/2023\/02\/2023.02.11_8-1-300x200.jpg\" class=\"attachment-medium size-medium\" alt=\"\" srcset=\"https:\/\/promusicakrosno.pl\/wp-content\/uploads\/2023\/02\/2023.02.11_8-1-300x200.jpg 300w, https:\/\/promusicakrosno.pl\/wp-content\/uploads\/2023\/02\/2023.02.11_8-1-1024x681.jpg 1024w, https:\/\/promusicakrosno.pl\/wp-content\/uploads\/2023\/02\/2023.02.11_8-1-768x511.jpg 768w, https:\/\/promusicakrosno.pl\/wp-content\/uploads\/2023\/02\/2023.02.11_8-1.jpg 1200w\" sizes=\"(max-width: 300px) 100vw, 300px\" \/><\/a>\n\t\t\t<\/div><\/figure><figure class='gallery-item'>\n\t\t\t<div class='gallery-icon portrait'>\n\t\t\t\t<a data-elementor-open-lightbox=\"yes\" data-elementor-lightbox-slideshow=\"05c228d\" data-elementor-lightbox-title=\"2023.02.11_10\" data-e-action-hash=\"#elementor-action%3Aaction%3Dlightbox%26settings%3DeyJpZCI6MjQzMSwidXJsIjoiaHR0cHM6XC9cL3Byb211c2ljYWtyb3Nuby5wbFwvd3AtY29udGVudFwvdXBsb2Fkc1wvMjAyM1wvMDJcLzIwMjMuMDIuMTFfMTAtMS5qcGciLCJzbGlkZXNob3ciOiIwNWMyMjhkIn0%3D\" href='https:\/\/promusicakrosno.pl\/wp-content\/uploads\/2023\/02\/2023.02.11_10-1.jpg'><img loading=\"lazy\" decoding=\"async\" width=\"200\" height=\"300\" src=\"https:\/\/promusicakrosno.pl\/wp-content\/uploads\/2023\/02\/2023.02.11_10-1-200x300.jpg\" class=\"attachment-medium size-medium\" alt=\"\" srcset=\"https:\/\/promusicakrosno.pl\/wp-content\/uploads\/2023\/02\/2023.02.11_10-1-200x300.jpg 200w, https:\/\/promusicakrosno.pl\/wp-content\/uploads\/2023\/02\/2023.02.11_10-1-681x1024.jpg 681w, https:\/\/promusicakrosno.pl\/wp-content\/uploads\/2023\/02\/2023.02.11_10-1-768x1155.jpg 768w, https:\/\/promusicakrosno.pl\/wp-content\/uploads\/2023\/02\/2023.02.11_10-1.jpg 798w\" sizes=\"(max-width: 200px) 100vw, 200px\" \/><\/a>\n\t\t\t<\/div><\/figure><figure class='gallery-item'>\n\t\t\t<div class='gallery-icon landscape'>\n\t\t\t\t<a data-elementor-open-lightbox=\"yes\" data-elementor-lightbox-slideshow=\"05c228d\" data-elementor-lightbox-title=\"2023.02.11_23\" data-e-action-hash=\"#elementor-action%3Aaction%3Dlightbox%26settings%3DeyJpZCI6MjQ4MSwidXJsIjoiaHR0cHM6XC9cL3Byb211c2ljYWtyb3Nuby5wbFwvd3AtY29udGVudFwvdXBsb2Fkc1wvMjAyM1wvMDJcLzIwMjMuMDIuMTFfMjMuanBnIiwic2xpZGVzaG93IjoiMDVjMjI4ZCJ9\" href='https:\/\/promusicakrosno.pl\/wp-content\/uploads\/2023\/02\/2023.02.11_23.jpg'><img loading=\"lazy\" decoding=\"async\" width=\"300\" height=\"203\" src=\"https:\/\/promusicakrosno.pl\/wp-content\/uploads\/2023\/02\/2023.02.11_23-300x203.jpg\" class=\"attachment-medium size-medium\" alt=\"\" srcset=\"https:\/\/promusicakrosno.pl\/wp-content\/uploads\/2023\/02\/2023.02.11_23-300x203.jpg 300w, https:\/\/promusicakrosno.pl\/wp-content\/uploads\/2023\/02\/2023.02.11_23-1024x691.jpg 1024w, https:\/\/promusicakrosno.pl\/wp-content\/uploads\/2023\/02\/2023.02.11_23-768x518.jpg 768w, https:\/\/promusicakrosno.pl\/wp-content\/uploads\/2023\/02\/2023.02.11_23-1536x1037.jpg 1536w, https:\/\/promusicakrosno.pl\/wp-content\/uploads\/2023\/02\/2023.02.11_23.jpg 1600w\" sizes=\"(max-width: 300px) 100vw, 300px\" \/><\/a>\n\t\t\t<\/div><\/figure><figure class='gallery-item'>\n\t\t\t<div class='gallery-icon landscape'>\n\t\t\t\t<a data-elementor-open-lightbox=\"yes\" data-elementor-lightbox-slideshow=\"05c228d\" data-elementor-lightbox-title=\"2023.02.11_18\" data-e-action-hash=\"#elementor-action%3Aaction%3Dlightbox%26settings%3DeyJpZCI6MjQ3NywidXJsIjoiaHR0cHM6XC9cL3Byb211c2ljYWtyb3Nuby5wbFwvd3AtY29udGVudFwvdXBsb2Fkc1wvMjAyM1wvMDJcLzIwMjMuMDIuMTFfMTguanBnIiwic2xpZGVzaG93IjoiMDVjMjI4ZCJ9\" href='https:\/\/promusicakrosno.pl\/wp-content\/uploads\/2023\/02\/2023.02.11_18.jpg'><img loading=\"lazy\" decoding=\"async\" width=\"300\" height=\"161\" src=\"https:\/\/promusicakrosno.pl\/wp-content\/uploads\/2023\/02\/2023.02.11_18-300x161.jpg\" class=\"attachment-medium size-medium\" alt=\"\" srcset=\"https:\/\/promusicakrosno.pl\/wp-content\/uploads\/2023\/02\/2023.02.11_18-300x161.jpg 300w, https:\/\/promusicakrosno.pl\/wp-content\/uploads\/2023\/02\/2023.02.11_18-1024x550.jpg 1024w, https:\/\/promusicakrosno.pl\/wp-content\/uploads\/2023\/02\/2023.02.11_18-768x412.jpg 768w, https:\/\/promusicakrosno.pl\/wp-content\/uploads\/2023\/02\/2023.02.11_18-1536x825.jpg 1536w, https:\/\/promusicakrosno.pl\/wp-content\/uploads\/2023\/02\/2023.02.11_18.jpg 1600w\" sizes=\"(max-width: 300px) 100vw, 300px\" \/><\/a>\n\t\t\t<\/div><\/figure><figure class='gallery-item'>\n\t\t\t<div class='gallery-icon landscape'>\n\t\t\t\t<a data-elementor-open-lightbox=\"yes\" data-elementor-lightbox-slideshow=\"05c228d\" data-elementor-lightbox-title=\"2023.02.11_17\" data-e-action-hash=\"#elementor-action%3Aaction%3Dlightbox%26settings%3DeyJpZCI6MjQ3NiwidXJsIjoiaHR0cHM6XC9cL3Byb211c2ljYWtyb3Nuby5wbFwvd3AtY29udGVudFwvdXBsb2Fkc1wvMjAyM1wvMDJcLzIwMjMuMDIuMTFfMTcuanBnIiwic2xpZGVzaG93IjoiMDVjMjI4ZCJ9\" href='https:\/\/promusicakrosno.pl\/wp-content\/uploads\/2023\/02\/2023.02.11_17.jpg'><img loading=\"lazy\" decoding=\"async\" width=\"300\" height=\"205\" src=\"https:\/\/promusicakrosno.pl\/wp-content\/uploads\/2023\/02\/2023.02.11_17-300x205.jpg\" class=\"attachment-medium size-medium\" alt=\"\" srcset=\"https:\/\/promusicakrosno.pl\/wp-content\/uploads\/2023\/02\/2023.02.11_17-300x205.jpg 300w, https:\/\/promusicakrosno.pl\/wp-content\/uploads\/2023\/02\/2023.02.11_17-1024x698.jpg 1024w, https:\/\/promusicakrosno.pl\/wp-content\/uploads\/2023\/02\/2023.02.11_17-768x524.jpg 768w, https:\/\/promusicakrosno.pl\/wp-content\/uploads\/2023\/02\/2023.02.11_17-1536x1047.jpg 1536w, https:\/\/promusicakrosno.pl\/wp-content\/uploads\/2023\/02\/2023.02.11_17.jpg 1600w\" sizes=\"(max-width: 300px) 100vw, 300px\" \/><\/a>\n\t\t\t<\/div><\/figure><figure class='gallery-item'>\n\t\t\t<div class='gallery-icon landscape'>\n\t\t\t\t<a data-elementor-open-lightbox=\"yes\" data-elementor-lightbox-slideshow=\"05c228d\" data-elementor-lightbox-title=\"2023.02.11_4\" data-e-action-hash=\"#elementor-action%3Aaction%3Dlightbox%26settings%3DeyJpZCI6MjQyNSwidXJsIjoiaHR0cHM6XC9cL3Byb211c2ljYWtyb3Nuby5wbFwvd3AtY29udGVudFwvdXBsb2Fkc1wvMjAyM1wvMDJcLzIwMjMuMDIuMTFfNC0xLmpwZyIsInNsaWRlc2hvdyI6IjA1YzIyOGQifQ%3D%3D\" href='https:\/\/promusicakrosno.pl\/wp-content\/uploads\/2023\/02\/2023.02.11_4-1.jpg'><img loading=\"lazy\" decoding=\"async\" width=\"300\" height=\"200\" src=\"https:\/\/promusicakrosno.pl\/wp-content\/uploads\/2023\/02\/2023.02.11_4-1-300x200.jpg\" class=\"attachment-medium size-medium\" alt=\"\" srcset=\"https:\/\/promusicakrosno.pl\/wp-content\/uploads\/2023\/02\/2023.02.11_4-1-300x200.jpg 300w, https:\/\/promusicakrosno.pl\/wp-content\/uploads\/2023\/02\/2023.02.11_4-1-1024x684.jpg 1024w, https:\/\/promusicakrosno.pl\/wp-content\/uploads\/2023\/02\/2023.02.11_4-1-768x513.jpg 768w, https:\/\/promusicakrosno.pl\/wp-content\/uploads\/2023\/02\/2023.02.11_4-1.jpg 1200w\" sizes=\"(max-width: 300px) 100vw, 300px\" \/><\/a>\n\t\t\t<\/div><\/figure><figure class='gallery-item'>\n\t\t\t<div class='gallery-icon landscape'>\n\t\t\t\t<a data-elementor-open-lightbox=\"yes\" data-elementor-lightbox-slideshow=\"05c228d\" data-elementor-lightbox-title=\"2023.02.11_3\" data-e-action-hash=\"#elementor-action%3Aaction%3Dlightbox%26settings%3DeyJpZCI6MjQyNCwidXJsIjoiaHR0cHM6XC9cL3Byb211c2ljYWtyb3Nuby5wbFwvd3AtY29udGVudFwvdXBsb2Fkc1wvMjAyM1wvMDJcLzIwMjMuMDIuMTFfMy0xLmpwZyIsInNsaWRlc2hvdyI6IjA1YzIyOGQifQ%3D%3D\" href='https:\/\/promusicakrosno.pl\/wp-content\/uploads\/2023\/02\/2023.02.11_3-1.jpg'><img loading=\"lazy\" decoding=\"async\" width=\"300\" height=\"200\" src=\"https:\/\/promusicakrosno.pl\/wp-content\/uploads\/2023\/02\/2023.02.11_3-1-300x200.jpg\" class=\"attachment-medium size-medium\" alt=\"\" srcset=\"https:\/\/promusicakrosno.pl\/wp-content\/uploads\/2023\/02\/2023.02.11_3-1-300x200.jpg 300w, https:\/\/promusicakrosno.pl\/wp-content\/uploads\/2023\/02\/2023.02.11_3-1-1024x684.jpg 1024w, https:\/\/promusicakrosno.pl\/wp-content\/uploads\/2023\/02\/2023.02.11_3-1-768x513.jpg 768w, https:\/\/promusicakrosno.pl\/wp-content\/uploads\/2023\/02\/2023.02.11_3-1.jpg 1200w\" sizes=\"(max-width: 300px) 100vw, 300px\" \/><\/a>\n\t\t\t<\/div><\/figure>\n\t\t<\/div>\n\t\t<\/div>\n\t\t\t\t\t\t<\/div>\n\t\t\t\t<\/div>\n\t\t\t\t<div class=\"elementor-element elementor-element-f541a81 elementor-widget elementor-widget-text-editor\" data-id=\"f541a81\" data-element_type=\"widget\" data-widget_type=\"text-editor.default\">\n\t\t\t\t<div class=\"elementor-widget-container\">\n\t\t\t\t\t\t\t\t\t<p>Drug\u0105 cz\u0119\u015b\u0107 koncertu wype\u0142ni\u0142a inscenizacja muzyczno-baletowa \u201eSmerfy\u201d oparta na fabule bajki pod tym samym tytu\u0142em. \u00a0W\u015br\u00f3d kolorowych \u015bwiate\u0142 i wspania\u0142ej scenografii mo\u017cna by\u0142o podziwia\u0107 solist\u00f3w wokalist\u00f3w, m\u0142odych aktor\u00f3w wcielaj\u0105cych si\u0119 w bajkowe role, zespo\u0142y wokalne i formacje taneczne.<\/p>\t\t\t\t\t\t\t\t<\/div>\n\t\t\t\t<\/div>\n\t\t\t\t<div class=\"elementor-element elementor-element-65ebdb0 gallery-spacing-custom elementor-widget elementor-widget-image-gallery\" data-id=\"65ebdb0\" data-element_type=\"widget\" data-widget_type=\"image-gallery.default\">\n\t\t\t\t<div class=\"elementor-widget-container\">\n\t\t\t\t\t\t\t<div class=\"elementor-image-gallery\">\n\t\t\t<div id='gallery-2' class='gallery galleryid-2402 gallery-columns-4 gallery-size-medium'><figure class='gallery-item'>\n\t\t\t<div class='gallery-icon portrait'>\n\t\t\t\t<a data-elementor-open-lightbox=\"yes\" data-elementor-lightbox-slideshow=\"65ebdb0\" data-elementor-lightbox-title=\"2023.02.11_26\" data-e-action-hash=\"#elementor-action%3Aaction%3Dlightbox%26settings%3DeyJpZCI6MjQ4NCwidXJsIjoiaHR0cHM6XC9cL3Byb211c2ljYWtyb3Nuby5wbFwvd3AtY29udGVudFwvdXBsb2Fkc1wvMjAyM1wvMDJcLzIwMjMuMDIuMTFfMjYuanBnIiwic2xpZGVzaG93IjoiNjVlYmRiMCJ9\" href='https:\/\/promusicakrosno.pl\/wp-content\/uploads\/2023\/02\/2023.02.11_26.jpg'><img loading=\"lazy\" decoding=\"async\" width=\"206\" height=\"300\" src=\"https:\/\/promusicakrosno.pl\/wp-content\/uploads\/2023\/02\/2023.02.11_26-206x300.jpg\" class=\"attachment-medium size-medium\" alt=\"\" srcset=\"https:\/\/promusicakrosno.pl\/wp-content\/uploads\/2023\/02\/2023.02.11_26-206x300.jpg 206w, https:\/\/promusicakrosno.pl\/wp-content\/uploads\/2023\/02\/2023.02.11_26-703x1024.jpg 703w, https:\/\/promusicakrosno.pl\/wp-content\/uploads\/2023\/02\/2023.02.11_26-768x1119.jpg 768w, https:\/\/promusicakrosno.pl\/wp-content\/uploads\/2023\/02\/2023.02.11_26-1054x1536.jpg 1054w, https:\/\/promusicakrosno.pl\/wp-content\/uploads\/2023\/02\/2023.02.11_26.jpg 1098w\" sizes=\"(max-width: 206px) 100vw, 206px\" \/><\/a>\n\t\t\t<\/div><\/figure><figure class='gallery-item'>\n\t\t\t<div class='gallery-icon landscape'>\n\t\t\t\t<a data-elementor-open-lightbox=\"yes\" data-elementor-lightbox-slideshow=\"65ebdb0\" data-elementor-lightbox-title=\"2023.02.11_14\" data-e-action-hash=\"#elementor-action%3Aaction%3Dlightbox%26settings%3DeyJpZCI6MjQzNSwidXJsIjoiaHR0cHM6XC9cL3Byb211c2ljYWtyb3Nuby5wbFwvd3AtY29udGVudFwvdXBsb2Fkc1wvMjAyM1wvMDJcLzIwMjMuMDIuMTFfMTQtMS5qcGciLCJzbGlkZXNob3ciOiI2NWViZGIwIn0%3D\" href='https:\/\/promusicakrosno.pl\/wp-content\/uploads\/2023\/02\/2023.02.11_14-1.jpg'><img loading=\"lazy\" decoding=\"async\" width=\"300\" height=\"200\" src=\"https:\/\/promusicakrosno.pl\/wp-content\/uploads\/2023\/02\/2023.02.11_14-1-300x200.jpg\" class=\"attachment-medium size-medium\" alt=\"\" srcset=\"https:\/\/promusicakrosno.pl\/wp-content\/uploads\/2023\/02\/2023.02.11_14-1-300x200.jpg 300w, https:\/\/promusicakrosno.pl\/wp-content\/uploads\/2023\/02\/2023.02.11_14-1-1024x681.jpg 1024w, https:\/\/promusicakrosno.pl\/wp-content\/uploads\/2023\/02\/2023.02.11_14-1-768x511.jpg 768w, https:\/\/promusicakrosno.pl\/wp-content\/uploads\/2023\/02\/2023.02.11_14-1.jpg 1200w\" sizes=\"(max-width: 300px) 100vw, 300px\" \/><\/a>\n\t\t\t<\/div><\/figure><figure class='gallery-item'>\n\t\t\t<div class='gallery-icon landscape'>\n\t\t\t\t<a data-elementor-open-lightbox=\"yes\" data-elementor-lightbox-slideshow=\"65ebdb0\" data-elementor-lightbox-title=\"2023.02.11_13\" data-e-action-hash=\"#elementor-action%3Aaction%3Dlightbox%26settings%3DeyJpZCI6MjQzNCwidXJsIjoiaHR0cHM6XC9cL3Byb211c2ljYWtyb3Nuby5wbFwvd3AtY29udGVudFwvdXBsb2Fkc1wvMjAyM1wvMDJcLzIwMjMuMDIuMTFfMTMtMS5qcGciLCJzbGlkZXNob3ciOiI2NWViZGIwIn0%3D\" href='https:\/\/promusicakrosno.pl\/wp-content\/uploads\/2023\/02\/2023.02.11_13-1.jpg'><img loading=\"lazy\" decoding=\"async\" width=\"300\" height=\"200\" src=\"https:\/\/promusicakrosno.pl\/wp-content\/uploads\/2023\/02\/2023.02.11_13-1-300x200.jpg\" class=\"attachment-medium size-medium\" alt=\"\" srcset=\"https:\/\/promusicakrosno.pl\/wp-content\/uploads\/2023\/02\/2023.02.11_13-1-300x200.jpg 300w, https:\/\/promusicakrosno.pl\/wp-content\/uploads\/2023\/02\/2023.02.11_13-1-1024x681.jpg 1024w, https:\/\/promusicakrosno.pl\/wp-content\/uploads\/2023\/02\/2023.02.11_13-1-768x511.jpg 768w, https:\/\/promusicakrosno.pl\/wp-content\/uploads\/2023\/02\/2023.02.11_13-1.jpg 1200w\" sizes=\"(max-width: 300px) 100vw, 300px\" \/><\/a>\n\t\t\t<\/div><\/figure><figure class='gallery-item'>\n\t\t\t<div class='gallery-icon landscape'>\n\t\t\t\t<a data-elementor-open-lightbox=\"yes\" data-elementor-lightbox-slideshow=\"65ebdb0\" data-elementor-lightbox-title=\"2023.02.11_12\" data-e-action-hash=\"#elementor-action%3Aaction%3Dlightbox%26settings%3DeyJpZCI6MjQzMywidXJsIjoiaHR0cHM6XC9cL3Byb211c2ljYWtyb3Nuby5wbFwvd3AtY29udGVudFwvdXBsb2Fkc1wvMjAyM1wvMDJcLzIwMjMuMDIuMTFfMTItMS5qcGciLCJzbGlkZXNob3ciOiI2NWViZGIwIn0%3D\" href='https:\/\/promusicakrosno.pl\/wp-content\/uploads\/2023\/02\/2023.02.11_12-1.jpg'><img loading=\"lazy\" decoding=\"async\" width=\"300\" height=\"200\" src=\"https:\/\/promusicakrosno.pl\/wp-content\/uploads\/2023\/02\/2023.02.11_12-1-300x200.jpg\" class=\"attachment-medium size-medium\" alt=\"\" srcset=\"https:\/\/promusicakrosno.pl\/wp-content\/uploads\/2023\/02\/2023.02.11_12-1-300x200.jpg 300w, https:\/\/promusicakrosno.pl\/wp-content\/uploads\/2023\/02\/2023.02.11_12-1-1024x681.jpg 1024w, https:\/\/promusicakrosno.pl\/wp-content\/uploads\/2023\/02\/2023.02.11_12-1-768x511.jpg 768w, https:\/\/promusicakrosno.pl\/wp-content\/uploads\/2023\/02\/2023.02.11_12-1.jpg 1200w\" sizes=\"(max-width: 300px) 100vw, 300px\" \/><\/a>\n\t\t\t<\/div><\/figure><figure class='gallery-item'>\n\t\t\t<div class='gallery-icon landscape'>\n\t\t\t\t<a data-elementor-open-lightbox=\"yes\" data-elementor-lightbox-slideshow=\"65ebdb0\" data-elementor-lightbox-title=\"2023.02.11_19\" data-e-action-hash=\"#elementor-action%3Aaction%3Dlightbox%26settings%3DeyJpZCI6MjQ3OCwidXJsIjoiaHR0cHM6XC9cL3Byb211c2ljYWtyb3Nuby5wbFwvd3AtY29udGVudFwvdXBsb2Fkc1wvMjAyM1wvMDJcLzIwMjMuMDIuMTFfMTkuanBnIiwic2xpZGVzaG93IjoiNjVlYmRiMCJ9\" href='https:\/\/promusicakrosno.pl\/wp-content\/uploads\/2023\/02\/2023.02.11_19.jpg'><img loading=\"lazy\" decoding=\"async\" width=\"300\" height=\"208\" src=\"https:\/\/promusicakrosno.pl\/wp-content\/uploads\/2023\/02\/2023.02.11_19-300x208.jpg\" class=\"attachment-medium size-medium\" alt=\"\" srcset=\"https:\/\/promusicakrosno.pl\/wp-content\/uploads\/2023\/02\/2023.02.11_19-300x208.jpg 300w, https:\/\/promusicakrosno.pl\/wp-content\/uploads\/2023\/02\/2023.02.11_19-1024x710.jpg 1024w, https:\/\/promusicakrosno.pl\/wp-content\/uploads\/2023\/02\/2023.02.11_19-768x532.jpg 768w, https:\/\/promusicakrosno.pl\/wp-content\/uploads\/2023\/02\/2023.02.11_19-1536x1065.jpg 1536w, https:\/\/promusicakrosno.pl\/wp-content\/uploads\/2023\/02\/2023.02.11_19.jpg 1600w\" sizes=\"(max-width: 300px) 100vw, 300px\" \/><\/a>\n\t\t\t<\/div><\/figure><figure class='gallery-item'>\n\t\t\t<div class='gallery-icon landscape'>\n\t\t\t\t<a data-elementor-open-lightbox=\"yes\" data-elementor-lightbox-slideshow=\"65ebdb0\" data-elementor-lightbox-title=\"2023.02.11_20\" data-e-action-hash=\"#elementor-action%3Aaction%3Dlightbox%26settings%3DeyJpZCI6MjQ3OSwidXJsIjoiaHR0cHM6XC9cL3Byb211c2ljYWtyb3Nuby5wbFwvd3AtY29udGVudFwvdXBsb2Fkc1wvMjAyM1wvMDJcLzIwMjMuMDIuMTFfMjAuanBnIiwic2xpZGVzaG93IjoiNjVlYmRiMCJ9\" href='https:\/\/promusicakrosno.pl\/wp-content\/uploads\/2023\/02\/2023.02.11_20.jpg'><img loading=\"lazy\" decoding=\"async\" width=\"300\" height=\"189\" src=\"https:\/\/promusicakrosno.pl\/wp-content\/uploads\/2023\/02\/2023.02.11_20-300x189.jpg\" class=\"attachment-medium size-medium\" alt=\"\" srcset=\"https:\/\/promusicakrosno.pl\/wp-content\/uploads\/2023\/02\/2023.02.11_20-300x189.jpg 300w, https:\/\/promusicakrosno.pl\/wp-content\/uploads\/2023\/02\/2023.02.11_20-1024x646.jpg 1024w, https:\/\/promusicakrosno.pl\/wp-content\/uploads\/2023\/02\/2023.02.11_20-768x485.jpg 768w, https:\/\/promusicakrosno.pl\/wp-content\/uploads\/2023\/02\/2023.02.11_20-1536x970.jpg 1536w, https:\/\/promusicakrosno.pl\/wp-content\/uploads\/2023\/02\/2023.02.11_20.jpg 1600w\" sizes=\"(max-width: 300px) 100vw, 300px\" \/><\/a>\n\t\t\t<\/div><\/figure><figure class='gallery-item'>\n\t\t\t<div class='gallery-icon landscape'>\n\t\t\t\t<a data-elementor-open-lightbox=\"yes\" data-elementor-lightbox-slideshow=\"65ebdb0\" data-elementor-lightbox-title=\"2023.02.11_7\" data-e-action-hash=\"#elementor-action%3Aaction%3Dlightbox%26settings%3DeyJpZCI6MjQyOCwidXJsIjoiaHR0cHM6XC9cL3Byb211c2ljYWtyb3Nuby5wbFwvd3AtY29udGVudFwvdXBsb2Fkc1wvMjAyM1wvMDJcLzIwMjMuMDIuMTFfNy0xLmpwZyIsInNsaWRlc2hvdyI6IjY1ZWJkYjAifQ%3D%3D\" href='https:\/\/promusicakrosno.pl\/wp-content\/uploads\/2023\/02\/2023.02.11_7-1.jpg'><img loading=\"lazy\" decoding=\"async\" width=\"300\" height=\"200\" src=\"https:\/\/promusicakrosno.pl\/wp-content\/uploads\/2023\/02\/2023.02.11_7-1-300x200.jpg\" class=\"attachment-medium size-medium\" alt=\"\" srcset=\"https:\/\/promusicakrosno.pl\/wp-content\/uploads\/2023\/02\/2023.02.11_7-1-300x200.jpg 300w, https:\/\/promusicakrosno.pl\/wp-content\/uploads\/2023\/02\/2023.02.11_7-1-1024x684.jpg 1024w, https:\/\/promusicakrosno.pl\/wp-content\/uploads\/2023\/02\/2023.02.11_7-1-768x513.jpg 768w, https:\/\/promusicakrosno.pl\/wp-content\/uploads\/2023\/02\/2023.02.11_7-1.jpg 1200w\" sizes=\"(max-width: 300px) 100vw, 300px\" \/><\/a>\n\t\t\t<\/div><\/figure><figure class='gallery-item'>\n\t\t\t<div class='gallery-icon landscape'>\n\t\t\t\t<a data-elementor-open-lightbox=\"yes\" data-elementor-lightbox-slideshow=\"65ebdb0\" data-elementor-lightbox-title=\"2023.02.11_27\" data-e-action-hash=\"#elementor-action%3Aaction%3Dlightbox%26settings%3DeyJpZCI6MjQ4NSwidXJsIjoiaHR0cHM6XC9cL3Byb211c2ljYWtyb3Nuby5wbFwvd3AtY29udGVudFwvdXBsb2Fkc1wvMjAyM1wvMDJcLzIwMjMuMDIuMTFfMjcuanBnIiwic2xpZGVzaG93IjoiNjVlYmRiMCJ9\" href='https:\/\/promusicakrosno.pl\/wp-content\/uploads\/2023\/02\/2023.02.11_27.jpg'><img loading=\"lazy\" decoding=\"async\" width=\"300\" height=\"216\" src=\"https:\/\/promusicakrosno.pl\/wp-content\/uploads\/2023\/02\/2023.02.11_27-300x216.jpg\" class=\"attachment-medium size-medium\" alt=\"\" srcset=\"https:\/\/promusicakrosno.pl\/wp-content\/uploads\/2023\/02\/2023.02.11_27-300x216.jpg 300w, https:\/\/promusicakrosno.pl\/wp-content\/uploads\/2023\/02\/2023.02.11_27-1024x738.jpg 1024w, https:\/\/promusicakrosno.pl\/wp-content\/uploads\/2023\/02\/2023.02.11_27-768x553.jpg 768w, https:\/\/promusicakrosno.pl\/wp-content\/uploads\/2023\/02\/2023.02.11_27-1536x1107.jpg 1536w, https:\/\/promusicakrosno.pl\/wp-content\/uploads\/2023\/02\/2023.02.11_27.jpg 1600w\" sizes=\"(max-width: 300px) 100vw, 300px\" \/><\/a>\n\t\t\t<\/div><\/figure><figure class='gallery-item'>\n\t\t\t<div class='gallery-icon landscape'>\n\t\t\t\t<a data-elementor-open-lightbox=\"yes\" data-elementor-lightbox-slideshow=\"65ebdb0\" data-elementor-lightbox-title=\"2023.02.11_25\" data-e-action-hash=\"#elementor-action%3Aaction%3Dlightbox%26settings%3DeyJpZCI6MjQ4MywidXJsIjoiaHR0cHM6XC9cL3Byb211c2ljYWtyb3Nuby5wbFwvd3AtY29udGVudFwvdXBsb2Fkc1wvMjAyM1wvMDJcLzIwMjMuMDIuMTFfMjUuanBnIiwic2xpZGVzaG93IjoiNjVlYmRiMCJ9\" href='https:\/\/promusicakrosno.pl\/wp-content\/uploads\/2023\/02\/2023.02.11_25.jpg'><img loading=\"lazy\" decoding=\"async\" width=\"300\" height=\"170\" src=\"https:\/\/promusicakrosno.pl\/wp-content\/uploads\/2023\/02\/2023.02.11_25-300x170.jpg\" class=\"attachment-medium size-medium\" alt=\"\" srcset=\"https:\/\/promusicakrosno.pl\/wp-content\/uploads\/2023\/02\/2023.02.11_25-300x170.jpg 300w, https:\/\/promusicakrosno.pl\/wp-content\/uploads\/2023\/02\/2023.02.11_25-1024x579.jpg 1024w, https:\/\/promusicakrosno.pl\/wp-content\/uploads\/2023\/02\/2023.02.11_25-768x434.jpg 768w, https:\/\/promusicakrosno.pl\/wp-content\/uploads\/2023\/02\/2023.02.11_25-1536x869.jpg 1536w, https:\/\/promusicakrosno.pl\/wp-content\/uploads\/2023\/02\/2023.02.11_25.jpg 1600w\" sizes=\"(max-width: 300px) 100vw, 300px\" \/><\/a>\n\t\t\t<\/div><\/figure><figure class='gallery-item'>\n\t\t\t<div class='gallery-icon landscape'>\n\t\t\t\t<a data-elementor-open-lightbox=\"yes\" data-elementor-lightbox-slideshow=\"65ebdb0\" data-elementor-lightbox-title=\"2023.02.11_24\" data-e-action-hash=\"#elementor-action%3Aaction%3Dlightbox%26settings%3DeyJpZCI6MjQ4MiwidXJsIjoiaHR0cHM6XC9cL3Byb211c2ljYWtyb3Nuby5wbFwvd3AtY29udGVudFwvdXBsb2Fkc1wvMjAyM1wvMDJcLzIwMjMuMDIuMTFfMjQuanBnIiwic2xpZGVzaG93IjoiNjVlYmRiMCJ9\" href='https:\/\/promusicakrosno.pl\/wp-content\/uploads\/2023\/02\/2023.02.11_24.jpg'><img loading=\"lazy\" decoding=\"async\" width=\"300\" height=\"200\" src=\"https:\/\/promusicakrosno.pl\/wp-content\/uploads\/2023\/02\/2023.02.11_24-300x200.jpg\" class=\"attachment-medium size-medium\" alt=\"\" srcset=\"https:\/\/promusicakrosno.pl\/wp-content\/uploads\/2023\/02\/2023.02.11_24-300x200.jpg 300w, https:\/\/promusicakrosno.pl\/wp-content\/uploads\/2023\/02\/2023.02.11_24-1024x683.jpg 1024w, https:\/\/promusicakrosno.pl\/wp-content\/uploads\/2023\/02\/2023.02.11_24-768x512.jpg 768w, https:\/\/promusicakrosno.pl\/wp-content\/uploads\/2023\/02\/2023.02.11_24-1536x1024.jpg 1536w, https:\/\/promusicakrosno.pl\/wp-content\/uploads\/2023\/02\/2023.02.11_24.jpg 1600w\" sizes=\"(max-width: 300px) 100vw, 300px\" \/><\/a>\n\t\t\t<\/div><\/figure><figure class='gallery-item'>\n\t\t\t<div class='gallery-icon landscape'>\n\t\t\t\t<a data-elementor-open-lightbox=\"yes\" data-elementor-lightbox-slideshow=\"65ebdb0\" data-elementor-lightbox-title=\"2023.02.11_21\" data-e-action-hash=\"#elementor-action%3Aaction%3Dlightbox%26settings%3DeyJpZCI6MjQ4MCwidXJsIjoiaHR0cHM6XC9cL3Byb211c2ljYWtyb3Nuby5wbFwvd3AtY29udGVudFwvdXBsb2Fkc1wvMjAyM1wvMDJcLzIwMjMuMDIuMTFfMjEuanBnIiwic2xpZGVzaG93IjoiNjVlYmRiMCJ9\" href='https:\/\/promusicakrosno.pl\/wp-content\/uploads\/2023\/02\/2023.02.11_21.jpg'><img loading=\"lazy\" decoding=\"async\" width=\"300\" height=\"152\" src=\"https:\/\/promusicakrosno.pl\/wp-content\/uploads\/2023\/02\/2023.02.11_21-300x152.jpg\" class=\"attachment-medium size-medium\" alt=\"\" srcset=\"https:\/\/promusicakrosno.pl\/wp-content\/uploads\/2023\/02\/2023.02.11_21-300x152.jpg 300w, https:\/\/promusicakrosno.pl\/wp-content\/uploads\/2023\/02\/2023.02.11_21-1024x520.jpg 1024w, https:\/\/promusicakrosno.pl\/wp-content\/uploads\/2023\/02\/2023.02.11_21-768x390.jpg 768w, https:\/\/promusicakrosno.pl\/wp-content\/uploads\/2023\/02\/2023.02.11_21-1536x780.jpg 1536w, https:\/\/promusicakrosno.pl\/wp-content\/uploads\/2023\/02\/2023.02.11_21.jpg 1600w\" sizes=\"(max-width: 300px) 100vw, 300px\" \/><\/a>\n\t\t\t<\/div><\/figure><figure class='gallery-item'>\n\t\t\t<div class='gallery-icon landscape'>\n\t\t\t\t<a data-elementor-open-lightbox=\"yes\" data-elementor-lightbox-slideshow=\"65ebdb0\" data-elementor-lightbox-title=\"2023.02.11_6\" data-e-action-hash=\"#elementor-action%3Aaction%3Dlightbox%26settings%3DeyJpZCI6MjQyNywidXJsIjoiaHR0cHM6XC9cL3Byb211c2ljYWtyb3Nuby5wbFwvd3AtY29udGVudFwvdXBsb2Fkc1wvMjAyM1wvMDJcLzIwMjMuMDIuMTFfNi0xLmpwZyIsInNsaWRlc2hvdyI6IjY1ZWJkYjAifQ%3D%3D\" href='https:\/\/promusicakrosno.pl\/wp-content\/uploads\/2023\/02\/2023.02.11_6-1.jpg'><img loading=\"lazy\" decoding=\"async\" width=\"300\" height=\"200\" src=\"https:\/\/promusicakrosno.pl\/wp-content\/uploads\/2023\/02\/2023.02.11_6-1-300x200.jpg\" class=\"attachment-medium size-medium\" alt=\"\" srcset=\"https:\/\/promusicakrosno.pl\/wp-content\/uploads\/2023\/02\/2023.02.11_6-1-300x200.jpg 300w, https:\/\/promusicakrosno.pl\/wp-content\/uploads\/2023\/02\/2023.02.11_6-1-1024x684.jpg 1024w, https:\/\/promusicakrosno.pl\/wp-content\/uploads\/2023\/02\/2023.02.11_6-1-768x513.jpg 768w, https:\/\/promusicakrosno.pl\/wp-content\/uploads\/2023\/02\/2023.02.11_6-1.jpg 1200w\" sizes=\"(max-width: 300px) 100vw, 300px\" \/><\/a>\n\t\t\t<\/div><\/figure><figure class='gallery-item'>\n\t\t\t<div class='gallery-icon landscape'>\n\t\t\t\t<a data-elementor-open-lightbox=\"yes\" data-elementor-lightbox-slideshow=\"65ebdb0\" data-elementor-lightbox-title=\"2023.02.11_5\" data-e-action-hash=\"#elementor-action%3Aaction%3Dlightbox%26settings%3DeyJpZCI6MjQyNiwidXJsIjoiaHR0cHM6XC9cL3Byb211c2ljYWtyb3Nuby5wbFwvd3AtY29udGVudFwvdXBsb2Fkc1wvMjAyM1wvMDJcLzIwMjMuMDIuMTFfNS0xLmpwZyIsInNsaWRlc2hvdyI6IjY1ZWJkYjAifQ%3D%3D\" href='https:\/\/promusicakrosno.pl\/wp-content\/uploads\/2023\/02\/2023.02.11_5-1.jpg'><img loading=\"lazy\" decoding=\"async\" width=\"300\" height=\"200\" src=\"https:\/\/promusicakrosno.pl\/wp-content\/uploads\/2023\/02\/2023.02.11_5-1-300x200.jpg\" class=\"attachment-medium size-medium\" alt=\"\" srcset=\"https:\/\/promusicakrosno.pl\/wp-content\/uploads\/2023\/02\/2023.02.11_5-1-300x200.jpg 300w, https:\/\/promusicakrosno.pl\/wp-content\/uploads\/2023\/02\/2023.02.11_5-1-1024x684.jpg 1024w, https:\/\/promusicakrosno.pl\/wp-content\/uploads\/2023\/02\/2023.02.11_5-1-768x513.jpg 768w, https:\/\/promusicakrosno.pl\/wp-content\/uploads\/2023\/02\/2023.02.11_5-1.jpg 1200w\" sizes=\"(max-width: 300px) 100vw, 300px\" \/><\/a>\n\t\t\t<\/div><\/figure>\n\t\t<\/div>\n\t\t<\/div>\n\t\t\t\t\t\t<\/div>\n\t\t\t\t<\/div>\n\t\t\t\t<div class=\"elementor-element elementor-element-9368f30 elementor-widget elementor-widget-text-editor\" data-id=\"9368f30\" data-element_type=\"widget\" data-widget_type=\"text-editor.default\">\n\t\t\t\t<div class=\"elementor-widget-container\">\n\t\t\t\t\t\t\t\t\t<p>Ca\u0142o\u015b\u0107 spektaklu wyre\u017cyserowa\u0142y Anna M\u0171nzberger i Aleksandra Blicharczyk, solist\u00f3w przygotowali: Anna M\u0171nzberger, Dorota Trybus, Aleksandra Blicharczyk \u00a0i Oleksiy Kozlov, ch\u00f3ry pod dyrekcj\u0105 Doroty M\u0171nzberger-G\u0105bki i Ma\u0142gorzaty Pelczar, zesp\u00f3\u0142 instrumentalny wyst\u0105pi\u0142 pod batut\u0105 Wojciecha G\u0105bki. Zespo\u0142y taneczne przygotowa\u0142a Anna K\u0142apkowska, w rol\u0119 narratora wcieli\u0142a si\u0119 Monika Fabisz, a ca\u0142o\u015bci dope\u0142ni\u0142y kostiumy Doroty W\u00f3jcik. Koncert prowadzili Natalia Winnicka i Karol Osuch.<\/p>\t\t\t\t\t\t\t\t<\/div>\n\t\t\t\t<\/div>\n\t\t\t\t<div class=\"elementor-element elementor-element-7254b64 elementor-widget elementor-widget-text-editor\" data-id=\"7254b64\" data-element_type=\"widget\" data-widget_type=\"text-editor.default\">\n\t\t\t\t<div class=\"elementor-widget-container\">\n\t\t\t\t\t\t\t\t\t<p><a href=\"https:\/\/splast.com.pl\"><strong>Sponsorem koncertu <\/strong>by\u0142a firma\u00a0\u00a0<strong>S P L A S T<\/strong><\/a><\/p><p><strong>Fotografie z koncertu<\/strong>: Fotografia Smyka i Wac\u0142aw Turek<\/p><p><strong>Koordynacja koncertu<\/strong> oraz <strong>projekt plakatu<\/strong>:\u00a0 Zuzanna G\u0105bka<\/p>\t\t\t\t\t\t\t\t<\/div>\n\t\t\t\t<\/div>\n\t\t\t\t<div class=\"elementor-element elementor-element-e49a163 elementor-widget elementor-widget-image\" data-id=\"e49a163\" data-element_type=\"widget\" data-widget_type=\"image.default\">\n\t\t\t\t<div class=\"elementor-widget-container\">\n\t\t\t\t\t\t\t\t\t\t\t\t\t\t\t<img loading=\"lazy\" decoding=\"async\" width=\"768\" height=\"1087\" src=\"https:\/\/promusicakrosno.pl\/wp-content\/uploads\/2023\/01\/2023.02.11_plakat-768x1087.jpeg\" class=\"attachment-medium_large size-medium_large wp-image-2334\" alt=\"\" srcset=\"https:\/\/promusicakrosno.pl\/wp-content\/uploads\/2023\/01\/2023.02.11_plakat-768x1087.jpeg 768w, https:\/\/promusicakrosno.pl\/wp-content\/uploads\/2023\/01\/2023.02.11_plakat-212x300.jpeg 212w, https:\/\/promusicakrosno.pl\/wp-content\/uploads\/2023\/01\/2023.02.11_plakat-724x1024.jpeg 724w, https:\/\/promusicakrosno.pl\/wp-content\/uploads\/2023\/01\/2023.02.11_plakat.jpeg 793w\" sizes=\"(max-width: 768px) 100vw, 768px\" \/>\t\t\t\t\t\t\t\t\t\t\t\t\t\t\t<\/div>\n\t\t\t\t<\/div>\n\t\t\t\t<div class=\"elementor-element elementor-element-0e9162e elementor-widget-divider--view-line_icon elementor-view-default elementor-widget-divider--element-align-center elementor-widget elementor-widget-divider\" data-id=\"0e9162e\" data-element_type=\"widget\" data-widget_type=\"divider.default\">\n\t\t\t\t<div class=\"elementor-widget-container\">\n\t\t\t\t\t\t\t<div class=\"elementor-divider\">\n\t\t\t<span class=\"elementor-divider-separator\">\n\t\t\t\t\t\t\t<div class=\"elementor-icon elementor-divider__element\">\n\t\t\t\t\t<svg xmlns=\"http:\/\/www.w3.org\/2000\/svg\" viewBox=\"0 0 24 24\"><path d=\"M21.65,2.24a1,1,0,0,0-.8-.23l-13,2A1,1,0,0,0,7,5V15.35A3.45,3.45,0,0,0,5.5,15,3.5,3.5,0,1,0,9,18.5V10.86L20,9.17v4.18A3.45,3.45,0,0,0,18.5,13,3.5,3.5,0,1,0,22,16.5V3A1,1,0,0,0,21.65,2.24ZM5.5,20A1.5,1.5,0,1,1,7,18.5,1.5,1.5,0,0,1,5.5,20Zm13-2A1.5,1.5,0,1,1,20,16.5,1.5,1.5,0,0,1,18.5,18ZM20,7.14,9,8.83v-3L20,4.17Z\"><\/path><\/svg><\/div>\n\t\t\t\t\t\t<\/span>\n\t\t<\/div>\n\t\t\t\t\t\t<\/div>\n\t\t\t\t<\/div>\n\t\t\t\t<div class=\"elementor-element elementor-element-330d32d elementor-align-center elementor-widget elementor-widget-button\" data-id=\"330d32d\" data-element_type=\"widget\" data-widget_type=\"button.default\">\n\t\t\t\t<div class=\"elementor-widget-container\">\n\t\t\t\t\t\t\t\t\t<div class=\"elementor-button-wrapper\">\n\t\t\t\t\t<a class=\"elementor-button elementor-button-link elementor-size-sm\" href=\"https:\/\/www.promusicakrosno.pl\/index.php\/aktualnosci\/\">\n\t\t\t\t\t\t<span class=\"elementor-button-content-wrapper\">\n\t\t\t\t\t\t\t\t\t<span class=\"elementor-button-text\">wr\u00f3\u0107<\/span>\n\t\t\t\t\t<\/span>\n\t\t\t\t\t<\/a>\n\t\t\t\t<\/div>\n\t\t\t\t\t\t\t\t<\/div>\n\t\t\t\t<\/div>\n\t\t\t\t<div class=\"elementor-element elementor-element-ca16b74 elementor-widget elementor-widget-spacer\" data-id=\"ca16b74\" data-element_type=\"widget\" data-widget_type=\"spacer.default\">\n\t\t\t\t<div class=\"elementor-widget-container\">\n\t\t\t\t\t\t\t<div class=\"elementor-spacer\">\n\t\t\t<div class=\"elementor-spacer-inner\"><\/div>\n\t\t<\/div>\n\t\t\t\t\t\t<\/div>\n\t\t\t\t<\/div>\n\t\t\t\t\t<\/div>\n\t\t<\/div>\n\t\t\t\t\t<\/div>\n\t\t<\/section>\n\t\t\t\t<section class=\"elementor-section elementor-top-section elementor-element elementor-element-9fe9399 elementor-section-boxed elementor-section-height-default elementor-section-height-default\" data-id=\"9fe9399\" data-element_type=\"section\" data-settings=\"{&quot;background_background&quot;:&quot;classic&quot;}\">\n\t\t\t\t\t\t\t<div class=\"elementor-background-overlay\"><\/div>\n\t\t\t\t\t\t\t<div class=\"elementor-container elementor-column-gap-no\">\n\t\t\t\t\t<div class=\"elementor-column elementor-col-100 elementor-top-column elementor-element elementor-element-039fd49\" data-id=\"039fd49\" data-element_type=\"column\">\n\t\t\t<div class=\"elementor-widget-wrap elementor-element-populated\">\n\t\t\t\t\t\t<div class=\"elementor-element elementor-element-bfb91e4 elementor-widget elementor-widget-heading\" data-id=\"bfb91e4\" data-element_type=\"widget\" data-widget_type=\"heading.default\">\n\t\t\t\t<div class=\"elementor-widget-container\">\n\t\t\t\t\t<h2 class=\"elementor-heading-title elementor-size-default\">pro musica<\/h2>\t\t\t\t<\/div>\n\t\t\t\t<\/div>\n\t\t\t\t<div class=\"elementor-element elementor-element-26ec901 elementor-widget elementor-widget-text-editor\" data-id=\"26ec901\" data-element_type=\"widget\" data-widget_type=\"text-editor.default\">\n\t\t\t\t<div class=\"elementor-widget-container\">\n\t\t\t\t\t\t\t\t\t<p style=\"text-align: center;\">est\u00a0 1989<\/p>\t\t\t\t\t\t\t\t<\/div>\n\t\t\t\t<\/div>\n\t\t\t\t<div class=\"elementor-element elementor-element-f9c12ae elementor-widget-mobile__width-inherit elementor-align-center elementor-widget elementor-widget-button\" data-id=\"f9c12ae\" data-element_type=\"widget\" data-widget_type=\"button.default\">\n\t\t\t\t<div class=\"elementor-widget-container\">\n\t\t\t\t\t\t\t\t\t<div class=\"elementor-button-wrapper\">\n\t\t\t\t\t<a class=\"elementor-button elementor-button-link elementor-size-sm\" href=\"#\">\n\t\t\t\t\t\t<span class=\"elementor-button-content-wrapper\">\n\t\t\t\t\t\t\t\t\t<span class=\"elementor-button-text\">przewi\u0144 w g\u00f3r\u0119<\/span>\n\t\t\t\t\t<\/span>\n\t\t\t\t\t<\/a>\n\t\t\t\t<\/div>\n\t\t\t\t\t\t\t\t<\/div>\n\t\t\t\t<\/div>\n\t\t\t\t\t<\/div>\n\t\t<\/div>\n\t\t\t\t\t<\/div>\n\t\t<\/section>\n\t\t\t\t<\/div>\n\t\t","protected":false},"excerpt":{"rendered":"<p>musical dreams &#8211; muzyczne marzenia 11 lutego 2023r. po raz XXIX przy wsp\u00f3\u0142udziale Urz\u0119du Miasta Krosna oraz Regionalnego Centrum Kultur Pogranicza zaprosili\u015bmy widz\u00f3w\u00a0 na\u00a0 Koncert Noworoczny \u201eMusical Dreams &#8211; Muzyczne Marzenia\u201d W sali Regionalnego Centrum Kultur Pogranicza wyst\u0105pili uczniowie Prywatnej Szko\u0142y Muzycznej I i II stopnia Pro Musica w Kro\u015bnie. Koncert otworzy\u0142a Suita instrumentalna &#8211; [&hellip;]<\/p>\n","protected":false},"author":1,"featured_media":0,"parent":0,"menu_order":0,"comment_status":"closed","ping_status":"closed","template":"","meta":{"site-sidebar-layout":"no-sidebar","site-content-layout":"page-builder","ast-site-content-layout":"","site-content-style":"default","site-sidebar-style":"default","ast-global-header-display":"","ast-banner-title-visibility":"","ast-main-header-display":"","ast-hfb-above-header-display":"","ast-hfb-below-header-display":"","ast-hfb-mobile-header-display":"","site-post-title":"disabled","ast-breadcrumbs-content":"","ast-featured-img":"disabled","footer-sml-layout":"","theme-transparent-header-meta":"enabled","adv-header-id-meta":"","stick-header-meta":"","header-above-stick-meta":"","header-main-stick-meta":"","header-below-stick-meta":"","astra-migrate-meta-layouts":"default","ast-page-background-enabled":"default","ast-page-background-meta":{"desktop":{"background-color":"","background-image":"","background-repeat":"repeat","background-position":"center center","background-size":"auto","background-attachment":"scroll","background-type":"","background-media":"","overlay-type":"","overlay-color":"","overlay-opacity":"","overlay-gradient":""},"tablet":{"background-color":"","background-image":"","background-repeat":"repeat","background-position":"center center","background-size":"auto","background-attachment":"scroll","background-type":"","background-media":"","overlay-type":"","overlay-color":"","overlay-opacity":"","overlay-gradient":""},"mobile":{"background-color":"","background-image":"","background-repeat":"repeat","background-position":"center center","background-size":"auto","background-attachment":"scroll","background-type":"","background-media":"","overlay-type":"","overlay-color":"","overlay-opacity":"","overlay-gradient":""}},"ast-content-background-meta":{"desktop":{"background-color":"var(--ast-global-color-5)","background-image":"","background-repeat":"repeat","background-position":"center center","background-size":"auto","background-attachment":"scroll","background-type":"","background-media":"","overlay-type":"","overlay-color":"","overlay-opacity":"","overlay-gradient":""},"tablet":{"background-color":"var(--ast-global-color-5)","background-image":"","background-repeat":"repeat","background-position":"center center","background-size":"auto","background-attachment":"scroll","background-type":"","background-media":"","overlay-type":"","overlay-color":"","overlay-opacity":"","overlay-gradient":""},"mobile":{"background-color":"var(--ast-global-color-5)","background-image":"","background-repeat":"repeat","background-position":"center center","background-size":"auto","background-attachment":"scroll","background-type":"","background-media":"","overlay-type":"","overlay-color":"","overlay-opacity":"","overlay-gradient":""}},"footnotes":""},"folder":[],"class_list":["post-2402","page","type-page","status-publish","hentry"],"yoast_head":"<!-- This site is optimized with the Yoast SEO plugin v26.6 - https:\/\/yoast.com\/wordpress\/plugins\/seo\/ -->\n<title>Musical Dreams - Szko\u0142a Muzyczna Krosno<\/title>\n<meta name=\"description\" content=\"Prywatna Szko\u0142a Muzyczna Pro Musica I i II stopnia w Kro\u015bnie. Studium wokalno-instrumentalne i zaj\u0119cia artystyczne dla najm\u0142odszych\" \/>\n<meta name=\"robots\" content=\"index, follow, max-snippet:-1, max-image-preview:large, max-video-preview:-1\" \/>\n<link rel=\"canonical\" href=\"https:\/\/promusicakrosno.pl\/index.php\/musical_dreams\/\" \/>\n<meta property=\"og:locale\" content=\"pl_PL\" \/>\n<meta property=\"og:type\" content=\"article\" \/>\n<meta property=\"og:title\" content=\"Musical Dreams - Szko\u0142a Muzyczna Krosno\" \/>\n<meta property=\"og:description\" content=\"Prywatna Szko\u0142a Muzyczna Pro Musica I i II stopnia w Kro\u015bnie. Studium wokalno-instrumentalne i zaj\u0119cia artystyczne dla najm\u0142odszych\" \/>\n<meta property=\"og:url\" content=\"https:\/\/promusicakrosno.pl\/index.php\/musical_dreams\/\" \/>\n<meta property=\"og:site_name\" content=\"Szko\u0142a Muzyczna Krosno\" \/>\n<meta property=\"article:modified_time\" content=\"2023-08-26T14:20:12+00:00\" \/>\n<meta property=\"og:image\" content=\"https:\/\/www.promusicakrosno.pl\/wp-content\/uploads\/2023\/02\/2023.02.11_11-1-300x200.jpg\" \/>\n<meta name=\"twitter:card\" content=\"summary_large_image\" \/>\n<meta name=\"twitter:label1\" content=\"Szacowany czas czytania\" \/>\n\t<meta name=\"twitter:data1\" content=\"7 minut\" \/>\n<script type=\"application\/ld+json\" class=\"yoast-schema-graph\">{\"@context\":\"https:\/\/schema.org\",\"@graph\":[{\"@type\":\"WebPage\",\"@id\":\"https:\/\/promusicakrosno.pl\/index.php\/musical_dreams\/\",\"url\":\"https:\/\/promusicakrosno.pl\/index.php\/musical_dreams\/\",\"name\":\"Musical Dreams - Szko\u0142a Muzyczna Krosno\",\"isPartOf\":{\"@id\":\"https:\/\/promusicakrosno.pl\/#website\"},\"primaryImageOfPage\":{\"@id\":\"https:\/\/promusicakrosno.pl\/index.php\/musical_dreams\/#primaryimage\"},\"image\":{\"@id\":\"https:\/\/promusicakrosno.pl\/index.php\/musical_dreams\/#primaryimage\"},\"thumbnailUrl\":\"https:\/\/www.promusicakrosno.pl\/wp-content\/uploads\/2023\/02\/2023.02.11_11-1-300x200.jpg\",\"datePublished\":\"2023-02-19T09:46:43+00:00\",\"dateModified\":\"2023-08-26T14:20:12+00:00\",\"description\":\"Prywatna Szko\u0142a Muzyczna Pro Musica I i II stopnia w Kro\u015bnie. Studium wokalno-instrumentalne i zaj\u0119cia artystyczne dla najm\u0142odszych\",\"breadcrumb\":{\"@id\":\"https:\/\/promusicakrosno.pl\/index.php\/musical_dreams\/#breadcrumb\"},\"inLanguage\":\"pl-PL\",\"potentialAction\":[{\"@type\":\"ReadAction\",\"target\":[\"https:\/\/promusicakrosno.pl\/index.php\/musical_dreams\/\"]}]},{\"@type\":\"ImageObject\",\"inLanguage\":\"pl-PL\",\"@id\":\"https:\/\/promusicakrosno.pl\/index.php\/musical_dreams\/#primaryimage\",\"url\":\"https:\/\/www.promusicakrosno.pl\/wp-content\/uploads\/2023\/02\/2023.02.11_11-1-300x200.jpg\",\"contentUrl\":\"https:\/\/www.promusicakrosno.pl\/wp-content\/uploads\/2023\/02\/2023.02.11_11-1-300x200.jpg\"},{\"@type\":\"BreadcrumbList\",\"@id\":\"https:\/\/promusicakrosno.pl\/index.php\/musical_dreams\/#breadcrumb\",\"itemListElement\":[{\"@type\":\"ListItem\",\"position\":1,\"name\":\"Strona g\u0142\u00f3wna\",\"item\":\"https:\/\/promusicakrosno.pl\/\"},{\"@type\":\"ListItem\",\"position\":2,\"name\":\"Musical Dreams\"}]},{\"@type\":\"WebSite\",\"@id\":\"https:\/\/promusicakrosno.pl\/#website\",\"url\":\"https:\/\/promusicakrosno.pl\/\",\"name\":\"Szko\u0142a Muzyczna Krosno\",\"description\":\"Pro Musica\",\"publisher\":{\"@id\":\"https:\/\/promusicakrosno.pl\/#organization\"},\"potentialAction\":[{\"@type\":\"SearchAction\",\"target\":{\"@type\":\"EntryPoint\",\"urlTemplate\":\"https:\/\/promusicakrosno.pl\/?s={search_term_string}\"},\"query-input\":{\"@type\":\"PropertyValueSpecification\",\"valueRequired\":true,\"valueName\":\"search_term_string\"}}],\"inLanguage\":\"pl-PL\"},{\"@type\":\"Organization\",\"@id\":\"https:\/\/promusicakrosno.pl\/#organization\",\"name\":\"Szko\u0142a Muzyczna Krosno\",\"url\":\"https:\/\/promusicakrosno.pl\/\",\"logo\":{\"@type\":\"ImageObject\",\"inLanguage\":\"pl-PL\",\"@id\":\"https:\/\/promusicakrosno.pl\/#\/schema\/logo\/image\/\",\"url\":\"https:\/\/promusicakrosno.pl\/wp-content\/uploads\/2022\/02\/logo_png_bez_tla.png\",\"contentUrl\":\"https:\/\/promusicakrosno.pl\/wp-content\/uploads\/2022\/02\/logo_png_bez_tla.png\",\"width\":271,\"height\":159,\"caption\":\"Szko\u0142a Muzyczna Krosno\"},\"image\":{\"@id\":\"https:\/\/promusicakrosno.pl\/#\/schema\/logo\/image\/\"}}]}<\/script>\n<!-- \/ Yoast SEO plugin. -->","yoast_head_json":{"title":"Musical Dreams - Szko\u0142a Muzyczna Krosno","description":"Prywatna Szko\u0142a Muzyczna Pro Musica I i II stopnia w Kro\u015bnie. Studium wokalno-instrumentalne i zaj\u0119cia artystyczne dla najm\u0142odszych","robots":{"index":"index","follow":"follow","max-snippet":"max-snippet:-1","max-image-preview":"max-image-preview:large","max-video-preview":"max-video-preview:-1"},"canonical":"https:\/\/promusicakrosno.pl\/index.php\/musical_dreams\/","og_locale":"pl_PL","og_type":"article","og_title":"Musical Dreams - Szko\u0142a Muzyczna Krosno","og_description":"Prywatna Szko\u0142a Muzyczna Pro Musica I i II stopnia w Kro\u015bnie. Studium wokalno-instrumentalne i zaj\u0119cia artystyczne dla najm\u0142odszych","og_url":"https:\/\/promusicakrosno.pl\/index.php\/musical_dreams\/","og_site_name":"Szko\u0142a Muzyczna Krosno","article_modified_time":"2023-08-26T14:20:12+00:00","og_image":[{"url":"https:\/\/www.promusicakrosno.pl\/wp-content\/uploads\/2023\/02\/2023.02.11_11-1-300x200.jpg","type":"","width":"","height":""}],"twitter_card":"summary_large_image","twitter_misc":{"Szacowany czas czytania":"7 minut"},"schema":{"@context":"https:\/\/schema.org","@graph":[{"@type":"WebPage","@id":"https:\/\/promusicakrosno.pl\/index.php\/musical_dreams\/","url":"https:\/\/promusicakrosno.pl\/index.php\/musical_dreams\/","name":"Musical Dreams - Szko\u0142a Muzyczna Krosno","isPartOf":{"@id":"https:\/\/promusicakrosno.pl\/#website"},"primaryImageOfPage":{"@id":"https:\/\/promusicakrosno.pl\/index.php\/musical_dreams\/#primaryimage"},"image":{"@id":"https:\/\/promusicakrosno.pl\/index.php\/musical_dreams\/#primaryimage"},"thumbnailUrl":"https:\/\/www.promusicakrosno.pl\/wp-content\/uploads\/2023\/02\/2023.02.11_11-1-300x200.jpg","datePublished":"2023-02-19T09:46:43+00:00","dateModified":"2023-08-26T14:20:12+00:00","description":"Prywatna Szko\u0142a Muzyczna Pro Musica I i II stopnia w Kro\u015bnie. Studium wokalno-instrumentalne i zaj\u0119cia artystyczne dla najm\u0142odszych","breadcrumb":{"@id":"https:\/\/promusicakrosno.pl\/index.php\/musical_dreams\/#breadcrumb"},"inLanguage":"pl-PL","potentialAction":[{"@type":"ReadAction","target":["https:\/\/promusicakrosno.pl\/index.php\/musical_dreams\/"]}]},{"@type":"ImageObject","inLanguage":"pl-PL","@id":"https:\/\/promusicakrosno.pl\/index.php\/musical_dreams\/#primaryimage","url":"https:\/\/www.promusicakrosno.pl\/wp-content\/uploads\/2023\/02\/2023.02.11_11-1-300x200.jpg","contentUrl":"https:\/\/www.promusicakrosno.pl\/wp-content\/uploads\/2023\/02\/2023.02.11_11-1-300x200.jpg"},{"@type":"BreadcrumbList","@id":"https:\/\/promusicakrosno.pl\/index.php\/musical_dreams\/#breadcrumb","itemListElement":[{"@type":"ListItem","position":1,"name":"Strona g\u0142\u00f3wna","item":"https:\/\/promusicakrosno.pl\/"},{"@type":"ListItem","position":2,"name":"Musical Dreams"}]},{"@type":"WebSite","@id":"https:\/\/promusicakrosno.pl\/#website","url":"https:\/\/promusicakrosno.pl\/","name":"Szko\u0142a Muzyczna Krosno","description":"Pro Musica","publisher":{"@id":"https:\/\/promusicakrosno.pl\/#organization"},"potentialAction":[{"@type":"SearchAction","target":{"@type":"EntryPoint","urlTemplate":"https:\/\/promusicakrosno.pl\/?s={search_term_string}"},"query-input":{"@type":"PropertyValueSpecification","valueRequired":true,"valueName":"search_term_string"}}],"inLanguage":"pl-PL"},{"@type":"Organization","@id":"https:\/\/promusicakrosno.pl\/#organization","name":"Szko\u0142a Muzyczna Krosno","url":"https:\/\/promusicakrosno.pl\/","logo":{"@type":"ImageObject","inLanguage":"pl-PL","@id":"https:\/\/promusicakrosno.pl\/#\/schema\/logo\/image\/","url":"https:\/\/promusicakrosno.pl\/wp-content\/uploads\/2022\/02\/logo_png_bez_tla.png","contentUrl":"https:\/\/promusicakrosno.pl\/wp-content\/uploads\/2022\/02\/logo_png_bez_tla.png","width":271,"height":159,"caption":"Szko\u0142a Muzyczna Krosno"},"image":{"@id":"https:\/\/promusicakrosno.pl\/#\/schema\/logo\/image\/"}}]}},"_links":{"self":[{"href":"https:\/\/promusicakrosno.pl\/index.php\/wp-json\/wp\/v2\/pages\/2402","targetHints":{"allow":["GET"]}}],"collection":[{"href":"https:\/\/promusicakrosno.pl\/index.php\/wp-json\/wp\/v2\/pages"}],"about":[{"href":"https:\/\/promusicakrosno.pl\/index.php\/wp-json\/wp\/v2\/types\/page"}],"author":[{"embeddable":true,"href":"https:\/\/promusicakrosno.pl\/index.php\/wp-json\/wp\/v2\/users\/1"}],"replies":[{"embeddable":true,"href":"https:\/\/promusicakrosno.pl\/index.php\/wp-json\/wp\/v2\/comments?post=2402"}],"version-history":[{"count":56,"href":"https:\/\/promusicakrosno.pl\/index.php\/wp-json\/wp\/v2\/pages\/2402\/revisions"}],"predecessor-version":[{"id":2846,"href":"https:\/\/promusicakrosno.pl\/index.php\/wp-json\/wp\/v2\/pages\/2402\/revisions\/2846"}],"wp:attachment":[{"href":"https:\/\/promusicakrosno.pl\/index.php\/wp-json\/wp\/v2\/media?parent=2402"}],"wp:term":[{"taxonomy":"folder","embeddable":true,"href":"https:\/\/promusicakrosno.pl\/index.php\/wp-json\/wp\/v2\/folder?post=2402"}],"curies":[{"name":"wp","href":"https:\/\/api.w.org\/{rel}","templated":true}]}}