{"id":4294,"date":"2025-01-07T21:12:40","date_gmt":"2025-01-07T21:12:40","guid":{"rendered":"https:\/\/www.promusicakrosno.pl\/?page_id=4294"},"modified":"2025-01-30T17:05:40","modified_gmt":"2025-01-30T17:05:40","slug":"encanto","status":"publish","type":"page","link":"https:\/\/promusicakrosno.pl\/index.php\/encanto\/","title":{"rendered":"Encanto"},"content":{"rendered":"\t\t<div data-elementor-type=\"wp-page\" data-elementor-id=\"4294\" class=\"elementor elementor-4294\">\n\t\t\t\t\t\t<section class=\"elementor-section elementor-top-section elementor-element elementor-element-034a199 elementor-section-boxed elementor-section-height-default elementor-section-height-default\" data-id=\"034a199\" data-element_type=\"section\" data-settings=\"{&quot;background_background&quot;:&quot;classic&quot;}\">\n\t\t\t\t\t\t\t<div class=\"elementor-background-overlay\"><\/div>\n\t\t\t\t\t\t\t<div class=\"elementor-container elementor-column-gap-no\">\n\t\t\t\t\t<div class=\"elementor-column elementor-col-100 elementor-top-column elementor-element elementor-element-9434c67\" data-id=\"9434c67\" data-element_type=\"column\">\n\t\t\t<div class=\"elementor-widget-wrap elementor-element-populated\">\n\t\t\t\t\t\t<div class=\"elementor-element elementor-element-3b9b53a elementor-invisible elementor-widget elementor-widget-heading\" data-id=\"3b9b53a\" data-element_type=\"widget\" data-settings=\"{&quot;_animation&quot;:&quot;rollIn&quot;}\" data-widget_type=\"heading.default\">\n\t\t\t\t<div class=\"elementor-widget-container\">\n\t\t\t\t\t<h2 class=\"elementor-heading-title elementor-size-default\"><a href=\"https:\/\/www.promusicakrosno.pl\/wp-admin\/post.php?post=3121&#038;action=elementor\">musical \"Encanto\"<\/a><\/h2>\t\t\t\t<\/div>\n\t\t\t\t<\/div>\n\t\t\t\t<div class=\"elementor-element elementor-element-bc219e2 elementor-widget-divider--view-line elementor-widget elementor-widget-divider\" data-id=\"bc219e2\" data-element_type=\"widget\" data-widget_type=\"divider.default\">\n\t\t\t\t<div class=\"elementor-widget-container\">\n\t\t\t\t\t\t\t<div class=\"elementor-divider\">\n\t\t\t<span class=\"elementor-divider-separator\">\n\t\t\t\t\t\t<\/span>\n\t\t<\/div>\n\t\t\t\t\t\t<\/div>\n\t\t\t\t<\/div>\n\t\t\t\t\t<\/div>\n\t\t<\/div>\n\t\t\t\t\t<\/div>\n\t\t<\/section>\n\t\t\t\t<section class=\"elementor-section elementor-top-section elementor-element elementor-element-0ad9787 elementor-section-content-middle elementor-section-boxed elementor-section-height-default elementor-section-height-default\" data-id=\"0ad9787\" data-element_type=\"section\" data-settings=\"{&quot;background_background&quot;:&quot;classic&quot;}\">\n\t\t\t\t\t\t\t<div class=\"elementor-background-overlay\"><\/div>\n\t\t\t\t\t\t\t<div class=\"elementor-container elementor-column-gap-no\">\n\t\t\t\t\t<div class=\"elementor-column elementor-col-100 elementor-top-column elementor-element elementor-element-ba59ac3\" data-id=\"ba59ac3\" data-element_type=\"column\">\n\t\t\t<div class=\"elementor-widget-wrap elementor-element-populated\">\n\t\t\t\t\t\t<div class=\"elementor-element elementor-element-3b10c30 elementor-widget elementor-widget-video\" data-id=\"3b10c30\" data-element_type=\"widget\" data-settings=\"{&quot;youtube_url&quot;:&quot;https:\\\/\\\/www.youtube.com\\\/watch?v=rGVn8-Pmp4I&amp;feature=youtu.be&quot;,&quot;video_type&quot;:&quot;youtube&quot;,&quot;controls&quot;:&quot;yes&quot;}\" data-widget_type=\"video.default\">\n\t\t\t\t<div class=\"elementor-widget-container\">\n\t\t\t\t\t\t\t<div class=\"elementor-wrapper elementor-open-inline\">\n\t\t\t<div class=\"elementor-video\"><\/div>\t\t<\/div>\n\t\t\t\t\t\t<\/div>\n\t\t\t\t<\/div>\n\t\t\t\t<div class=\"elementor-element elementor-element-a40f217 elementor-widget elementor-widget-heading\" data-id=\"a40f217\" data-element_type=\"widget\" data-widget_type=\"heading.default\">\n\t\t\t\t<div class=\"elementor-widget-container\">\n\t\t\t\t\t<div class=\"elementor-heading-title elementor-size-default\">wovideo - Wojciech Pachana<\/div>\t\t\t\t<\/div>\n\t\t\t\t<\/div>\n\t\t\t\t<div class=\"elementor-element elementor-element-67eb882 elementor-widget elementor-widget-text-editor\" data-id=\"67eb882\" data-element_type=\"widget\" data-widget_type=\"text-editor.default\">\n\t\t\t\t<div class=\"elementor-widget-container\">\n\t\t\t\t\t\t\t\t\t<h3><span style=\"color: #7a7a7a; font-family: 'Source Sans Pro', sans-serif; font-size: 16px; font-style: normal; text-align: justify;\">18 stycznia 2025 r. w Sali Koncertowej Regionalnego Centrum Kultur Pogranicza w Kro\u015bnie Prywatna Szko\u0142a Muzyczna Pro Musica wystawi\u0142a&nbsp;<\/span><span style=\"color: #7a7a7a; font-family: 'Source Sans Pro', sans-serif; font-size: 16px; font-style: normal; text-align: justify; background-color: var(--ast-global-color-4);\">musical z muzyk\u0105 na \u017cywo:&nbsp;<\/span><\/h3>\n<h3><strong>&#8221; E N C A N T O &#8222;<\/strong><\/h3>\n<p style=\"text-align: justify;\"><span style=\"font-size: 12.0pt; line-height: 115%;\">Inicjatork\u0105 wystawienia kolejnego dzie\u0142a scenicznego przez szko\u0142\u0119, jego pomys\u0142odawczyni\u0105 by\u0142a absolwentka szko\u0142y.&nbsp;<\/span><\/p>\n<p style=\"text-align: justify;\"><span style=\"font-size: 12pt; font-style: inherit; font-weight: inherit; background-color: var(--ast-global-color-4); color: var(--ast-global-color-3);\">Zuzanna M\u0171nzberger-G\u0105bka w swoim \u017cyciu artystycznym ma ju\u017c kilka znacz\u0105cych nagr\u00f3d konkursowych i kilkadziesi\u0105t wydarze\u0144 artystycznych, w kt\u00f3rych uczestniczy\u0142a. Przez wszystkie lata ucz\u0119szczaj\u0105c do szk\u00f3\u0142 og\u00f3lnych, popo\u0142udniowy czas sp\u0119dza\u0142a w Prywatnej Szkole Muzycznej Pro Musica w Kro\u015bnie, kt\u00f3rej za\u0142o\u017cycielami s\u0105 jej dziadkowie \u2013 Anna i Adam M\u0171nzbergerowie. Zuzia od najm\u0142odszych swoich lat gra\u0142a na fortepianie, \u015bpiewa\u0142a i ta\u0144czy\u0142a. Wciela\u0142a si\u0119 w role bohater\u00f3w dzieci\u0119cych oper, kt\u00f3re szko\u0142a Pro Musica wystawia\u0142a, podczas 36-ciu lat swojego istnienia, ju\u017c kilkukrotnie. Osi\u0105gaj\u0105c dojrza\u0142o\u015b\u0107 postanowi\u0142a wreszcie sama zainicjowa\u0107 dzie\u0142o sceniczne, realizuj\u0105c przy wsp\u00f3\u0142udziale ca\u0142ego \u015brodowiska szko\u0142y musical \u201eEncanto\u201d. Intensywna praca nad musicalem trwa\u0142a w sumie kilka miesi\u0119cy. Nie maj\u0105c \u017cadnych zapis\u00f3w nutowych Zuzia dok\u0142adnie przes\u0142uchiwa\u0142a warstw\u0119 muzyczn\u0105 dzie\u0142a spisuj\u0105c po kolei wszystkie zas\u0142yszane d\u017awi\u0119ki, takt po takcie, utw\u00f3r po utworze, a&nbsp; nast\u0119pnie podj\u0119\u0142a si\u0119 aran\u017cacji na 3-g\u0142osowy ch\u00f3r dzieci\u0119cy i kilkuosobowy zesp\u00f3\u0142 instrumentalny \u2013 skrzypce, wiolonczel\u0119, kontrabas, fortepian, flet, saksofon, gitar\u0119 oraz cymba\u0142y i instrumenty perkusyjne. W mi\u0119dzyczasie Zuzanna M\u0171nzberger-G\u0105bka oraz Aleksandra Pietrzkiewicz zredagowa\u0142y r\u00f3wnie\u017c scenariusz musicalu, albo raczej ma\u0142e dwuaktowe libretto, kt\u00f3re w ca\u0142o\u015bci na scenie RCKP w Kro\u015bnie wybrzmia\u0142o w ci\u0105gu dw\u00f3ch godzin. Zuzia przygotowa\u0142a nast\u0119pnie wst\u0119pny zarys scenografii oraz zestaw zdj\u0119\u0107 do wy\u015bwietle\u0144 scenicznych, ostatecznie przygotowa\u0142a plakat, foldery i zaproszenia.<\/span><\/p>\n<p style=\"text-align: justify;\"><span style=\"font-size: 12.0pt; line-height: 115%;\">Jednak\u017ce, do powstania i realizacji tego dzie\u0142a przyczynili si\u0119 wszyscy nauczyciele Prywatnej Szko\u0142y Muzycznej Pro Musica, jej pracownicy administracyjni oraz uczniowie.<\/span><\/p>\n<p><span style=\"font-size: 12.0pt; line-height: 115%;\">&nbsp;<\/span><\/p>\n<p><span style=\"font-size: 12.0pt; line-height: 115%;\">W REALIZACJI SPEKTAKLU UDZIA\u0141 WZI\u0118LI: <\/span><\/p>\n<p><span style=\"font-size: 12.0pt; line-height: 115%;\">Monika Fabisz &#8211; re\u017cyseria, przygotowanie solist\u00f3w oraz zespo\u0142u wokalnego <\/span><\/p>\n<p><span style=\"font-size: 12.0pt; line-height: 115%;\">Zuzanna Munzberger-G\u0105bka &#8211; re\u017cyseria, scenariusz, aran\u017cacje wokalne i instrumentalne, przygotowanie ch\u00f3ru, oprawa graficzna spektaklu <\/span><\/p>\n<p><span style=\"font-size: 12.0pt; line-height: 115%;\">Aleksandra Pietrzkiewicz &#8211; re\u017cyseria, scenariusz, przygotowanie ch\u00f3ru <\/span><\/p>\n<p><span style=\"font-size: 12.0pt; line-height: 115%;\">Wojciech G\u0105bka &#8211; aran\u017cacje instrumentalne <\/span><\/p>\n<p><span style=\"font-size: 12.0pt; line-height: 115%;\">Anna K\u0142apkowska <\/span><span style=\"font-size: 12pt; font-style: inherit; font-weight: inherit; background-color: var(--ast-global-color-4); color: var(--ast-global-color-3);\">&nbsp;&#8211; choreografia i przygotowanie zespo\u0142\u00f3w baletowych&nbsp;<\/span><\/p>\n<p><span style=\"font-size: 12.0pt; line-height: 115%;\">Dorota W\u00f3jcik &#8211; przygotowanie kostium\u00f3w i koordynacja sceniczna<\/span><\/p><p><span style=\"font-size: 12.0pt; line-height: 115%;\">Ma\u0142gorzata Pelczar &#8211;&nbsp;<\/span><span style=\"background-color: var(--ast-global-color-4); color: var(--ast-global-color-3); font-size: 1rem;\">koordynacja sceniczna<\/span><\/p>\n<p><span style=\"font-size: 12.0pt; line-height: 115%;\">Aleksandra Wo\u015b &#8211; przygotowanie zespo\u0142u wokalnego <\/span><\/p>\n<p><span style=\"font-size: 12.0pt; line-height: 115%;\">Grzegorz Przepi\u00f3ra &#8211; nag\u0142o\u015bnienie <\/span><\/p>\n<p><span style=\"font-size: 12.0pt; line-height: 115%;\">Krzysztof Makuch &#8211; o\u015bwietlenie <\/span><\/p>\n<p><span style=\"font-size: 12.0pt; line-height: 115%;\">Kamil Zych &#8211; przygotowanie rekwizyt\u00f3w <\/span><\/p>\n<p><span style=\"font-size: 12.0pt; line-height: 115%;\">Szymon W\u00f3jcik \u2013 wy\u015bwietlanie obraz\u00f3w scenicznych<\/span><\/p>\n<p><span style=\"font-size: 12.0pt; line-height: 115%;\">&nbsp;<\/span><\/p>\n<p><span style=\"font-size: 12.0pt; line-height: 115%;\">Zesp\u00f3\u0142 instrumentalny sk\u0142ada\u0142 si\u0119 z nauczycieli naszej szko\u0142y, &#8222;<i>mieli\u015bmy wiele intensywnych pr\u00f3b&#8221; \ud83d\ude09<\/i><\/span><\/p>\n<p><span style=\"font-size: 12.0pt; line-height: 115%;\">ZESP\u00d3\u0141 INSTRUMENTALNY pod DYREKCJ\u0104 &#8211; WOJCIECHA G\u0104BKI &#8211; w sk\u0142adzie:<\/span><\/p>\n<p><span style=\"font-size: 12.0pt; line-height: 115%;\">Dorota Munzberger-G\u0105bka &#8211; fortepian <\/span><\/p>\n<p><span style=\"font-size: 12.0pt; line-height: 115%;\">Oleksiy Kozlov &#8211; skrzypce <\/span><\/p>\n<p><span style=\"font-size: 12.0pt; line-height: 115%;\">Rados\u0142aw Stencel &#8211; wiolonczela <\/span><\/p>\n<p><span style=\"font-size: 12.0pt; line-height: 115%;\">Wojciech G\u0105bka &#8211; kontrabas <\/span><\/p>\n<p><span style=\"font-size: 12.0pt; line-height: 115%;\">Dorota Trybus &#8211; flet <\/span><\/p>\n<p><span style=\"font-size: 12.0pt; line-height: 115%;\">Maciej Jurczak &#8211; gitara <\/span><\/p>\n<p><span style=\"font-size: 12.0pt; line-height: 115%;\">Andrzej Mozga\u0142a &#8211; cymba\u0142y, saksofon oraz instrumenty perkusyjne<\/span><\/p>\n<p><span style=\"font-size: 12.0pt; line-height: 115%;\">&nbsp;<\/span><\/p>\n<p><span style=\"font-size: 12.0pt; line-height: 115%;\">W POSTACIE Z MUSICALU wcielili si\u0119:<\/span><\/p>\n<p><span style=\"font-size: 12.0pt; line-height: 115%;\">W ROLI G\u0141\u00d3WNEJ &#8211; ANTONINA MAZUR <\/span><\/p>\n<p><span style=\"font-size: 12.0pt; line-height: 115%;\">w roli Abueli &#8211; Zuzanna Munzberger-G\u0105bka <\/span><\/p>\n<p><span style=\"font-size: 12.0pt; line-height: 115%;\">w rolach dzieci &#8211; Rozalia Adamczyk, Apolonia Bara\u015b oraz Antonina Chrapek <\/span><\/p>\n<p><span style=\"font-size: 12.0pt; line-height: 115%;\">w roli Pepy &#8211; Natalia Winnicka <\/span><\/p>\n<p><span style=\"font-size: 12.0pt; line-height: 115%;\">w roli Luisy &#8211; Alicja Janas <\/span><\/p>\n<p><span style=\"font-size: 12.0pt; line-height: 115%;\">w roli Dolores &#8211; Zuzanna Jucha <\/span><\/p>\n<p><span style=\"font-size: 12.0pt; line-height: 115%;\">w roli Bruna &#8211; Karol Osuch <\/span><\/p>\n<p><span style=\"font-size: 12.0pt; line-height: 115%;\">w roli Isabelli &#8211; Aleksandra Pietrzkiewicz <\/span><\/p>\n<p><span style=\"font-size: 12.0pt; line-height: 115%;\">w roli Antonia &#8211; Wiktoria Ko\u0142odziej <\/span><\/p>\n<p><span style=\"font-size: 12.0pt; line-height: 115%;\">w roli ma\u0142ej Mirabel &#8211; Anna Wr\u00f3bel <\/span><\/p>\n<p><span style=\"font-size: 12.0pt; line-height: 115%;\">&nbsp;<\/span><\/p>\n<p><span style=\"font-size: 12.0pt; line-height: 115%;\">Spektakl zosta\u0142 zrealizowany dzi\u0119ki pomocy: <\/span><\/p>\n<p><b><span style=\"font-size: 12.0pt; line-height: 115%;\">Regionalnego Centrum Kultur Pogranicza w Kro\u015bnie<\/span><\/b><\/p>\n<p><b><span style=\"font-size: 12.0pt; line-height: 115%;\">Urz\u0119du Miasta Krosna<\/span><\/b><\/p>\n<p><b><span style=\"font-size: 12.0pt; line-height: 115%;\">Prezesa firmy &nbsp;&nbsp;&nbsp;&nbsp;S&nbsp; P&nbsp;&nbsp; L&nbsp;&nbsp; A&nbsp;&nbsp; S &nbsp;&nbsp;T <\/span><\/b><\/p>\n<p><span style=\"font-size: 12.0pt; line-height: 115%;\">Wszystkim, kt\u00f3rzy przyczynili si\u0119 do przygotowania i realizacji musicalu bardzo serdecznie dzi\u0119kujemy \u2013 Prywatna Szko\u0142a Muzyczna Krosno.<\/span><\/p>\n<p><span style=\"font-size: 12.0pt; line-height: 115%;\">&nbsp;foto relacja z wydarzenia: Margo Tla\u0142ka Fotografia Artystyczna<\/span><\/p>\t\t\t\t\t\t\t\t<\/div>\n\t\t\t\t<\/div>\n\t\t\t\t<div class=\"elementor-element elementor-element-51c7d6c gallery-spacing-custom elementor-widget elementor-widget-image-gallery\" data-id=\"51c7d6c\" data-element_type=\"widget\" data-widget_type=\"image-gallery.default\">\n\t\t\t\t<div class=\"elementor-widget-container\">\n\t\t\t\t\t\t\t<div class=\"elementor-image-gallery\">\n\t\t\t<div id='gallery-1' class='gallery galleryid-4294 gallery-columns-2 gallery-size-medium_large'><figure class='gallery-item'>\n\t\t\t<div class='gallery-icon landscape'>\n\t\t\t\t<a data-elementor-open-lightbox=\"yes\" data-elementor-lightbox-slideshow=\"51c7d6c\" data-elementor-lightbox-title=\"2025.01.18_1\" data-e-action-hash=\"#elementor-action%3Aaction%3Dlightbox%26settings%3DeyJpZCI6NDM2MCwidXJsIjoiaHR0cHM6XC9cL3Byb211c2ljYWtyb3Nuby5wbFwvd3AtY29udGVudFwvdXBsb2Fkc1wvMjAyNVwvMDFcLzIwMjUuMDEuMThfMS5qcGciLCJzbGlkZXNob3ciOiI1MWM3ZDZjIn0%3D\" href='https:\/\/promusicakrosno.pl\/wp-content\/uploads\/2025\/01\/2025.01.18_1.jpg'><img fetchpriority=\"high\" decoding=\"async\" width=\"768\" height=\"512\" src=\"https:\/\/promusicakrosno.pl\/wp-content\/uploads\/2025\/01\/2025.01.18_1-768x512.jpg\" class=\"attachment-medium_large size-medium_large\" alt=\"\" srcset=\"https:\/\/promusicakrosno.pl\/wp-content\/uploads\/2025\/01\/2025.01.18_1-768x512.jpg 768w, https:\/\/promusicakrosno.pl\/wp-content\/uploads\/2025\/01\/2025.01.18_1-300x200.jpg 300w, https:\/\/promusicakrosno.pl\/wp-content\/uploads\/2025\/01\/2025.01.18_1-1024x683.jpg 1024w, https:\/\/promusicakrosno.pl\/wp-content\/uploads\/2025\/01\/2025.01.18_1-1536x1024.jpg 1536w, https:\/\/promusicakrosno.pl\/wp-content\/uploads\/2025\/01\/2025.01.18_1.jpg 1600w\" sizes=\"(max-width: 768px) 100vw, 768px\" \/><\/a>\n\t\t\t<\/div><\/figure><figure class='gallery-item'>\n\t\t\t<div class='gallery-icon landscape'>\n\t\t\t\t<a data-elementor-open-lightbox=\"yes\" data-elementor-lightbox-slideshow=\"51c7d6c\" data-elementor-lightbox-title=\"2025.01.18_2\" data-e-action-hash=\"#elementor-action%3Aaction%3Dlightbox%26settings%3DeyJpZCI6NDM2MSwidXJsIjoiaHR0cHM6XC9cL3Byb211c2ljYWtyb3Nuby5wbFwvd3AtY29udGVudFwvdXBsb2Fkc1wvMjAyNVwvMDFcLzIwMjUuMDEuMThfMi5qcGciLCJzbGlkZXNob3ciOiI1MWM3ZDZjIn0%3D\" href='https:\/\/promusicakrosno.pl\/wp-content\/uploads\/2025\/01\/2025.01.18_2.jpg'><img decoding=\"async\" width=\"768\" height=\"512\" src=\"https:\/\/promusicakrosno.pl\/wp-content\/uploads\/2025\/01\/2025.01.18_2-768x512.jpg\" class=\"attachment-medium_large size-medium_large\" alt=\"\" srcset=\"https:\/\/promusicakrosno.pl\/wp-content\/uploads\/2025\/01\/2025.01.18_2-768x512.jpg 768w, https:\/\/promusicakrosno.pl\/wp-content\/uploads\/2025\/01\/2025.01.18_2-300x200.jpg 300w, https:\/\/promusicakrosno.pl\/wp-content\/uploads\/2025\/01\/2025.01.18_2-1024x683.jpg 1024w, https:\/\/promusicakrosno.pl\/wp-content\/uploads\/2025\/01\/2025.01.18_2-1536x1024.jpg 1536w, https:\/\/promusicakrosno.pl\/wp-content\/uploads\/2025\/01\/2025.01.18_2.jpg 1600w\" sizes=\"(max-width: 768px) 100vw, 768px\" \/><\/a>\n\t\t\t<\/div><\/figure><figure class='gallery-item'>\n\t\t\t<div class='gallery-icon landscape'>\n\t\t\t\t<a data-elementor-open-lightbox=\"yes\" data-elementor-lightbox-slideshow=\"51c7d6c\" data-elementor-lightbox-title=\"2025.01.18_3\" data-e-action-hash=\"#elementor-action%3Aaction%3Dlightbox%26settings%3DeyJpZCI6NDM2MiwidXJsIjoiaHR0cHM6XC9cL3Byb211c2ljYWtyb3Nuby5wbFwvd3AtY29udGVudFwvdXBsb2Fkc1wvMjAyNVwvMDFcLzIwMjUuMDEuMThfMy5qcGciLCJzbGlkZXNob3ciOiI1MWM3ZDZjIn0%3D\" href='https:\/\/promusicakrosno.pl\/wp-content\/uploads\/2025\/01\/2025.01.18_3.jpg'><img decoding=\"async\" width=\"768\" height=\"512\" src=\"https:\/\/promusicakrosno.pl\/wp-content\/uploads\/2025\/01\/2025.01.18_3-768x512.jpg\" class=\"attachment-medium_large size-medium_large\" alt=\"\" srcset=\"https:\/\/promusicakrosno.pl\/wp-content\/uploads\/2025\/01\/2025.01.18_3-768x512.jpg 768w, https:\/\/promusicakrosno.pl\/wp-content\/uploads\/2025\/01\/2025.01.18_3-300x200.jpg 300w, https:\/\/promusicakrosno.pl\/wp-content\/uploads\/2025\/01\/2025.01.18_3-1024x683.jpg 1024w, https:\/\/promusicakrosno.pl\/wp-content\/uploads\/2025\/01\/2025.01.18_3-1536x1024.jpg 1536w, https:\/\/promusicakrosno.pl\/wp-content\/uploads\/2025\/01\/2025.01.18_3.jpg 1600w\" sizes=\"(max-width: 768px) 100vw, 768px\" \/><\/a>\n\t\t\t<\/div><\/figure><figure class='gallery-item'>\n\t\t\t<div class='gallery-icon landscape'>\n\t\t\t\t<a data-elementor-open-lightbox=\"yes\" data-elementor-lightbox-slideshow=\"51c7d6c\" data-elementor-lightbox-title=\"2025.01.18_4\" data-e-action-hash=\"#elementor-action%3Aaction%3Dlightbox%26settings%3DeyJpZCI6NDM2MywidXJsIjoiaHR0cHM6XC9cL3Byb211c2ljYWtyb3Nuby5wbFwvd3AtY29udGVudFwvdXBsb2Fkc1wvMjAyNVwvMDFcLzIwMjUuMDEuMThfNC5qcGciLCJzbGlkZXNob3ciOiI1MWM3ZDZjIn0%3D\" href='https:\/\/promusicakrosno.pl\/wp-content\/uploads\/2025\/01\/2025.01.18_4.jpg'><img loading=\"lazy\" decoding=\"async\" width=\"768\" height=\"512\" src=\"https:\/\/promusicakrosno.pl\/wp-content\/uploads\/2025\/01\/2025.01.18_4-768x512.jpg\" class=\"attachment-medium_large size-medium_large\" alt=\"\" srcset=\"https:\/\/promusicakrosno.pl\/wp-content\/uploads\/2025\/01\/2025.01.18_4-768x512.jpg 768w, https:\/\/promusicakrosno.pl\/wp-content\/uploads\/2025\/01\/2025.01.18_4-300x200.jpg 300w, https:\/\/promusicakrosno.pl\/wp-content\/uploads\/2025\/01\/2025.01.18_4-1024x683.jpg 1024w, https:\/\/promusicakrosno.pl\/wp-content\/uploads\/2025\/01\/2025.01.18_4-1536x1024.jpg 1536w, https:\/\/promusicakrosno.pl\/wp-content\/uploads\/2025\/01\/2025.01.18_4.jpg 1600w\" sizes=\"(max-width: 768px) 100vw, 768px\" \/><\/a>\n\t\t\t<\/div><\/figure><figure class='gallery-item'>\n\t\t\t<div class='gallery-icon landscape'>\n\t\t\t\t<a data-elementor-open-lightbox=\"yes\" data-elementor-lightbox-slideshow=\"51c7d6c\" data-elementor-lightbox-title=\"2025.01.18_5\" data-e-action-hash=\"#elementor-action%3Aaction%3Dlightbox%26settings%3DeyJpZCI6NDM2NCwidXJsIjoiaHR0cHM6XC9cL3Byb211c2ljYWtyb3Nuby5wbFwvd3AtY29udGVudFwvdXBsb2Fkc1wvMjAyNVwvMDFcLzIwMjUuMDEuMThfNS5qcGciLCJzbGlkZXNob3ciOiI1MWM3ZDZjIn0%3D\" href='https:\/\/promusicakrosno.pl\/wp-content\/uploads\/2025\/01\/2025.01.18_5.jpg'><img loading=\"lazy\" decoding=\"async\" width=\"768\" height=\"512\" src=\"https:\/\/promusicakrosno.pl\/wp-content\/uploads\/2025\/01\/2025.01.18_5-768x512.jpg\" class=\"attachment-medium_large size-medium_large\" alt=\"\" srcset=\"https:\/\/promusicakrosno.pl\/wp-content\/uploads\/2025\/01\/2025.01.18_5-768x512.jpg 768w, https:\/\/promusicakrosno.pl\/wp-content\/uploads\/2025\/01\/2025.01.18_5-300x200.jpg 300w, https:\/\/promusicakrosno.pl\/wp-content\/uploads\/2025\/01\/2025.01.18_5-1024x683.jpg 1024w, https:\/\/promusicakrosno.pl\/wp-content\/uploads\/2025\/01\/2025.01.18_5-1536x1024.jpg 1536w, https:\/\/promusicakrosno.pl\/wp-content\/uploads\/2025\/01\/2025.01.18_5.jpg 1600w\" sizes=\"(max-width: 768px) 100vw, 768px\" \/><\/a>\n\t\t\t<\/div><\/figure><figure class='gallery-item'>\n\t\t\t<div class='gallery-icon landscape'>\n\t\t\t\t<a data-elementor-open-lightbox=\"yes\" data-elementor-lightbox-slideshow=\"51c7d6c\" data-elementor-lightbox-title=\"2025.01.18_6\" data-e-action-hash=\"#elementor-action%3Aaction%3Dlightbox%26settings%3DeyJpZCI6NDM2NSwidXJsIjoiaHR0cHM6XC9cL3Byb211c2ljYWtyb3Nuby5wbFwvd3AtY29udGVudFwvdXBsb2Fkc1wvMjAyNVwvMDFcLzIwMjUuMDEuMThfNi5qcGciLCJzbGlkZXNob3ciOiI1MWM3ZDZjIn0%3D\" href='https:\/\/promusicakrosno.pl\/wp-content\/uploads\/2025\/01\/2025.01.18_6.jpg'><img loading=\"lazy\" decoding=\"async\" width=\"768\" height=\"527\" src=\"https:\/\/promusicakrosno.pl\/wp-content\/uploads\/2025\/01\/2025.01.18_6-768x527.jpg\" class=\"attachment-medium_large size-medium_large\" alt=\"\" srcset=\"https:\/\/promusicakrosno.pl\/wp-content\/uploads\/2025\/01\/2025.01.18_6-768x527.jpg 768w, https:\/\/promusicakrosno.pl\/wp-content\/uploads\/2025\/01\/2025.01.18_6-300x206.jpg 300w, https:\/\/promusicakrosno.pl\/wp-content\/uploads\/2025\/01\/2025.01.18_6-1024x702.jpg 1024w, https:\/\/promusicakrosno.pl\/wp-content\/uploads\/2025\/01\/2025.01.18_6-1536x1053.jpg 1536w, https:\/\/promusicakrosno.pl\/wp-content\/uploads\/2025\/01\/2025.01.18_6.jpg 1600w\" sizes=\"(max-width: 768px) 100vw, 768px\" \/><\/a>\n\t\t\t<\/div><\/figure><figure class='gallery-item'>\n\t\t\t<div class='gallery-icon landscape'>\n\t\t\t\t<a data-elementor-open-lightbox=\"yes\" data-elementor-lightbox-slideshow=\"51c7d6c\" data-elementor-lightbox-title=\"2025.01.18_7\" data-e-action-hash=\"#elementor-action%3Aaction%3Dlightbox%26settings%3DeyJpZCI6NDM2NiwidXJsIjoiaHR0cHM6XC9cL3Byb211c2ljYWtyb3Nuby5wbFwvd3AtY29udGVudFwvdXBsb2Fkc1wvMjAyNVwvMDFcLzIwMjUuMDEuMThfNy5qcGciLCJzbGlkZXNob3ciOiI1MWM3ZDZjIn0%3D\" href='https:\/\/promusicakrosno.pl\/wp-content\/uploads\/2025\/01\/2025.01.18_7.jpg'><img loading=\"lazy\" decoding=\"async\" width=\"768\" height=\"512\" src=\"https:\/\/promusicakrosno.pl\/wp-content\/uploads\/2025\/01\/2025.01.18_7-768x512.jpg\" class=\"attachment-medium_large size-medium_large\" alt=\"\" srcset=\"https:\/\/promusicakrosno.pl\/wp-content\/uploads\/2025\/01\/2025.01.18_7-768x512.jpg 768w, https:\/\/promusicakrosno.pl\/wp-content\/uploads\/2025\/01\/2025.01.18_7-300x200.jpg 300w, https:\/\/promusicakrosno.pl\/wp-content\/uploads\/2025\/01\/2025.01.18_7-1024x683.jpg 1024w, https:\/\/promusicakrosno.pl\/wp-content\/uploads\/2025\/01\/2025.01.18_7-1536x1024.jpg 1536w, https:\/\/promusicakrosno.pl\/wp-content\/uploads\/2025\/01\/2025.01.18_7.jpg 1600w\" sizes=\"(max-width: 768px) 100vw, 768px\" \/><\/a>\n\t\t\t<\/div><\/figure><figure class='gallery-item'>\n\t\t\t<div class='gallery-icon landscape'>\n\t\t\t\t<a data-elementor-open-lightbox=\"yes\" data-elementor-lightbox-slideshow=\"51c7d6c\" data-elementor-lightbox-title=\"2025.01.18_8\" data-e-action-hash=\"#elementor-action%3Aaction%3Dlightbox%26settings%3DeyJpZCI6NDM2NywidXJsIjoiaHR0cHM6XC9cL3Byb211c2ljYWtyb3Nuby5wbFwvd3AtY29udGVudFwvdXBsb2Fkc1wvMjAyNVwvMDFcLzIwMjUuMDEuMThfOC5qcGciLCJzbGlkZXNob3ciOiI1MWM3ZDZjIn0%3D\" href='https:\/\/promusicakrosno.pl\/wp-content\/uploads\/2025\/01\/2025.01.18_8.jpg'><img loading=\"lazy\" decoding=\"async\" width=\"768\" height=\"512\" src=\"https:\/\/promusicakrosno.pl\/wp-content\/uploads\/2025\/01\/2025.01.18_8-768x512.jpg\" class=\"attachment-medium_large size-medium_large\" alt=\"\" srcset=\"https:\/\/promusicakrosno.pl\/wp-content\/uploads\/2025\/01\/2025.01.18_8-768x512.jpg 768w, https:\/\/promusicakrosno.pl\/wp-content\/uploads\/2025\/01\/2025.01.18_8-300x200.jpg 300w, https:\/\/promusicakrosno.pl\/wp-content\/uploads\/2025\/01\/2025.01.18_8-1024x683.jpg 1024w, https:\/\/promusicakrosno.pl\/wp-content\/uploads\/2025\/01\/2025.01.18_8-1536x1024.jpg 1536w, https:\/\/promusicakrosno.pl\/wp-content\/uploads\/2025\/01\/2025.01.18_8.jpg 1600w\" sizes=\"(max-width: 768px) 100vw, 768px\" \/><\/a>\n\t\t\t<\/div><\/figure><figure class='gallery-item'>\n\t\t\t<div class='gallery-icon landscape'>\n\t\t\t\t<a data-elementor-open-lightbox=\"yes\" data-elementor-lightbox-slideshow=\"51c7d6c\" data-elementor-lightbox-title=\"2025.01.18_9\" data-e-action-hash=\"#elementor-action%3Aaction%3Dlightbox%26settings%3DeyJpZCI6NDM2OCwidXJsIjoiaHR0cHM6XC9cL3Byb211c2ljYWtyb3Nuby5wbFwvd3AtY29udGVudFwvdXBsb2Fkc1wvMjAyNVwvMDFcLzIwMjUuMDEuMThfOS5qcGciLCJzbGlkZXNob3ciOiI1MWM3ZDZjIn0%3D\" href='https:\/\/promusicakrosno.pl\/wp-content\/uploads\/2025\/01\/2025.01.18_9.jpg'><img loading=\"lazy\" decoding=\"async\" width=\"768\" height=\"512\" src=\"https:\/\/promusicakrosno.pl\/wp-content\/uploads\/2025\/01\/2025.01.18_9-768x512.jpg\" class=\"attachment-medium_large size-medium_large\" alt=\"\" srcset=\"https:\/\/promusicakrosno.pl\/wp-content\/uploads\/2025\/01\/2025.01.18_9-768x512.jpg 768w, https:\/\/promusicakrosno.pl\/wp-content\/uploads\/2025\/01\/2025.01.18_9-300x200.jpg 300w, https:\/\/promusicakrosno.pl\/wp-content\/uploads\/2025\/01\/2025.01.18_9-1024x683.jpg 1024w, https:\/\/promusicakrosno.pl\/wp-content\/uploads\/2025\/01\/2025.01.18_9-1536x1024.jpg 1536w, https:\/\/promusicakrosno.pl\/wp-content\/uploads\/2025\/01\/2025.01.18_9.jpg 1600w\" sizes=\"(max-width: 768px) 100vw, 768px\" \/><\/a>\n\t\t\t<\/div><\/figure><figure class='gallery-item'>\n\t\t\t<div class='gallery-icon landscape'>\n\t\t\t\t<a data-elementor-open-lightbox=\"yes\" data-elementor-lightbox-slideshow=\"51c7d6c\" data-elementor-lightbox-title=\"2025.01.18_10\" data-e-action-hash=\"#elementor-action%3Aaction%3Dlightbox%26settings%3DeyJpZCI6NDM2OSwidXJsIjoiaHR0cHM6XC9cL3Byb211c2ljYWtyb3Nuby5wbFwvd3AtY29udGVudFwvdXBsb2Fkc1wvMjAyNVwvMDFcLzIwMjUuMDEuMThfMTAuanBnIiwic2xpZGVzaG93IjoiNTFjN2Q2YyJ9\" href='https:\/\/promusicakrosno.pl\/wp-content\/uploads\/2025\/01\/2025.01.18_10.jpg'><img loading=\"lazy\" decoding=\"async\" width=\"768\" height=\"512\" src=\"https:\/\/promusicakrosno.pl\/wp-content\/uploads\/2025\/01\/2025.01.18_10-768x512.jpg\" class=\"attachment-medium_large size-medium_large\" alt=\"\" srcset=\"https:\/\/promusicakrosno.pl\/wp-content\/uploads\/2025\/01\/2025.01.18_10-768x512.jpg 768w, https:\/\/promusicakrosno.pl\/wp-content\/uploads\/2025\/01\/2025.01.18_10-300x200.jpg 300w, https:\/\/promusicakrosno.pl\/wp-content\/uploads\/2025\/01\/2025.01.18_10-1024x683.jpg 1024w, https:\/\/promusicakrosno.pl\/wp-content\/uploads\/2025\/01\/2025.01.18_10-1536x1024.jpg 1536w, https:\/\/promusicakrosno.pl\/wp-content\/uploads\/2025\/01\/2025.01.18_10.jpg 1600w\" sizes=\"(max-width: 768px) 100vw, 768px\" \/><\/a>\n\t\t\t<\/div><\/figure><figure class='gallery-item'>\n\t\t\t<div class='gallery-icon landscape'>\n\t\t\t\t<a data-elementor-open-lightbox=\"yes\" data-elementor-lightbox-slideshow=\"51c7d6c\" data-elementor-lightbox-title=\"2025.01.18_11\" data-e-action-hash=\"#elementor-action%3Aaction%3Dlightbox%26settings%3DeyJpZCI6NDM3MCwidXJsIjoiaHR0cHM6XC9cL3Byb211c2ljYWtyb3Nuby5wbFwvd3AtY29udGVudFwvdXBsb2Fkc1wvMjAyNVwvMDFcLzIwMjUuMDEuMThfMTEuanBnIiwic2xpZGVzaG93IjoiNTFjN2Q2YyJ9\" href='https:\/\/promusicakrosno.pl\/wp-content\/uploads\/2025\/01\/2025.01.18_11.jpg'><img loading=\"lazy\" decoding=\"async\" width=\"768\" height=\"512\" src=\"https:\/\/promusicakrosno.pl\/wp-content\/uploads\/2025\/01\/2025.01.18_11-768x512.jpg\" class=\"attachment-medium_large size-medium_large\" alt=\"\" srcset=\"https:\/\/promusicakrosno.pl\/wp-content\/uploads\/2025\/01\/2025.01.18_11-768x512.jpg 768w, https:\/\/promusicakrosno.pl\/wp-content\/uploads\/2025\/01\/2025.01.18_11-300x200.jpg 300w, https:\/\/promusicakrosno.pl\/wp-content\/uploads\/2025\/01\/2025.01.18_11-1024x683.jpg 1024w, https:\/\/promusicakrosno.pl\/wp-content\/uploads\/2025\/01\/2025.01.18_11-1536x1024.jpg 1536w, https:\/\/promusicakrosno.pl\/wp-content\/uploads\/2025\/01\/2025.01.18_11.jpg 1600w\" sizes=\"(max-width: 768px) 100vw, 768px\" \/><\/a>\n\t\t\t<\/div><\/figure><figure class='gallery-item'>\n\t\t\t<div class='gallery-icon landscape'>\n\t\t\t\t<a data-elementor-open-lightbox=\"yes\" data-elementor-lightbox-slideshow=\"51c7d6c\" data-elementor-lightbox-title=\"2025.01.18_12\" data-e-action-hash=\"#elementor-action%3Aaction%3Dlightbox%26settings%3DeyJpZCI6NDM3MiwidXJsIjoiaHR0cHM6XC9cL3Byb211c2ljYWtyb3Nuby5wbFwvd3AtY29udGVudFwvdXBsb2Fkc1wvMjAyNVwvMDFcLzIwMjUuMDEuMThfMTIuanBnIiwic2xpZGVzaG93IjoiNTFjN2Q2YyJ9\" href='https:\/\/promusicakrosno.pl\/wp-content\/uploads\/2025\/01\/2025.01.18_12.jpg'><img loading=\"lazy\" decoding=\"async\" width=\"768\" height=\"512\" src=\"https:\/\/promusicakrosno.pl\/wp-content\/uploads\/2025\/01\/2025.01.18_12-768x512.jpg\" class=\"attachment-medium_large size-medium_large\" alt=\"\" srcset=\"https:\/\/promusicakrosno.pl\/wp-content\/uploads\/2025\/01\/2025.01.18_12-768x512.jpg 768w, https:\/\/promusicakrosno.pl\/wp-content\/uploads\/2025\/01\/2025.01.18_12-300x200.jpg 300w, https:\/\/promusicakrosno.pl\/wp-content\/uploads\/2025\/01\/2025.01.18_12-1024x683.jpg 1024w, https:\/\/promusicakrosno.pl\/wp-content\/uploads\/2025\/01\/2025.01.18_12-1536x1024.jpg 1536w, https:\/\/promusicakrosno.pl\/wp-content\/uploads\/2025\/01\/2025.01.18_12.jpg 1600w\" sizes=\"(max-width: 768px) 100vw, 768px\" \/><\/a>\n\t\t\t<\/div><\/figure><figure class='gallery-item'>\n\t\t\t<div class='gallery-icon landscape'>\n\t\t\t\t<a data-elementor-open-lightbox=\"yes\" data-elementor-lightbox-slideshow=\"51c7d6c\" data-elementor-lightbox-title=\"2025.01.18_13\" data-e-action-hash=\"#elementor-action%3Aaction%3Dlightbox%26settings%3DeyJpZCI6NDM3MywidXJsIjoiaHR0cHM6XC9cL3Byb211c2ljYWtyb3Nuby5wbFwvd3AtY29udGVudFwvdXBsb2Fkc1wvMjAyNVwvMDFcLzIwMjUuMDEuMThfMTMuanBnIiwic2xpZGVzaG93IjoiNTFjN2Q2YyJ9\" href='https:\/\/promusicakrosno.pl\/wp-content\/uploads\/2025\/01\/2025.01.18_13.jpg'><img loading=\"lazy\" decoding=\"async\" width=\"768\" height=\"512\" src=\"https:\/\/promusicakrosno.pl\/wp-content\/uploads\/2025\/01\/2025.01.18_13-768x512.jpg\" class=\"attachment-medium_large size-medium_large\" alt=\"\" srcset=\"https:\/\/promusicakrosno.pl\/wp-content\/uploads\/2025\/01\/2025.01.18_13-768x512.jpg 768w, https:\/\/promusicakrosno.pl\/wp-content\/uploads\/2025\/01\/2025.01.18_13-300x200.jpg 300w, https:\/\/promusicakrosno.pl\/wp-content\/uploads\/2025\/01\/2025.01.18_13-1024x683.jpg 1024w, https:\/\/promusicakrosno.pl\/wp-content\/uploads\/2025\/01\/2025.01.18_13-1536x1024.jpg 1536w, https:\/\/promusicakrosno.pl\/wp-content\/uploads\/2025\/01\/2025.01.18_13.jpg 1600w\" sizes=\"(max-width: 768px) 100vw, 768px\" \/><\/a>\n\t\t\t<\/div><\/figure><figure class='gallery-item'>\n\t\t\t<div class='gallery-icon landscape'>\n\t\t\t\t<a data-elementor-open-lightbox=\"yes\" data-elementor-lightbox-slideshow=\"51c7d6c\" data-elementor-lightbox-title=\"2025.01.18_14\" data-e-action-hash=\"#elementor-action%3Aaction%3Dlightbox%26settings%3DeyJpZCI6NDM3NCwidXJsIjoiaHR0cHM6XC9cL3Byb211c2ljYWtyb3Nuby5wbFwvd3AtY29udGVudFwvdXBsb2Fkc1wvMjAyNVwvMDFcLzIwMjUuMDEuMThfMTQuanBnIiwic2xpZGVzaG93IjoiNTFjN2Q2YyJ9\" href='https:\/\/promusicakrosno.pl\/wp-content\/uploads\/2025\/01\/2025.01.18_14.jpg'><img loading=\"lazy\" decoding=\"async\" width=\"768\" height=\"512\" src=\"https:\/\/promusicakrosno.pl\/wp-content\/uploads\/2025\/01\/2025.01.18_14-768x512.jpg\" class=\"attachment-medium_large size-medium_large\" alt=\"\" srcset=\"https:\/\/promusicakrosno.pl\/wp-content\/uploads\/2025\/01\/2025.01.18_14-768x512.jpg 768w, https:\/\/promusicakrosno.pl\/wp-content\/uploads\/2025\/01\/2025.01.18_14-300x200.jpg 300w, https:\/\/promusicakrosno.pl\/wp-content\/uploads\/2025\/01\/2025.01.18_14-1024x683.jpg 1024w, https:\/\/promusicakrosno.pl\/wp-content\/uploads\/2025\/01\/2025.01.18_14-1536x1024.jpg 1536w, https:\/\/promusicakrosno.pl\/wp-content\/uploads\/2025\/01\/2025.01.18_14.jpg 1600w\" sizes=\"(max-width: 768px) 100vw, 768px\" \/><\/a>\n\t\t\t<\/div><\/figure><figure class='gallery-item'>\n\t\t\t<div class='gallery-icon landscape'>\n\t\t\t\t<a data-elementor-open-lightbox=\"yes\" data-elementor-lightbox-slideshow=\"51c7d6c\" data-elementor-lightbox-title=\"2025.01.18_15\" data-e-action-hash=\"#elementor-action%3Aaction%3Dlightbox%26settings%3DeyJpZCI6NDM3NSwidXJsIjoiaHR0cHM6XC9cL3Byb211c2ljYWtyb3Nuby5wbFwvd3AtY29udGVudFwvdXBsb2Fkc1wvMjAyNVwvMDFcLzIwMjUuMDEuMThfMTUuanBnIiwic2xpZGVzaG93IjoiNTFjN2Q2YyJ9\" href='https:\/\/promusicakrosno.pl\/wp-content\/uploads\/2025\/01\/2025.01.18_15.jpg'><img loading=\"lazy\" decoding=\"async\" width=\"768\" height=\"512\" src=\"https:\/\/promusicakrosno.pl\/wp-content\/uploads\/2025\/01\/2025.01.18_15-768x512.jpg\" class=\"attachment-medium_large size-medium_large\" alt=\"\" srcset=\"https:\/\/promusicakrosno.pl\/wp-content\/uploads\/2025\/01\/2025.01.18_15-768x512.jpg 768w, https:\/\/promusicakrosno.pl\/wp-content\/uploads\/2025\/01\/2025.01.18_15-300x200.jpg 300w, https:\/\/promusicakrosno.pl\/wp-content\/uploads\/2025\/01\/2025.01.18_15-1024x683.jpg 1024w, https:\/\/promusicakrosno.pl\/wp-content\/uploads\/2025\/01\/2025.01.18_15-1536x1024.jpg 1536w, https:\/\/promusicakrosno.pl\/wp-content\/uploads\/2025\/01\/2025.01.18_15.jpg 1600w\" sizes=\"(max-width: 768px) 100vw, 768px\" \/><\/a>\n\t\t\t<\/div><\/figure><figure class='gallery-item'>\n\t\t\t<div class='gallery-icon landscape'>\n\t\t\t\t<a data-elementor-open-lightbox=\"yes\" data-elementor-lightbox-slideshow=\"51c7d6c\" data-elementor-lightbox-title=\"2025.01.18_16\" data-e-action-hash=\"#elementor-action%3Aaction%3Dlightbox%26settings%3DeyJpZCI6NDM3NiwidXJsIjoiaHR0cHM6XC9cL3Byb211c2ljYWtyb3Nuby5wbFwvd3AtY29udGVudFwvdXBsb2Fkc1wvMjAyNVwvMDFcLzIwMjUuMDEuMThfMTYuanBnIiwic2xpZGVzaG93IjoiNTFjN2Q2YyJ9\" href='https:\/\/promusicakrosno.pl\/wp-content\/uploads\/2025\/01\/2025.01.18_16.jpg'><img loading=\"lazy\" decoding=\"async\" width=\"768\" height=\"512\" src=\"https:\/\/promusicakrosno.pl\/wp-content\/uploads\/2025\/01\/2025.01.18_16-768x512.jpg\" class=\"attachment-medium_large size-medium_large\" alt=\"\" srcset=\"https:\/\/promusicakrosno.pl\/wp-content\/uploads\/2025\/01\/2025.01.18_16-768x512.jpg 768w, https:\/\/promusicakrosno.pl\/wp-content\/uploads\/2025\/01\/2025.01.18_16-300x200.jpg 300w, https:\/\/promusicakrosno.pl\/wp-content\/uploads\/2025\/01\/2025.01.18_16-1024x683.jpg 1024w, https:\/\/promusicakrosno.pl\/wp-content\/uploads\/2025\/01\/2025.01.18_16-1536x1024.jpg 1536w, https:\/\/promusicakrosno.pl\/wp-content\/uploads\/2025\/01\/2025.01.18_16.jpg 1600w\" sizes=\"(max-width: 768px) 100vw, 768px\" \/><\/a>\n\t\t\t<\/div><\/figure><figure class='gallery-item'>\n\t\t\t<div class='gallery-icon landscape'>\n\t\t\t\t<a data-elementor-open-lightbox=\"yes\" data-elementor-lightbox-slideshow=\"51c7d6c\" data-elementor-lightbox-title=\"2025.01.18_17\" data-e-action-hash=\"#elementor-action%3Aaction%3Dlightbox%26settings%3DeyJpZCI6NDM3NywidXJsIjoiaHR0cHM6XC9cL3Byb211c2ljYWtyb3Nuby5wbFwvd3AtY29udGVudFwvdXBsb2Fkc1wvMjAyNVwvMDFcLzIwMjUuMDEuMThfMTcuanBnIiwic2xpZGVzaG93IjoiNTFjN2Q2YyJ9\" href='https:\/\/promusicakrosno.pl\/wp-content\/uploads\/2025\/01\/2025.01.18_17.jpg'><img loading=\"lazy\" decoding=\"async\" width=\"768\" height=\"512\" src=\"https:\/\/promusicakrosno.pl\/wp-content\/uploads\/2025\/01\/2025.01.18_17-768x512.jpg\" class=\"attachment-medium_large size-medium_large\" alt=\"\" srcset=\"https:\/\/promusicakrosno.pl\/wp-content\/uploads\/2025\/01\/2025.01.18_17-768x512.jpg 768w, https:\/\/promusicakrosno.pl\/wp-content\/uploads\/2025\/01\/2025.01.18_17-300x200.jpg 300w, https:\/\/promusicakrosno.pl\/wp-content\/uploads\/2025\/01\/2025.01.18_17-1024x683.jpg 1024w, https:\/\/promusicakrosno.pl\/wp-content\/uploads\/2025\/01\/2025.01.18_17-1536x1024.jpg 1536w, https:\/\/promusicakrosno.pl\/wp-content\/uploads\/2025\/01\/2025.01.18_17.jpg 1600w\" sizes=\"(max-width: 768px) 100vw, 768px\" \/><\/a>\n\t\t\t<\/div><\/figure><figure class='gallery-item'>\n\t\t\t<div class='gallery-icon landscape'>\n\t\t\t\t<a data-elementor-open-lightbox=\"yes\" data-elementor-lightbox-slideshow=\"51c7d6c\" data-elementor-lightbox-title=\"2025.01.18_18\" data-e-action-hash=\"#elementor-action%3Aaction%3Dlightbox%26settings%3DeyJpZCI6NDM3OCwidXJsIjoiaHR0cHM6XC9cL3Byb211c2ljYWtyb3Nuby5wbFwvd3AtY29udGVudFwvdXBsb2Fkc1wvMjAyNVwvMDFcLzIwMjUuMDEuMThfMTguanBnIiwic2xpZGVzaG93IjoiNTFjN2Q2YyJ9\" href='https:\/\/promusicakrosno.pl\/wp-content\/uploads\/2025\/01\/2025.01.18_18.jpg'><img loading=\"lazy\" decoding=\"async\" width=\"768\" height=\"512\" src=\"https:\/\/promusicakrosno.pl\/wp-content\/uploads\/2025\/01\/2025.01.18_18-768x512.jpg\" class=\"attachment-medium_large size-medium_large\" alt=\"\" srcset=\"https:\/\/promusicakrosno.pl\/wp-content\/uploads\/2025\/01\/2025.01.18_18-768x512.jpg 768w, https:\/\/promusicakrosno.pl\/wp-content\/uploads\/2025\/01\/2025.01.18_18-300x200.jpg 300w, https:\/\/promusicakrosno.pl\/wp-content\/uploads\/2025\/01\/2025.01.18_18-1024x683.jpg 1024w, https:\/\/promusicakrosno.pl\/wp-content\/uploads\/2025\/01\/2025.01.18_18-1536x1024.jpg 1536w, https:\/\/promusicakrosno.pl\/wp-content\/uploads\/2025\/01\/2025.01.18_18.jpg 1600w\" sizes=\"(max-width: 768px) 100vw, 768px\" \/><\/a>\n\t\t\t<\/div><\/figure>\n\t\t<\/div>\n\t\t<\/div>\n\t\t\t\t\t\t<\/div>\n\t\t\t\t<\/div>\n\t\t\t\t<div class=\"elementor-element elementor-element-ba55c97 elementor-widget elementor-widget-text-editor\" data-id=\"ba55c97\" data-element_type=\"widget\" data-widget_type=\"text-editor.default\">\n\t\t\t\t<div class=\"elementor-widget-container\">\n\t\t\t\t\t\t\t\t\t<p>Zdj\u0119cia do folder\u00f3w, edycja:<\/p><p>Zuzanna Munzberger-G\u0105bka<\/p>\t\t\t\t\t\t\t\t<\/div>\n\t\t\t\t<\/div>\n\t\t\t\t<div class=\"elementor-element elementor-element-6c63c84 gallery-spacing-custom elementor-widget elementor-widget-image-gallery\" data-id=\"6c63c84\" data-element_type=\"widget\" data-widget_type=\"image-gallery.default\">\n\t\t\t\t<div class=\"elementor-widget-container\">\n\t\t\t\t\t\t\t<div class=\"elementor-image-gallery\">\n\t\t\t<div id='gallery-2' class='gallery galleryid-4294 gallery-columns-2 gallery-size-medium_large'><figure class='gallery-item'>\n\t\t\t<div class='gallery-icon landscape'>\n\t\t\t\t<a data-elementor-open-lightbox=\"yes\" data-elementor-lightbox-slideshow=\"6c63c84\" data-elementor-lightbox-title=\"2024.01.18_encanto_1\" data-e-action-hash=\"#elementor-action%3Aaction%3Dlightbox%26settings%3DeyJpZCI6NDMyMywidXJsIjoiaHR0cHM6XC9cL3Byb211c2ljYWtyb3Nuby5wbFwvd3AtY29udGVudFwvdXBsb2Fkc1wvMjAyNVwvMDFcLzIwMjQuMDEuMThfZW5jYW50b18xLmpwZyIsInNsaWRlc2hvdyI6IjZjNjNjODQifQ%3D%3D\" href='https:\/\/promusicakrosno.pl\/wp-content\/uploads\/2025\/01\/2024.01.18_encanto_1.jpg'><img loading=\"lazy\" decoding=\"async\" width=\"768\" height=\"768\" src=\"https:\/\/promusicakrosno.pl\/wp-content\/uploads\/2025\/01\/2024.01.18_encanto_1-768x768.jpg\" class=\"attachment-medium_large size-medium_large\" alt=\"\" srcset=\"https:\/\/promusicakrosno.pl\/wp-content\/uploads\/2025\/01\/2024.01.18_encanto_1-768x768.jpg 768w, https:\/\/promusicakrosno.pl\/wp-content\/uploads\/2025\/01\/2024.01.18_encanto_1-300x300.jpg 300w, https:\/\/promusicakrosno.pl\/wp-content\/uploads\/2025\/01\/2024.01.18_encanto_1-1024x1024.jpg 1024w, https:\/\/promusicakrosno.pl\/wp-content\/uploads\/2025\/01\/2024.01.18_encanto_1-150x150.jpg 150w, https:\/\/promusicakrosno.pl\/wp-content\/uploads\/2025\/01\/2024.01.18_encanto_1.jpg 1080w\" sizes=\"(max-width: 768px) 100vw, 768px\" \/><\/a>\n\t\t\t<\/div><\/figure><figure class='gallery-item'>\n\t\t\t<div class='gallery-icon portrait'>\n\t\t\t\t<a data-elementor-open-lightbox=\"yes\" data-elementor-lightbox-slideshow=\"6c63c84\" data-elementor-lightbox-title=\"2024.01.18_encanto_2\" data-e-action-hash=\"#elementor-action%3Aaction%3Dlightbox%26settings%3DeyJpZCI6NDMyNCwidXJsIjoiaHR0cHM6XC9cL3Byb211c2ljYWtyb3Nuby5wbFwvd3AtY29udGVudFwvdXBsb2Fkc1wvMjAyNVwvMDFcLzIwMjQuMDEuMThfZW5jYW50b18yLmpwZyIsInNsaWRlc2hvdyI6IjZjNjNjODQifQ%3D%3D\" href='https:\/\/promusicakrosno.pl\/wp-content\/uploads\/2025\/01\/2024.01.18_encanto_2.jpg'><img loading=\"lazy\" decoding=\"async\" width=\"768\" height=\"966\" src=\"https:\/\/promusicakrosno.pl\/wp-content\/uploads\/2025\/01\/2024.01.18_encanto_2-768x966.jpg\" class=\"attachment-medium_large size-medium_large\" alt=\"\" srcset=\"https:\/\/promusicakrosno.pl\/wp-content\/uploads\/2025\/01\/2024.01.18_encanto_2-768x966.jpg 768w, https:\/\/promusicakrosno.pl\/wp-content\/uploads\/2025\/01\/2024.01.18_encanto_2-238x300.jpg 238w, https:\/\/promusicakrosno.pl\/wp-content\/uploads\/2025\/01\/2024.01.18_encanto_2-814x1024.jpg 814w, https:\/\/promusicakrosno.pl\/wp-content\/uploads\/2025\/01\/2024.01.18_encanto_2-1221x1536.jpg 1221w, https:\/\/promusicakrosno.pl\/wp-content\/uploads\/2025\/01\/2024.01.18_encanto_2.jpg 1298w\" sizes=\"(max-width: 768px) 100vw, 768px\" \/><\/a>\n\t\t\t<\/div><\/figure><figure class='gallery-item'>\n\t\t\t<div class='gallery-icon landscape'>\n\t\t\t\t<a data-elementor-open-lightbox=\"yes\" data-elementor-lightbox-slideshow=\"6c63c84\" data-elementor-lightbox-title=\"2024.01.18_encanto_3\" data-e-action-hash=\"#elementor-action%3Aaction%3Dlightbox%26settings%3DeyJpZCI6NDMyNSwidXJsIjoiaHR0cHM6XC9cL3Byb211c2ljYWtyb3Nuby5wbFwvd3AtY29udGVudFwvdXBsb2Fkc1wvMjAyNVwvMDFcLzIwMjQuMDEuMThfZW5jYW50b18zLmpwZyIsInNsaWRlc2hvdyI6IjZjNjNjODQifQ%3D%3D\" href='https:\/\/promusicakrosno.pl\/wp-content\/uploads\/2025\/01\/2024.01.18_encanto_3.jpg'><img loading=\"lazy\" decoding=\"async\" width=\"768\" height=\"768\" src=\"https:\/\/promusicakrosno.pl\/wp-content\/uploads\/2025\/01\/2024.01.18_encanto_3-768x768.jpg\" class=\"attachment-medium_large size-medium_large\" alt=\"\" srcset=\"https:\/\/promusicakrosno.pl\/wp-content\/uploads\/2025\/01\/2024.01.18_encanto_3-768x768.jpg 768w, https:\/\/promusicakrosno.pl\/wp-content\/uploads\/2025\/01\/2024.01.18_encanto_3-300x300.jpg 300w, https:\/\/promusicakrosno.pl\/wp-content\/uploads\/2025\/01\/2024.01.18_encanto_3-1024x1024.jpg 1024w, https:\/\/promusicakrosno.pl\/wp-content\/uploads\/2025\/01\/2024.01.18_encanto_3-150x150.jpg 150w, https:\/\/promusicakrosno.pl\/wp-content\/uploads\/2025\/01\/2024.01.18_encanto_3.jpg 1080w\" sizes=\"(max-width: 768px) 100vw, 768px\" \/><\/a>\n\t\t\t<\/div><\/figure><figure class='gallery-item'>\n\t\t\t<div class='gallery-icon landscape'>\n\t\t\t\t<a data-elementor-open-lightbox=\"yes\" data-elementor-lightbox-slideshow=\"6c63c84\" data-elementor-lightbox-title=\"2024.01.18_encanto_4\" data-e-action-hash=\"#elementor-action%3Aaction%3Dlightbox%26settings%3DeyJpZCI6NDMyNiwidXJsIjoiaHR0cHM6XC9cL3Byb211c2ljYWtyb3Nuby5wbFwvd3AtY29udGVudFwvdXBsb2Fkc1wvMjAyNVwvMDFcLzIwMjQuMDEuMThfZW5jYW50b180LmpwZyIsInNsaWRlc2hvdyI6IjZjNjNjODQifQ%3D%3D\" href='https:\/\/promusicakrosno.pl\/wp-content\/uploads\/2025\/01\/2024.01.18_encanto_4.jpg'><img loading=\"lazy\" decoding=\"async\" width=\"768\" height=\"768\" src=\"https:\/\/promusicakrosno.pl\/wp-content\/uploads\/2025\/01\/2024.01.18_encanto_4-768x768.jpg\" class=\"attachment-medium_large size-medium_large\" alt=\"\" srcset=\"https:\/\/promusicakrosno.pl\/wp-content\/uploads\/2025\/01\/2024.01.18_encanto_4-768x768.jpg 768w, https:\/\/promusicakrosno.pl\/wp-content\/uploads\/2025\/01\/2024.01.18_encanto_4-300x300.jpg 300w, https:\/\/promusicakrosno.pl\/wp-content\/uploads\/2025\/01\/2024.01.18_encanto_4-1024x1024.jpg 1024w, https:\/\/promusicakrosno.pl\/wp-content\/uploads\/2025\/01\/2024.01.18_encanto_4-150x150.jpg 150w, https:\/\/promusicakrosno.pl\/wp-content\/uploads\/2025\/01\/2024.01.18_encanto_4.jpg 1080w\" sizes=\"(max-width: 768px) 100vw, 768px\" \/><\/a>\n\t\t\t<\/div><\/figure><figure class='gallery-item'>\n\t\t\t<div class='gallery-icon landscape'>\n\t\t\t\t<a data-elementor-open-lightbox=\"yes\" data-elementor-lightbox-slideshow=\"6c63c84\" data-elementor-lightbox-title=\"2024.01.18_encanto_5\" data-e-action-hash=\"#elementor-action%3Aaction%3Dlightbox%26settings%3DeyJpZCI6NDMyNywidXJsIjoiaHR0cHM6XC9cL3Byb211c2ljYWtyb3Nuby5wbFwvd3AtY29udGVudFwvdXBsb2Fkc1wvMjAyNVwvMDFcLzIwMjQuMDEuMThfZW5jYW50b181LmpwZyIsInNsaWRlc2hvdyI6IjZjNjNjODQifQ%3D%3D\" href='https:\/\/promusicakrosno.pl\/wp-content\/uploads\/2025\/01\/2024.01.18_encanto_5.jpg'><img loading=\"lazy\" decoding=\"async\" width=\"768\" height=\"768\" src=\"https:\/\/promusicakrosno.pl\/wp-content\/uploads\/2025\/01\/2024.01.18_encanto_5-768x768.jpg\" class=\"attachment-medium_large size-medium_large\" alt=\"\" srcset=\"https:\/\/promusicakrosno.pl\/wp-content\/uploads\/2025\/01\/2024.01.18_encanto_5-768x768.jpg 768w, https:\/\/promusicakrosno.pl\/wp-content\/uploads\/2025\/01\/2024.01.18_encanto_5-300x300.jpg 300w, https:\/\/promusicakrosno.pl\/wp-content\/uploads\/2025\/01\/2024.01.18_encanto_5-1024x1024.jpg 1024w, https:\/\/promusicakrosno.pl\/wp-content\/uploads\/2025\/01\/2024.01.18_encanto_5-150x150.jpg 150w, https:\/\/promusicakrosno.pl\/wp-content\/uploads\/2025\/01\/2024.01.18_encanto_5.jpg 1080w\" sizes=\"(max-width: 768px) 100vw, 768px\" \/><\/a>\n\t\t\t<\/div><\/figure><figure class='gallery-item'>\n\t\t\t<div class='gallery-icon landscape'>\n\t\t\t\t<a data-elementor-open-lightbox=\"yes\" data-elementor-lightbox-slideshow=\"6c63c84\" data-elementor-lightbox-title=\"2024.01.18_encanto_6\" data-e-action-hash=\"#elementor-action%3Aaction%3Dlightbox%26settings%3DeyJpZCI6NDMyOCwidXJsIjoiaHR0cHM6XC9cL3Byb211c2ljYWtyb3Nuby5wbFwvd3AtY29udGVudFwvdXBsb2Fkc1wvMjAyNVwvMDFcLzIwMjQuMDEuMThfZW5jYW50b182LmpwZyIsInNsaWRlc2hvdyI6IjZjNjNjODQifQ%3D%3D\" href='https:\/\/promusicakrosno.pl\/wp-content\/uploads\/2025\/01\/2024.01.18_encanto_6.jpg'><img loading=\"lazy\" decoding=\"async\" width=\"768\" height=\"768\" src=\"https:\/\/promusicakrosno.pl\/wp-content\/uploads\/2025\/01\/2024.01.18_encanto_6-768x768.jpg\" class=\"attachment-medium_large size-medium_large\" alt=\"\" srcset=\"https:\/\/promusicakrosno.pl\/wp-content\/uploads\/2025\/01\/2024.01.18_encanto_6-768x768.jpg 768w, https:\/\/promusicakrosno.pl\/wp-content\/uploads\/2025\/01\/2024.01.18_encanto_6-300x300.jpg 300w, https:\/\/promusicakrosno.pl\/wp-content\/uploads\/2025\/01\/2024.01.18_encanto_6-1024x1024.jpg 1024w, https:\/\/promusicakrosno.pl\/wp-content\/uploads\/2025\/01\/2024.01.18_encanto_6-150x150.jpg 150w, https:\/\/promusicakrosno.pl\/wp-content\/uploads\/2025\/01\/2024.01.18_encanto_6.jpg 1080w\" sizes=\"(max-width: 768px) 100vw, 768px\" \/><\/a>\n\t\t\t<\/div><\/figure><figure class='gallery-item'>\n\t\t\t<div class='gallery-icon landscape'>\n\t\t\t\t<a data-elementor-open-lightbox=\"yes\" data-elementor-lightbox-slideshow=\"6c63c84\" data-elementor-lightbox-title=\"2024.01.18_encanto_7\" data-e-action-hash=\"#elementor-action%3Aaction%3Dlightbox%26settings%3DeyJpZCI6NDMyOSwidXJsIjoiaHR0cHM6XC9cL3Byb211c2ljYWtyb3Nuby5wbFwvd3AtY29udGVudFwvdXBsb2Fkc1wvMjAyNVwvMDFcLzIwMjQuMDEuMThfZW5jYW50b183LmpwZyIsInNsaWRlc2hvdyI6IjZjNjNjODQifQ%3D%3D\" href='https:\/\/promusicakrosno.pl\/wp-content\/uploads\/2025\/01\/2024.01.18_encanto_7.jpg'><img loading=\"lazy\" decoding=\"async\" width=\"768\" height=\"768\" src=\"https:\/\/promusicakrosno.pl\/wp-content\/uploads\/2025\/01\/2024.01.18_encanto_7-768x768.jpg\" class=\"attachment-medium_large size-medium_large\" alt=\"\" srcset=\"https:\/\/promusicakrosno.pl\/wp-content\/uploads\/2025\/01\/2024.01.18_encanto_7-768x768.jpg 768w, https:\/\/promusicakrosno.pl\/wp-content\/uploads\/2025\/01\/2024.01.18_encanto_7-300x300.jpg 300w, https:\/\/promusicakrosno.pl\/wp-content\/uploads\/2025\/01\/2024.01.18_encanto_7-1024x1024.jpg 1024w, https:\/\/promusicakrosno.pl\/wp-content\/uploads\/2025\/01\/2024.01.18_encanto_7-150x150.jpg 150w, https:\/\/promusicakrosno.pl\/wp-content\/uploads\/2025\/01\/2024.01.18_encanto_7.jpg 1080w\" sizes=\"(max-width: 768px) 100vw, 768px\" \/><\/a>\n\t\t\t<\/div><\/figure><figure class='gallery-item'>\n\t\t\t<div class='gallery-icon landscape'>\n\t\t\t\t<a data-elementor-open-lightbox=\"yes\" data-elementor-lightbox-slideshow=\"6c63c84\" data-elementor-lightbox-title=\"2024.01.18_encanto_8\" data-e-action-hash=\"#elementor-action%3Aaction%3Dlightbox%26settings%3DeyJpZCI6NDMzMCwidXJsIjoiaHR0cHM6XC9cL3Byb211c2ljYWtyb3Nuby5wbFwvd3AtY29udGVudFwvdXBsb2Fkc1wvMjAyNVwvMDFcLzIwMjQuMDEuMThfZW5jYW50b184LmpwZyIsInNsaWRlc2hvdyI6IjZjNjNjODQifQ%3D%3D\" href='https:\/\/promusicakrosno.pl\/wp-content\/uploads\/2025\/01\/2024.01.18_encanto_8.jpg'><img loading=\"lazy\" decoding=\"async\" width=\"768\" height=\"768\" src=\"https:\/\/promusicakrosno.pl\/wp-content\/uploads\/2025\/01\/2024.01.18_encanto_8-768x768.jpg\" class=\"attachment-medium_large size-medium_large\" alt=\"\" srcset=\"https:\/\/promusicakrosno.pl\/wp-content\/uploads\/2025\/01\/2024.01.18_encanto_8-768x768.jpg 768w, https:\/\/promusicakrosno.pl\/wp-content\/uploads\/2025\/01\/2024.01.18_encanto_8-300x300.jpg 300w, https:\/\/promusicakrosno.pl\/wp-content\/uploads\/2025\/01\/2024.01.18_encanto_8-1024x1024.jpg 1024w, https:\/\/promusicakrosno.pl\/wp-content\/uploads\/2025\/01\/2024.01.18_encanto_8-150x150.jpg 150w, https:\/\/promusicakrosno.pl\/wp-content\/uploads\/2025\/01\/2024.01.18_encanto_8.jpg 1080w\" sizes=\"(max-width: 768px) 100vw, 768px\" \/><\/a>\n\t\t\t<\/div><\/figure>\n\t\t<\/div>\n\t\t<\/div>\n\t\t\t\t\t\t<\/div>\n\t\t\t\t<\/div>\n\t\t\t\t<div class=\"elementor-element elementor-element-6a37b60 elementor-widget elementor-widget-image\" data-id=\"6a37b60\" data-element_type=\"widget\" data-widget_type=\"image.default\">\n\t\t\t\t<div class=\"elementor-widget-container\">\n\t\t\t\t\t\t\t\t\t\t\t\t\t\t\t<img loading=\"lazy\" decoding=\"async\" width=\"1024\" height=\"803\" src=\"https:\/\/promusicakrosno.pl\/wp-content\/uploads\/2025\/01\/2024.01.18_encanto_9-1024x803.jpg\" class=\"attachment-large size-large wp-image-4331\" alt=\"\" srcset=\"https:\/\/promusicakrosno.pl\/wp-content\/uploads\/2025\/01\/2024.01.18_encanto_9-1024x803.jpg 1024w, https:\/\/promusicakrosno.pl\/wp-content\/uploads\/2025\/01\/2024.01.18_encanto_9-300x235.jpg 300w, https:\/\/promusicakrosno.pl\/wp-content\/uploads\/2025\/01\/2024.01.18_encanto_9-768x603.jpg 768w, https:\/\/promusicakrosno.pl\/wp-content\/uploads\/2025\/01\/2024.01.18_encanto_9-1536x1205.jpg 1536w, https:\/\/promusicakrosno.pl\/wp-content\/uploads\/2025\/01\/2024.01.18_encanto_9-2048x1607.jpg 2048w\" sizes=\"(max-width: 1024px) 100vw, 1024px\" \/>\t\t\t\t\t\t\t\t\t\t\t\t\t\t\t<\/div>\n\t\t\t\t<\/div>\n\t\t\t\t<div class=\"elementor-element elementor-element-dd9df5e elementor-widget elementor-widget-image\" data-id=\"dd9df5e\" data-element_type=\"widget\" data-widget_type=\"image.default\">\n\t\t\t\t<div class=\"elementor-widget-container\">\n\t\t\t\t\t\t\t\t\t\t\t\t\t\t\t<img loading=\"lazy\" decoding=\"async\" width=\"683\" height=\"1024\" src=\"https:\/\/promusicakrosno.pl\/wp-content\/uploads\/2025\/01\/2025.01.18_plakat_encanto-683x1024.jpg\" class=\"attachment-large size-large wp-image-4299\" alt=\"\" srcset=\"https:\/\/promusicakrosno.pl\/wp-content\/uploads\/2025\/01\/2025.01.18_plakat_encanto-683x1024.jpg 683w, https:\/\/promusicakrosno.pl\/wp-content\/uploads\/2025\/01\/2025.01.18_plakat_encanto-200x300.jpg 200w, https:\/\/promusicakrosno.pl\/wp-content\/uploads\/2025\/01\/2025.01.18_plakat_encanto-768x1152.jpg 768w, https:\/\/promusicakrosno.pl\/wp-content\/uploads\/2025\/01\/2025.01.18_plakat_encanto-1024x1536.jpg 1024w, https:\/\/promusicakrosno.pl\/wp-content\/uploads\/2025\/01\/2025.01.18_plakat_encanto-1365x2048.jpg 1365w, https:\/\/promusicakrosno.pl\/wp-content\/uploads\/2025\/01\/2025.01.18_plakat_encanto-scaled.jpg 1707w\" sizes=\"(max-width: 683px) 100vw, 683px\" \/>\t\t\t\t\t\t\t\t\t\t\t\t\t\t\t<\/div>\n\t\t\t\t<\/div>\n\t\t\t\t<div class=\"elementor-element elementor-element-0a8f5dd elementor-widget elementor-widget-text-editor\" data-id=\"0a8f5dd\" data-element_type=\"widget\" data-widget_type=\"text-editor.default\">\n\t\t\t\t<div class=\"elementor-widget-container\">\n\t\t\t\t\t\t\t\t\t<p><em>&#8222;<\/em><em>Dzisiejszego wieczoru przeniesiemy si\u0119 do\u00a0<\/em><em>magicznego i niezwykle barwnego kolumbijskiego\u00a0<\/em><em>miasteczka, w kt\u00f3rym rozgrywa si\u0119 akcja\u00a0<\/em><em>musicalu \u201eEncanto\u201d.\u00a0\u00a0<\/em><em style=\"color: var(--ast-global-color-3); font-weight: inherit; background-color: var(--ast-global-color-4);\">Sztuka opowiada o rodzinie, kt\u00f3rej cz\u0142onkowie\u00a0<\/em><em style=\"color: var(--ast-global-color-3); font-weight: inherit; background-color: var(--ast-global-color-4);\">zostali obdarzeni wyj\u0105tkowymi darami. Na poz\u00f3r\u00a0<\/em><em style=\"color: var(--ast-global-color-3); font-weight: inherit; background-color: var(--ast-global-color-4);\">wiod\u0105 oni szcz\u0119\u015bliwe \u017cycie, jednak ich dom\u00a0<\/em><em style=\"color: var(--ast-global-color-3); font-weight: inherit; background-color: var(--ast-global-color-4);\">skrywa wiele mrocznych sekret\u00f3w i co\u015b z\u0142ego\u00a0<\/em><em style=\"color: var(--ast-global-color-3); font-weight: inherit; background-color: var(--ast-global-color-4);\">zaczyna dzia\u0107 si\u0119 z jego magi\u0105\u2026\u00a0<\/em><em style=\"color: var(--ast-global-color-3); font-weight: inherit; background-color: var(--ast-global-color-4);\">Inspiracj\u0105 do stworzenia widowiska by\u0142 film po\u00a0<\/em><em style=\"color: var(--ast-global-color-3); font-weight: inherit; background-color: var(--ast-global-color-4);\">tytu\u0142em \u201eNasze magiczne Encanto\u201d wytw\u00f3rni\u00a0<\/em><em style=\"color: var(--ast-global-color-3); font-weight: inherit; background-color: var(--ast-global-color-4);\">Walta Disneya.\u00a0<\/em><em style=\"color: var(--ast-global-color-3); font-weight: inherit; background-color: var(--ast-global-color-4);\">O losach rodziny Madrigal opowiedz\u0105 pa\u0144stwu\u00a0<\/em><em style=\"color: var(--ast-global-color-3); font-weight: inherit; background-color: var(--ast-global-color-4);\">soli\u015bci, ch\u00f3r, grupy baletowe oraz zesp\u00f3\u0142\u00a0<\/em><em style=\"color: var(--ast-global-color-3); font-weight: inherit; background-color: var(--ast-global-color-4);\">instrumentalny Prywatnej Szko\u0142y Muzycznej PRO\u00a0<\/em><em style=\"color: var(--ast-global-color-3); font-weight: inherit; background-color: var(--ast-global-color-4);\">MUSICA w Kro\u015bnie<\/em><em style=\"color: var(--ast-global-color-3); font-weight: inherit; background-color: var(--ast-global-color-4);\">&#8222;.<\/em><\/p>\t\t\t\t\t\t\t\t<\/div>\n\t\t\t\t<\/div>\n\t\t\t\t<div class=\"elementor-element elementor-element-0e9162e elementor-widget-divider--view-line_icon elementor-view-default elementor-widget-divider--element-align-center elementor-widget elementor-widget-divider\" data-id=\"0e9162e\" data-element_type=\"widget\" data-widget_type=\"divider.default\">\n\t\t\t\t<div class=\"elementor-widget-container\">\n\t\t\t\t\t\t\t<div class=\"elementor-divider\">\n\t\t\t<span class=\"elementor-divider-separator\">\n\t\t\t\t\t\t\t<div class=\"elementor-icon elementor-divider__element\">\n\t\t\t\t\t<svg xmlns=\"http:\/\/www.w3.org\/2000\/svg\" viewBox=\"0 0 24 24\"><path d=\"M21.65,2.24a1,1,0,0,0-.8-.23l-13,2A1,1,0,0,0,7,5V15.35A3.45,3.45,0,0,0,5.5,15,3.5,3.5,0,1,0,9,18.5V10.86L20,9.17v4.18A3.45,3.45,0,0,0,18.5,13,3.5,3.5,0,1,0,22,16.5V3A1,1,0,0,0,21.65,2.24ZM5.5,20A1.5,1.5,0,1,1,7,18.5,1.5,1.5,0,0,1,5.5,20Zm13-2A1.5,1.5,0,1,1,20,16.5,1.5,1.5,0,0,1,18.5,18ZM20,7.14,9,8.83v-3L20,4.17Z\"><\/path><\/svg><\/div>\n\t\t\t\t\t\t<\/span>\n\t\t<\/div>\n\t\t\t\t\t\t<\/div>\n\t\t\t\t<\/div>\n\t\t\t\t<div class=\"elementor-element elementor-element-599c018 elementor-align-center elementor-widget elementor-widget-button\" data-id=\"599c018\" data-element_type=\"widget\" data-widget_type=\"button.default\">\n\t\t\t\t<div class=\"elementor-widget-container\">\n\t\t\t\t\t\t\t\t\t<div class=\"elementor-button-wrapper\">\n\t\t\t\t\t<a class=\"elementor-button elementor-button-link elementor-size-sm\" href=\"https:\/\/www.promusicakrosno.pl\/index.php\/aktualnosci\/\">\n\t\t\t\t\t\t<span class=\"elementor-button-content-wrapper\">\n\t\t\t\t\t\t\t\t\t<span class=\"elementor-button-text\">wr\u00f3\u0107<\/span>\n\t\t\t\t\t<\/span>\n\t\t\t\t\t<\/a>\n\t\t\t\t<\/div>\n\t\t\t\t\t\t\t\t<\/div>\n\t\t\t\t<\/div>\n\t\t\t\t<div class=\"elementor-element elementor-element-ca16b74 elementor-widget elementor-widget-spacer\" data-id=\"ca16b74\" data-element_type=\"widget\" data-widget_type=\"spacer.default\">\n\t\t\t\t<div class=\"elementor-widget-container\">\n\t\t\t\t\t\t\t<div class=\"elementor-spacer\">\n\t\t\t<div class=\"elementor-spacer-inner\"><\/div>\n\t\t<\/div>\n\t\t\t\t\t\t<\/div>\n\t\t\t\t<\/div>\n\t\t\t\t\t<\/div>\n\t\t<\/div>\n\t\t\t\t\t<\/div>\n\t\t<\/section>\n\t\t\t\t<section class=\"elementor-section elementor-top-section elementor-element elementor-element-9fe9399 elementor-section-boxed elementor-section-height-default elementor-section-height-default\" data-id=\"9fe9399\" data-element_type=\"section\" data-settings=\"{&quot;background_background&quot;:&quot;classic&quot;}\">\n\t\t\t\t\t\t\t<div class=\"elementor-background-overlay\"><\/div>\n\t\t\t\t\t\t\t<div class=\"elementor-container elementor-column-gap-no\">\n\t\t\t\t\t<div class=\"elementor-column elementor-col-100 elementor-top-column elementor-element elementor-element-039fd49\" data-id=\"039fd49\" data-element_type=\"column\">\n\t\t\t<div class=\"elementor-widget-wrap elementor-element-populated\">\n\t\t\t\t\t\t<div class=\"elementor-element elementor-element-bfb91e4 elementor-widget elementor-widget-heading\" data-id=\"bfb91e4\" data-element_type=\"widget\" data-widget_type=\"heading.default\">\n\t\t\t\t<div class=\"elementor-widget-container\">\n\t\t\t\t\t<h2 class=\"elementor-heading-title elementor-size-default\">pro musica<\/h2>\t\t\t\t<\/div>\n\t\t\t\t<\/div>\n\t\t\t\t<div class=\"elementor-element elementor-element-26ec901 elementor-widget elementor-widget-text-editor\" data-id=\"26ec901\" data-element_type=\"widget\" data-widget_type=\"text-editor.default\">\n\t\t\t\t<div class=\"elementor-widget-container\">\n\t\t\t\t\t\t\t\t\t<p style=\"text-align: center;\">est\u00a0 1989<\/p>\t\t\t\t\t\t\t\t<\/div>\n\t\t\t\t<\/div>\n\t\t\t\t<div class=\"elementor-element elementor-element-f9c12ae elementor-widget-mobile__width-inherit elementor-align-center elementor-widget elementor-widget-button\" data-id=\"f9c12ae\" data-element_type=\"widget\" data-widget_type=\"button.default\">\n\t\t\t\t<div class=\"elementor-widget-container\">\n\t\t\t\t\t\t\t\t\t<div class=\"elementor-button-wrapper\">\n\t\t\t\t\t<a class=\"elementor-button elementor-button-link elementor-size-sm\" href=\"#\">\n\t\t\t\t\t\t<span class=\"elementor-button-content-wrapper\">\n\t\t\t\t\t\t\t\t\t<span class=\"elementor-button-text\">przewi\u0144 w g\u00f3r\u0119<\/span>\n\t\t\t\t\t<\/span>\n\t\t\t\t\t<\/a>\n\t\t\t\t<\/div>\n\t\t\t\t\t\t\t\t<\/div>\n\t\t\t\t<\/div>\n\t\t\t\t\t<\/div>\n\t\t<\/div>\n\t\t\t\t\t<\/div>\n\t\t<\/section>\n\t\t\t\t<\/div>\n\t\t","protected":false},"excerpt":{"rendered":"<p>musical &#8222;Encanto&#8221; wovideo &#8211; Wojciech Pachana 18 stycznia 2025 r. w Sali Koncertowej Regionalnego Centrum Kultur Pogranicza w Kro\u015bnie Prywatna Szko\u0142a Muzyczna Pro Musica wystawi\u0142a&nbsp;musical z muzyk\u0105 na \u017cywo:&nbsp; &#8221; E N C A N T O &#8222; Inicjatork\u0105 wystawienia kolejnego dzie\u0142a scenicznego przez szko\u0142\u0119, jego pomys\u0142odawczyni\u0105 by\u0142a absolwentka szko\u0142y.&nbsp; Zuzanna M\u0171nzberger-G\u0105bka w swoim \u017cyciu [&hellip;]<\/p>\n","protected":false},"author":1,"featured_media":0,"parent":0,"menu_order":0,"comment_status":"closed","ping_status":"closed","template":"","meta":{"site-sidebar-layout":"no-sidebar","site-content-layout":"page-builder","ast-site-content-layout":"full-width-container","site-content-style":"unboxed","site-sidebar-style":"unboxed","ast-global-header-display":"","ast-banner-title-visibility":"","ast-main-header-display":"","ast-hfb-above-header-display":"","ast-hfb-below-header-display":"","ast-hfb-mobile-header-display":"","site-post-title":"disabled","ast-breadcrumbs-content":"","ast-featured-img":"disabled","footer-sml-layout":"","theme-transparent-header-meta":"enabled","adv-header-id-meta":"","stick-header-meta":"","header-above-stick-meta":"","header-main-stick-meta":"","header-below-stick-meta":"","astra-migrate-meta-layouts":"set","ast-page-background-enabled":"default","ast-page-background-meta":{"desktop":{"background-color":"","background-image":"","background-repeat":"repeat","background-position":"center center","background-size":"auto","background-attachment":"scroll","background-type":"","background-media":"","overlay-type":"","overlay-color":"","overlay-opacity":"","overlay-gradient":""},"tablet":{"background-color":"","background-image":"","background-repeat":"repeat","background-position":"center center","background-size":"auto","background-attachment":"scroll","background-type":"","background-media":"","overlay-type":"","overlay-color":"","overlay-opacity":"","overlay-gradient":""},"mobile":{"background-color":"","background-image":"","background-repeat":"repeat","background-position":"center center","background-size":"auto","background-attachment":"scroll","background-type":"","background-media":"","overlay-type":"","overlay-color":"","overlay-opacity":"","overlay-gradient":""}},"ast-content-background-meta":{"desktop":{"background-color":"var(--ast-global-color-5)","background-image":"","background-repeat":"repeat","background-position":"center center","background-size":"auto","background-attachment":"scroll","background-type":"","background-media":"","overlay-type":"","overlay-color":"","overlay-opacity":"","overlay-gradient":""},"tablet":{"background-color":"var(--ast-global-color-5)","background-image":"","background-repeat":"repeat","background-position":"center center","background-size":"auto","background-attachment":"scroll","background-type":"","background-media":"","overlay-type":"","overlay-color":"","overlay-opacity":"","overlay-gradient":""},"mobile":{"background-color":"var(--ast-global-color-5)","background-image":"","background-repeat":"repeat","background-position":"center center","background-size":"auto","background-attachment":"scroll","background-type":"","background-media":"","overlay-type":"","overlay-color":"","overlay-opacity":"","overlay-gradient":""}},"footnotes":""},"folder":[],"class_list":["post-4294","page","type-page","status-publish","hentry"],"yoast_head":"<!-- This site is optimized with the Yoast SEO plugin v26.6 - https:\/\/yoast.com\/wordpress\/plugins\/seo\/ -->\n<title>Encanto - Szko\u0142a Muzyczna Krosno<\/title>\n<meta name=\"description\" content=\"Prywatna Szko\u0142a Muzyczna Pro Musica I i II stopnia w Kro\u015bnie. Studium wokalno-instrumentalne i zaj\u0119cia artystyczne dla najm\u0142odszych\" \/>\n<meta name=\"robots\" content=\"index, follow, max-snippet:-1, max-image-preview:large, max-video-preview:-1\" \/>\n<link rel=\"canonical\" href=\"https:\/\/promusicakrosno.pl\/index.php\/encanto\/\" \/>\n<meta property=\"og:locale\" content=\"pl_PL\" \/>\n<meta property=\"og:type\" content=\"article\" \/>\n<meta property=\"og:title\" content=\"Encanto - Szko\u0142a Muzyczna Krosno\" \/>\n<meta property=\"og:description\" content=\"Prywatna Szko\u0142a Muzyczna Pro Musica I i II stopnia w Kro\u015bnie. Studium wokalno-instrumentalne i zaj\u0119cia artystyczne dla najm\u0142odszych\" \/>\n<meta property=\"og:url\" content=\"https:\/\/promusicakrosno.pl\/index.php\/encanto\/\" \/>\n<meta property=\"og:site_name\" content=\"Szko\u0142a Muzyczna Krosno\" \/>\n<meta property=\"article:modified_time\" content=\"2025-01-30T17:05:40+00:00\" \/>\n<meta property=\"og:image\" content=\"https:\/\/promusicakrosno.pl\/wp-content\/uploads\/2025\/01\/2025.01.18_1-768x512.jpg\" \/>\n<meta name=\"twitter:card\" content=\"summary_large_image\" \/>\n<meta name=\"twitter:label1\" content=\"Szacowany czas czytania\" \/>\n\t<meta name=\"twitter:data1\" content=\"10 minut\" \/>\n<script type=\"application\/ld+json\" class=\"yoast-schema-graph\">{\"@context\":\"https:\/\/schema.org\",\"@graph\":[{\"@type\":\"WebPage\",\"@id\":\"https:\/\/promusicakrosno.pl\/index.php\/encanto\/\",\"url\":\"https:\/\/promusicakrosno.pl\/index.php\/encanto\/\",\"name\":\"Encanto - Szko\u0142a Muzyczna Krosno\",\"isPartOf\":{\"@id\":\"https:\/\/promusicakrosno.pl\/#website\"},\"primaryImageOfPage\":{\"@id\":\"https:\/\/promusicakrosno.pl\/index.php\/encanto\/#primaryimage\"},\"image\":{\"@id\":\"https:\/\/promusicakrosno.pl\/index.php\/encanto\/#primaryimage\"},\"thumbnailUrl\":\"https:\/\/promusicakrosno.pl\/wp-content\/uploads\/2025\/01\/2025.01.18_1-768x512.jpg\",\"datePublished\":\"2025-01-07T21:12:40+00:00\",\"dateModified\":\"2025-01-30T17:05:40+00:00\",\"description\":\"Prywatna Szko\u0142a Muzyczna Pro Musica I i II stopnia w Kro\u015bnie. Studium wokalno-instrumentalne i zaj\u0119cia artystyczne dla najm\u0142odszych\",\"breadcrumb\":{\"@id\":\"https:\/\/promusicakrosno.pl\/index.php\/encanto\/#breadcrumb\"},\"inLanguage\":\"pl-PL\",\"potentialAction\":[{\"@type\":\"ReadAction\",\"target\":[\"https:\/\/promusicakrosno.pl\/index.php\/encanto\/\"]}]},{\"@type\":\"ImageObject\",\"inLanguage\":\"pl-PL\",\"@id\":\"https:\/\/promusicakrosno.pl\/index.php\/encanto\/#primaryimage\",\"url\":\"https:\/\/promusicakrosno.pl\/wp-content\/uploads\/2025\/01\/2025.01.18_1.jpg\",\"contentUrl\":\"https:\/\/promusicakrosno.pl\/wp-content\/uploads\/2025\/01\/2025.01.18_1.jpg\",\"width\":1600,\"height\":1067},{\"@type\":\"BreadcrumbList\",\"@id\":\"https:\/\/promusicakrosno.pl\/index.php\/encanto\/#breadcrumb\",\"itemListElement\":[{\"@type\":\"ListItem\",\"position\":1,\"name\":\"Strona g\u0142\u00f3wna\",\"item\":\"https:\/\/promusicakrosno.pl\/\"},{\"@type\":\"ListItem\",\"position\":2,\"name\":\"Encanto\"}]},{\"@type\":\"WebSite\",\"@id\":\"https:\/\/promusicakrosno.pl\/#website\",\"url\":\"https:\/\/promusicakrosno.pl\/\",\"name\":\"Szko\u0142a Muzyczna Krosno\",\"description\":\"Pro Musica\",\"publisher\":{\"@id\":\"https:\/\/promusicakrosno.pl\/#organization\"},\"potentialAction\":[{\"@type\":\"SearchAction\",\"target\":{\"@type\":\"EntryPoint\",\"urlTemplate\":\"https:\/\/promusicakrosno.pl\/?s={search_term_string}\"},\"query-input\":{\"@type\":\"PropertyValueSpecification\",\"valueRequired\":true,\"valueName\":\"search_term_string\"}}],\"inLanguage\":\"pl-PL\"},{\"@type\":\"Organization\",\"@id\":\"https:\/\/promusicakrosno.pl\/#organization\",\"name\":\"Szko\u0142a Muzyczna Krosno\",\"url\":\"https:\/\/promusicakrosno.pl\/\",\"logo\":{\"@type\":\"ImageObject\",\"inLanguage\":\"pl-PL\",\"@id\":\"https:\/\/promusicakrosno.pl\/#\/schema\/logo\/image\/\",\"url\":\"https:\/\/promusicakrosno.pl\/wp-content\/uploads\/2022\/02\/logo_png_bez_tla.png\",\"contentUrl\":\"https:\/\/promusicakrosno.pl\/wp-content\/uploads\/2022\/02\/logo_png_bez_tla.png\",\"width\":271,\"height\":159,\"caption\":\"Szko\u0142a Muzyczna Krosno\"},\"image\":{\"@id\":\"https:\/\/promusicakrosno.pl\/#\/schema\/logo\/image\/\"}}]}<\/script>\n<!-- \/ Yoast SEO plugin. -->","yoast_head_json":{"title":"Encanto - Szko\u0142a Muzyczna Krosno","description":"Prywatna Szko\u0142a Muzyczna Pro Musica I i II stopnia w Kro\u015bnie. Studium wokalno-instrumentalne i zaj\u0119cia artystyczne dla najm\u0142odszych","robots":{"index":"index","follow":"follow","max-snippet":"max-snippet:-1","max-image-preview":"max-image-preview:large","max-video-preview":"max-video-preview:-1"},"canonical":"https:\/\/promusicakrosno.pl\/index.php\/encanto\/","og_locale":"pl_PL","og_type":"article","og_title":"Encanto - Szko\u0142a Muzyczna Krosno","og_description":"Prywatna Szko\u0142a Muzyczna Pro Musica I i II stopnia w Kro\u015bnie. Studium wokalno-instrumentalne i zaj\u0119cia artystyczne dla najm\u0142odszych","og_url":"https:\/\/promusicakrosno.pl\/index.php\/encanto\/","og_site_name":"Szko\u0142a Muzyczna Krosno","article_modified_time":"2025-01-30T17:05:40+00:00","og_image":[{"url":"https:\/\/promusicakrosno.pl\/wp-content\/uploads\/2025\/01\/2025.01.18_1-768x512.jpg","type":"","width":"","height":""}],"twitter_card":"summary_large_image","twitter_misc":{"Szacowany czas czytania":"10 minut"},"schema":{"@context":"https:\/\/schema.org","@graph":[{"@type":"WebPage","@id":"https:\/\/promusicakrosno.pl\/index.php\/encanto\/","url":"https:\/\/promusicakrosno.pl\/index.php\/encanto\/","name":"Encanto - Szko\u0142a Muzyczna Krosno","isPartOf":{"@id":"https:\/\/promusicakrosno.pl\/#website"},"primaryImageOfPage":{"@id":"https:\/\/promusicakrosno.pl\/index.php\/encanto\/#primaryimage"},"image":{"@id":"https:\/\/promusicakrosno.pl\/index.php\/encanto\/#primaryimage"},"thumbnailUrl":"https:\/\/promusicakrosno.pl\/wp-content\/uploads\/2025\/01\/2025.01.18_1-768x512.jpg","datePublished":"2025-01-07T21:12:40+00:00","dateModified":"2025-01-30T17:05:40+00:00","description":"Prywatna Szko\u0142a Muzyczna Pro Musica I i II stopnia w Kro\u015bnie. Studium wokalno-instrumentalne i zaj\u0119cia artystyczne dla najm\u0142odszych","breadcrumb":{"@id":"https:\/\/promusicakrosno.pl\/index.php\/encanto\/#breadcrumb"},"inLanguage":"pl-PL","potentialAction":[{"@type":"ReadAction","target":["https:\/\/promusicakrosno.pl\/index.php\/encanto\/"]}]},{"@type":"ImageObject","inLanguage":"pl-PL","@id":"https:\/\/promusicakrosno.pl\/index.php\/encanto\/#primaryimage","url":"https:\/\/promusicakrosno.pl\/wp-content\/uploads\/2025\/01\/2025.01.18_1.jpg","contentUrl":"https:\/\/promusicakrosno.pl\/wp-content\/uploads\/2025\/01\/2025.01.18_1.jpg","width":1600,"height":1067},{"@type":"BreadcrumbList","@id":"https:\/\/promusicakrosno.pl\/index.php\/encanto\/#breadcrumb","itemListElement":[{"@type":"ListItem","position":1,"name":"Strona g\u0142\u00f3wna","item":"https:\/\/promusicakrosno.pl\/"},{"@type":"ListItem","position":2,"name":"Encanto"}]},{"@type":"WebSite","@id":"https:\/\/promusicakrosno.pl\/#website","url":"https:\/\/promusicakrosno.pl\/","name":"Szko\u0142a Muzyczna Krosno","description":"Pro Musica","publisher":{"@id":"https:\/\/promusicakrosno.pl\/#organization"},"potentialAction":[{"@type":"SearchAction","target":{"@type":"EntryPoint","urlTemplate":"https:\/\/promusicakrosno.pl\/?s={search_term_string}"},"query-input":{"@type":"PropertyValueSpecification","valueRequired":true,"valueName":"search_term_string"}}],"inLanguage":"pl-PL"},{"@type":"Organization","@id":"https:\/\/promusicakrosno.pl\/#organization","name":"Szko\u0142a Muzyczna Krosno","url":"https:\/\/promusicakrosno.pl\/","logo":{"@type":"ImageObject","inLanguage":"pl-PL","@id":"https:\/\/promusicakrosno.pl\/#\/schema\/logo\/image\/","url":"https:\/\/promusicakrosno.pl\/wp-content\/uploads\/2022\/02\/logo_png_bez_tla.png","contentUrl":"https:\/\/promusicakrosno.pl\/wp-content\/uploads\/2022\/02\/logo_png_bez_tla.png","width":271,"height":159,"caption":"Szko\u0142a Muzyczna Krosno"},"image":{"@id":"https:\/\/promusicakrosno.pl\/#\/schema\/logo\/image\/"}}]}},"_links":{"self":[{"href":"https:\/\/promusicakrosno.pl\/index.php\/wp-json\/wp\/v2\/pages\/4294","targetHints":{"allow":["GET"]}}],"collection":[{"href":"https:\/\/promusicakrosno.pl\/index.php\/wp-json\/wp\/v2\/pages"}],"about":[{"href":"https:\/\/promusicakrosno.pl\/index.php\/wp-json\/wp\/v2\/types\/page"}],"author":[{"embeddable":true,"href":"https:\/\/promusicakrosno.pl\/index.php\/wp-json\/wp\/v2\/users\/1"}],"replies":[{"embeddable":true,"href":"https:\/\/promusicakrosno.pl\/index.php\/wp-json\/wp\/v2\/comments?post=4294"}],"version-history":[{"count":124,"href":"https:\/\/promusicakrosno.pl\/index.php\/wp-json\/wp\/v2\/pages\/4294\/revisions"}],"predecessor-version":[{"id":4479,"href":"https:\/\/promusicakrosno.pl\/index.php\/wp-json\/wp\/v2\/pages\/4294\/revisions\/4479"}],"wp:attachment":[{"href":"https:\/\/promusicakrosno.pl\/index.php\/wp-json\/wp\/v2\/media?parent=4294"}],"wp:term":[{"taxonomy":"folder","embeddable":true,"href":"https:\/\/promusicakrosno.pl\/index.php\/wp-json\/wp\/v2\/folder?post=4294"}],"curies":[{"name":"wp","href":"https:\/\/api.w.org\/{rel}","templated":true}]}}