{"id":5124,"date":"2025-12-27T13:07:55","date_gmt":"2025-12-27T13:07:55","guid":{"rendered":"https:\/\/promusicakrosno.pl\/?page_id=5124"},"modified":"2026-01-03T15:55:46","modified_gmt":"2026-01-03T15:55:46","slug":"koncert_swiateczny_w_splast","status":"publish","type":"page","link":"https:\/\/promusicakrosno.pl\/index.php\/koncert_swiateczny_w_splast\/","title":{"rendered":"koncert \u015bwi\u0105teczny w Splast"},"content":{"rendered":"\t\t<div data-elementor-type=\"wp-page\" data-elementor-id=\"5124\" class=\"elementor elementor-5124\">\n\t\t\t\t\t\t<section class=\"elementor-section elementor-top-section elementor-element elementor-element-034a199 elementor-section-boxed elementor-section-height-default elementor-section-height-default\" data-id=\"034a199\" data-element_type=\"section\" data-settings=\"{&quot;background_background&quot;:&quot;slideshow&quot;,&quot;background_slideshow_gallery&quot;:[{&quot;id&quot;:5142,&quot;url&quot;:&quot;https:\\\/\\\/promusicakrosno.pl\\\/wp-content\\\/uploads\\\/2025\\\/12\\\/20125.12.19_splast_2.jpg&quot;}],&quot;background_slideshow_loop&quot;:&quot;yes&quot;,&quot;background_slideshow_slide_duration&quot;:5000,&quot;background_slideshow_slide_transition&quot;:&quot;fade&quot;,&quot;background_slideshow_transition_duration&quot;:500}\">\n\t\t\t\t\t\t\t<div class=\"elementor-background-overlay\"><\/div>\n\t\t\t\t\t\t\t<div class=\"elementor-container elementor-column-gap-no\">\n\t\t\t\t\t<div class=\"elementor-column elementor-col-100 elementor-top-column elementor-element elementor-element-3f16b53\" data-id=\"3f16b53\" data-element_type=\"column\">\n\t\t\t<div class=\"elementor-widget-wrap elementor-element-populated\">\n\t\t\t\t\t\t<div class=\"elementor-element elementor-element-6fcb92a elementor-invisible elementor-widget elementor-widget-heading\" data-id=\"6fcb92a\" data-element_type=\"widget\" data-settings=\"{&quot;_animation&quot;:&quot;rollIn&quot;}\" data-widget_type=\"heading.default\">\n\t\t\t\t<div class=\"elementor-widget-container\">\n\t\t\t\t\t<h2 class=\"elementor-heading-title elementor-size-default\">koncert  SPLAST<\/h2>\t\t\t\t<\/div>\n\t\t\t\t<\/div>\n\t\t\t\t<div class=\"elementor-element elementor-element-48255a3 elementor-widget-divider--view-line elementor-widget elementor-widget-divider\" data-id=\"48255a3\" data-element_type=\"widget\" data-widget_type=\"divider.default\">\n\t\t\t\t<div class=\"elementor-widget-container\">\n\t\t\t\t\t\t\t<div class=\"elementor-divider\">\n\t\t\t<span class=\"elementor-divider-separator\">\n\t\t\t\t\t\t<\/span>\n\t\t<\/div>\n\t\t\t\t\t\t<\/div>\n\t\t\t\t<\/div>\n\t\t\t\t\t<\/div>\n\t\t<\/div>\n\t\t\t\t\t<\/div>\n\t\t<\/section>\n\t\t\t\t<section class=\"elementor-section elementor-top-section elementor-element elementor-element-0ad9787 elementor-section-content-middle elementor-section-boxed elementor-section-height-default elementor-section-height-default\" data-id=\"0ad9787\" data-element_type=\"section\" data-settings=\"{&quot;background_background&quot;:&quot;classic&quot;}\">\n\t\t\t\t\t\t\t<div class=\"elementor-background-overlay\"><\/div>\n\t\t\t\t\t\t\t<div class=\"elementor-container elementor-column-gap-no\">\n\t\t\t\t\t<div class=\"elementor-column elementor-col-100 elementor-top-column elementor-element elementor-element-ba59ac3\" data-id=\"ba59ac3\" data-element_type=\"column\">\n\t\t\t<div class=\"elementor-widget-wrap elementor-element-populated\">\n\t\t\t\t\t\t<div class=\"elementor-element elementor-element-11657b2 elementor-widget elementor-widget-text-editor\" data-id=\"11657b2\" data-element_type=\"widget\" data-widget_type=\"text-editor.default\">\n\t\t\t\t<div class=\"elementor-widget-container\">\n\t\t\t\t\t\t\t\t\t<p style=\"text-align: center;\">19 grudnia 2025 r.<\/p><p style=\"text-align: center;\">uczennice Prywatnej Szko\u0142y Muzycznej Pro Musica w Kro\u015bnie<\/p><p style=\"text-align: center;\">koncertowa\u0142y w siedzibach firmy <em><strong>SPLAST\u00a0<\/strong><\/em><\/p>\t\t\t\t\t\t\t\t<\/div>\n\t\t\t\t<\/div>\n\t\t\t\t<div class=\"elementor-element elementor-element-ad0f960 gallery-spacing-custom elementor-widget elementor-widget-image-gallery\" data-id=\"ad0f960\" data-element_type=\"widget\" data-widget_type=\"image-gallery.default\">\n\t\t\t\t<div class=\"elementor-widget-container\">\n\t\t\t\t\t\t\t<div class=\"elementor-image-gallery\">\n\t\t\t<div id='gallery-1' class='gallery galleryid-5124 gallery-columns-1 gallery-size-large'><figure class='gallery-item'>\n\t\t\t<div class='gallery-icon landscape'>\n\t\t\t\t<a data-elementor-open-lightbox=\"yes\" data-elementor-lightbox-slideshow=\"ad0f960\" data-elementor-lightbox-title=\"201=25.12.19_splast_1\" data-e-action-hash=\"#elementor-action%3Aaction%3Dlightbox%26settings%3DeyJpZCI6NTE0MSwidXJsIjoiaHR0cHM6XC9cL3Byb211c2ljYWtyb3Nuby5wbFwvd3AtY29udGVudFwvdXBsb2Fkc1wvMjAyNVwvMTJcLzIwMTI1LjEyLjE5X3NwbGFzdF8xLmpwZyIsInNsaWRlc2hvdyI6ImFkMGY5NjAifQ%3D%3D\" href='https:\/\/promusicakrosno.pl\/wp-content\/uploads\/2025\/12\/20125.12.19_splast_1.jpg'><img fetchpriority=\"high\" decoding=\"async\" width=\"1024\" height=\"583\" src=\"https:\/\/promusicakrosno.pl\/wp-content\/uploads\/2025\/12\/20125.12.19_splast_1-1024x583.jpg\" class=\"attachment-large size-large\" alt=\"\" srcset=\"https:\/\/promusicakrosno.pl\/wp-content\/uploads\/2025\/12\/20125.12.19_splast_1-1024x583.jpg 1024w, https:\/\/promusicakrosno.pl\/wp-content\/uploads\/2025\/12\/20125.12.19_splast_1-300x171.jpg 300w, https:\/\/promusicakrosno.pl\/wp-content\/uploads\/2025\/12\/20125.12.19_splast_1-768x437.jpg 768w, https:\/\/promusicakrosno.pl\/wp-content\/uploads\/2025\/12\/20125.12.19_splast_1.jpg 1345w\" sizes=\"(max-width: 1024px) 100vw, 1024px\" \/><\/a>\n\t\t\t<\/div><\/figure>\n\t\t<\/div>\n\t\t<\/div>\n\t\t\t\t\t\t<\/div>\n\t\t\t\t<\/div>\n\t\t\t\t<div class=\"elementor-element elementor-element-fb7812f gallery-spacing-custom elementor-widget elementor-widget-image-gallery\" data-id=\"fb7812f\" data-element_type=\"widget\" data-widget_type=\"image-gallery.default\">\n\t\t\t\t<div class=\"elementor-widget-container\">\n\t\t\t\t\t\t\t<div class=\"elementor-image-gallery\">\n\t\t\t<div id='gallery-2' class='gallery galleryid-5124 gallery-columns-1 gallery-size-medium_large'><figure class='gallery-item'>\n\t\t\t<div class='gallery-icon landscape'>\n\t\t\t\t<a data-elementor-open-lightbox=\"yes\" data-elementor-lightbox-slideshow=\"fb7812f\" data-elementor-lightbox-title=\"201=25.12.19_splast_1b\" data-e-action-hash=\"#elementor-action%3Aaction%3Dlightbox%26settings%3DeyJpZCI6NTE1NiwidXJsIjoiaHR0cHM6XC9cL3Byb211c2ljYWtyb3Nuby5wbFwvd3AtY29udGVudFwvdXBsb2Fkc1wvMjAyNVwvMTJcLzIwMTI1LjEyLjE5X3NwbGFzdF8xYi5qcGciLCJzbGlkZXNob3ciOiJmYjc4MTJmIn0%3D\" href='https:\/\/promusicakrosno.pl\/wp-content\/uploads\/2025\/12\/20125.12.19_splast_1b.jpg'><img decoding=\"async\" width=\"768\" height=\"449\" src=\"https:\/\/promusicakrosno.pl\/wp-content\/uploads\/2025\/12\/20125.12.19_splast_1b-768x449.jpg\" class=\"attachment-medium_large size-medium_large\" alt=\"\" srcset=\"https:\/\/promusicakrosno.pl\/wp-content\/uploads\/2025\/12\/20125.12.19_splast_1b-768x449.jpg 768w, https:\/\/promusicakrosno.pl\/wp-content\/uploads\/2025\/12\/20125.12.19_splast_1b-300x175.jpg 300w, https:\/\/promusicakrosno.pl\/wp-content\/uploads\/2025\/12\/20125.12.19_splast_1b-1024x598.jpg 1024w, https:\/\/promusicakrosno.pl\/wp-content\/uploads\/2025\/12\/20125.12.19_splast_1b.jpg 1232w\" sizes=\"(max-width: 768px) 100vw, 768px\" \/><\/a>\n\t\t\t<\/div><\/figure><figure class='gallery-item'>\n\t\t\t<div class='gallery-icon landscape'>\n\t\t\t\t<a data-elementor-open-lightbox=\"yes\" data-elementor-lightbox-slideshow=\"fb7812f\" data-elementor-lightbox-title=\"Screenshot\" data-e-action-hash=\"#elementor-action%3Aaction%3Dlightbox%26settings%3DeyJpZCI6NTE0MiwidXJsIjoiaHR0cHM6XC9cL3Byb211c2ljYWtyb3Nuby5wbFwvd3AtY29udGVudFwvdXBsb2Fkc1wvMjAyNVwvMTJcLzIwMTI1LjEyLjE5X3NwbGFzdF8yLmpwZyIsInNsaWRlc2hvdyI6ImZiNzgxMmYifQ%3D%3D\" href='https:\/\/promusicakrosno.pl\/wp-content\/uploads\/2025\/12\/20125.12.19_splast_2.jpg'><img decoding=\"async\" width=\"768\" height=\"526\" src=\"https:\/\/promusicakrosno.pl\/wp-content\/uploads\/2025\/12\/20125.12.19_splast_2-768x526.jpg\" class=\"attachment-medium_large size-medium_large\" alt=\"\" srcset=\"https:\/\/promusicakrosno.pl\/wp-content\/uploads\/2025\/12\/20125.12.19_splast_2-768x526.jpg 768w, https:\/\/promusicakrosno.pl\/wp-content\/uploads\/2025\/12\/20125.12.19_splast_2-300x206.jpg 300w, https:\/\/promusicakrosno.pl\/wp-content\/uploads\/2025\/12\/20125.12.19_splast_2-1024x702.jpg 1024w, https:\/\/promusicakrosno.pl\/wp-content\/uploads\/2025\/12\/20125.12.19_splast_2-1536x1053.jpg 1536w, https:\/\/promusicakrosno.pl\/wp-content\/uploads\/2025\/12\/20125.12.19_splast_2.jpg 1701w\" sizes=\"(max-width: 768px) 100vw, 768px\" \/><\/a>\n\t\t\t<\/div><\/figure><figure class='gallery-item'>\n\t\t\t<div class='gallery-icon landscape'>\n\t\t\t\t<a data-elementor-open-lightbox=\"yes\" data-elementor-lightbox-slideshow=\"fb7812f\" data-elementor-lightbox-title=\"Screenshot\" data-e-action-hash=\"#elementor-action%3Aaction%3Dlightbox%26settings%3DeyJpZCI6NTE0MywidXJsIjoiaHR0cHM6XC9cL3Byb211c2ljYWtyb3Nuby5wbFwvd3AtY29udGVudFwvdXBsb2Fkc1wvMjAyNVwvMTJcLzIwMTI1LjEyLjE5X3NwbGFzdF8zLmpwZyIsInNsaWRlc2hvdyI6ImZiNzgxMmYifQ%3D%3D\" href='https:\/\/promusicakrosno.pl\/wp-content\/uploads\/2025\/12\/20125.12.19_splast_3.jpg'><img loading=\"lazy\" decoding=\"async\" width=\"768\" height=\"398\" src=\"https:\/\/promusicakrosno.pl\/wp-content\/uploads\/2025\/12\/20125.12.19_splast_3-768x398.jpg\" class=\"attachment-medium_large size-medium_large\" alt=\"\" srcset=\"https:\/\/promusicakrosno.pl\/wp-content\/uploads\/2025\/12\/20125.12.19_splast_3-768x398.jpg 768w, https:\/\/promusicakrosno.pl\/wp-content\/uploads\/2025\/12\/20125.12.19_splast_3-300x156.jpg 300w, https:\/\/promusicakrosno.pl\/wp-content\/uploads\/2025\/12\/20125.12.19_splast_3-1024x531.jpg 1024w, https:\/\/promusicakrosno.pl\/wp-content\/uploads\/2025\/12\/20125.12.19_splast_3.jpg 1170w\" sizes=\"(max-width: 768px) 100vw, 768px\" \/><\/a>\n\t\t\t<\/div><\/figure><figure class='gallery-item'>\n\t\t\t<div class='gallery-icon '>\n\t\t\t\t<a data-elementor-open-lightbox=\"yes\" data-elementor-lightbox-slideshow=\"fb7812f\" data-elementor-lightbox-title=\"2025.12.19_splast_5\" data-e-action-hash=\"#elementor-action%3Aaction%3Dlightbox%26settings%3DeyJpZCI6NTE2MywidXJsIjoiaHR0cHM6XC9cL3Byb211c2ljYWtyb3Nuby5wbFwvd3AtY29udGVudFwvdXBsb2Fkc1wvMjAyNVwvMTJcLzIwMjUuMTIuMTlfc3BsYXN0XzUtMS5oZWljIiwic2xpZGVzaG93IjoiZmI3ODEyZiJ9\" href='https:\/\/promusicakrosno.pl\/wp-content\/uploads\/2025\/12\/2025.12.19_splast_5-1.heic'><img loading=\"lazy\" decoding=\"async\" width=\"1\" height=\"1\" src=\"https:\/\/promusicakrosno.pl\/wp-content\/uploads\/2025\/12\/2025.12.19_splast_5-1.heic\" class=\"attachment-medium_large size-medium_large\" alt=\"\" \/><\/a>\n\t\t\t<\/div><\/figure><figure class='gallery-item'>\n\t\t\t<div class='gallery-icon landscape'>\n\t\t\t\t<a data-elementor-open-lightbox=\"yes\" data-elementor-lightbox-slideshow=\"fb7812f\" data-elementor-lightbox-title=\"20125.12.19_splast_5\" data-e-action-hash=\"#elementor-action%3Aaction%3Dlightbox%26settings%3DeyJpZCI6NTE2NSwidXJsIjoiaHR0cHM6XC9cL3Byb211c2ljYWtyb3Nuby5wbFwvd3AtY29udGVudFwvdXBsb2Fkc1wvMjAyNlwvMDFcLzIwMTI1LjEyLjE5X3NwbGFzdF81LmpwZyIsInNsaWRlc2hvdyI6ImZiNzgxMmYifQ%3D%3D\" href='https:\/\/promusicakrosno.pl\/wp-content\/uploads\/2026\/01\/20125.12.19_splast_5.jpg'><img loading=\"lazy\" decoding=\"async\" width=\"768\" height=\"323\" src=\"https:\/\/promusicakrosno.pl\/wp-content\/uploads\/2026\/01\/20125.12.19_splast_5-768x323.jpg\" class=\"attachment-medium_large size-medium_large\" alt=\"\" srcset=\"https:\/\/promusicakrosno.pl\/wp-content\/uploads\/2026\/01\/20125.12.19_splast_5-768x323.jpg 768w, https:\/\/promusicakrosno.pl\/wp-content\/uploads\/2026\/01\/20125.12.19_splast_5-300x126.jpg 300w, https:\/\/promusicakrosno.pl\/wp-content\/uploads\/2026\/01\/20125.12.19_splast_5-1024x431.jpg 1024w, https:\/\/promusicakrosno.pl\/wp-content\/uploads\/2026\/01\/20125.12.19_splast_5-1536x646.jpg 1536w, https:\/\/promusicakrosno.pl\/wp-content\/uploads\/2026\/01\/20125.12.19_splast_5.jpg 1600w\" sizes=\"(max-width: 768px) 100vw, 768px\" \/><\/a>\n\t\t\t<\/div><\/figure><figure class='gallery-item'>\n\t\t\t<div class='gallery-icon landscape'>\n\t\t\t\t<a data-elementor-open-lightbox=\"yes\" data-elementor-lightbox-slideshow=\"fb7812f\" data-elementor-lightbox-title=\"20125.12.19_splast_6\" data-e-action-hash=\"#elementor-action%3Aaction%3Dlightbox%26settings%3DeyJpZCI6NTE2NiwidXJsIjoiaHR0cHM6XC9cL3Byb211c2ljYWtyb3Nuby5wbFwvd3AtY29udGVudFwvdXBsb2Fkc1wvMjAyNlwvMDFcLzIwMTI1LjEyLjE5X3NwbGFzdF82LmpwZyIsInNsaWRlc2hvdyI6ImZiNzgxMmYifQ%3D%3D\" href='https:\/\/promusicakrosno.pl\/wp-content\/uploads\/2026\/01\/20125.12.19_splast_6.jpg'><img loading=\"lazy\" decoding=\"async\" width=\"768\" height=\"576\" src=\"https:\/\/promusicakrosno.pl\/wp-content\/uploads\/2026\/01\/20125.12.19_splast_6-768x576.jpg\" class=\"attachment-medium_large size-medium_large\" alt=\"\" srcset=\"https:\/\/promusicakrosno.pl\/wp-content\/uploads\/2026\/01\/20125.12.19_splast_6-768x576.jpg 768w, https:\/\/promusicakrosno.pl\/wp-content\/uploads\/2026\/01\/20125.12.19_splast_6-300x225.jpg 300w, https:\/\/promusicakrosno.pl\/wp-content\/uploads\/2026\/01\/20125.12.19_splast_6-1024x768.jpg 1024w, https:\/\/promusicakrosno.pl\/wp-content\/uploads\/2026\/01\/20125.12.19_splast_6-1536x1152.jpg 1536w, https:\/\/promusicakrosno.pl\/wp-content\/uploads\/2026\/01\/20125.12.19_splast_6.jpg 1600w\" sizes=\"(max-width: 768px) 100vw, 768px\" \/><\/a>\n\t\t\t<\/div><\/figure><figure class='gallery-item'>\n\t\t\t<div class='gallery-icon landscape'>\n\t\t\t\t<a data-elementor-open-lightbox=\"yes\" data-elementor-lightbox-slideshow=\"fb7812f\" data-elementor-lightbox-title=\"20125.12.19_splast_7\" data-e-action-hash=\"#elementor-action%3Aaction%3Dlightbox%26settings%3DeyJpZCI6NTE2NywidXJsIjoiaHR0cHM6XC9cL3Byb211c2ljYWtyb3Nuby5wbFwvd3AtY29udGVudFwvdXBsb2Fkc1wvMjAyNlwvMDFcLzIwMTI1LjEyLjE5X3NwbGFzdF83LmpwZyIsInNsaWRlc2hvdyI6ImZiNzgxMmYifQ%3D%3D\" href='https:\/\/promusicakrosno.pl\/wp-content\/uploads\/2026\/01\/20125.12.19_splast_7.jpg'><img loading=\"lazy\" decoding=\"async\" width=\"768\" height=\"576\" src=\"https:\/\/promusicakrosno.pl\/wp-content\/uploads\/2026\/01\/20125.12.19_splast_7-768x576.jpg\" class=\"attachment-medium_large size-medium_large\" alt=\"\" srcset=\"https:\/\/promusicakrosno.pl\/wp-content\/uploads\/2026\/01\/20125.12.19_splast_7-768x576.jpg 768w, https:\/\/promusicakrosno.pl\/wp-content\/uploads\/2026\/01\/20125.12.19_splast_7-300x225.jpg 300w, https:\/\/promusicakrosno.pl\/wp-content\/uploads\/2026\/01\/20125.12.19_splast_7-1024x768.jpg 1024w, https:\/\/promusicakrosno.pl\/wp-content\/uploads\/2026\/01\/20125.12.19_splast_7-1536x1152.jpg 1536w, https:\/\/promusicakrosno.pl\/wp-content\/uploads\/2026\/01\/20125.12.19_splast_7.jpg 1600w\" sizes=\"(max-width: 768px) 100vw, 768px\" \/><\/a>\n\t\t\t<\/div><\/figure>\n\t\t<\/div>\n\t\t<\/div>\n\t\t\t\t\t\t<\/div>\n\t\t\t\t<\/div>\n\t\t\t\t<div class=\"elementor-element elementor-element-0e9162e elementor-widget-divider--view-line_icon elementor-view-default elementor-widget-divider--element-align-center elementor-widget elementor-widget-divider\" data-id=\"0e9162e\" data-element_type=\"widget\" data-widget_type=\"divider.default\">\n\t\t\t\t<div class=\"elementor-widget-container\">\n\t\t\t\t\t\t\t<div class=\"elementor-divider\">\n\t\t\t<span class=\"elementor-divider-separator\">\n\t\t\t\t\t\t\t<div class=\"elementor-icon elementor-divider__element\">\n\t\t\t\t\t<svg xmlns=\"http:\/\/www.w3.org\/2000\/svg\" viewBox=\"0 0 24 24\"><path d=\"M21.65,2.24a1,1,0,0,0-.8-.23l-13,2A1,1,0,0,0,7,5V15.35A3.45,3.45,0,0,0,5.5,15,3.5,3.5,0,1,0,9,18.5V10.86L20,9.17v4.18A3.45,3.45,0,0,0,18.5,13,3.5,3.5,0,1,0,22,16.5V3A1,1,0,0,0,21.65,2.24ZM5.5,20A1.5,1.5,0,1,1,7,18.5,1.5,1.5,0,0,1,5.5,20Zm13-2A1.5,1.5,0,1,1,20,16.5,1.5,1.5,0,0,1,18.5,18ZM20,7.14,9,8.83v-3L20,4.17Z\"><\/path><\/svg><\/div>\n\t\t\t\t\t\t<\/span>\n\t\t<\/div>\n\t\t\t\t\t\t<\/div>\n\t\t\t\t<\/div>\n\t\t\t\t<div class=\"elementor-element elementor-element-330d32d elementor-align-center elementor-widget elementor-widget-button\" data-id=\"330d32d\" data-element_type=\"widget\" data-widget_type=\"button.default\">\n\t\t\t\t<div class=\"elementor-widget-container\">\n\t\t\t\t\t\t\t\t\t<div class=\"elementor-button-wrapper\">\n\t\t\t\t\t<a class=\"elementor-button elementor-button-link elementor-size-sm\" href=\"https:\/\/www.promusicakrosno.pl\/index.php\/aktualnosci\/\">\n\t\t\t\t\t\t<span class=\"elementor-button-content-wrapper\">\n\t\t\t\t\t\t\t\t\t<span class=\"elementor-button-text\">wr\u00f3\u0107<\/span>\n\t\t\t\t\t<\/span>\n\t\t\t\t\t<\/a>\n\t\t\t\t<\/div>\n\t\t\t\t\t\t\t\t<\/div>\n\t\t\t\t<\/div>\n\t\t\t\t<div class=\"elementor-element elementor-element-ca16b74 elementor-widget elementor-widget-spacer\" data-id=\"ca16b74\" data-element_type=\"widget\" data-widget_type=\"spacer.default\">\n\t\t\t\t<div class=\"elementor-widget-container\">\n\t\t\t\t\t\t\t<div class=\"elementor-spacer\">\n\t\t\t<div class=\"elementor-spacer-inner\"><\/div>\n\t\t<\/div>\n\t\t\t\t\t\t<\/div>\n\t\t\t\t<\/div>\n\t\t\t\t\t<\/div>\n\t\t<\/div>\n\t\t\t\t\t<\/div>\n\t\t<\/section>\n\t\t\t\t<section class=\"elementor-section elementor-top-section elementor-element elementor-element-9fe9399 elementor-section-boxed elementor-section-height-default elementor-section-height-default\" data-id=\"9fe9399\" data-element_type=\"section\" data-settings=\"{&quot;background_background&quot;:&quot;classic&quot;}\">\n\t\t\t\t\t\t\t<div class=\"elementor-background-overlay\"><\/div>\n\t\t\t\t\t\t\t<div class=\"elementor-container elementor-column-gap-no\">\n\t\t\t\t\t<div class=\"elementor-column elementor-col-100 elementor-top-column elementor-element elementor-element-039fd49\" data-id=\"039fd49\" data-element_type=\"column\">\n\t\t\t<div class=\"elementor-widget-wrap elementor-element-populated\">\n\t\t\t\t\t\t<div class=\"elementor-element elementor-element-bfb91e4 elementor-widget elementor-widget-heading\" data-id=\"bfb91e4\" data-element_type=\"widget\" data-widget_type=\"heading.default\">\n\t\t\t\t<div class=\"elementor-widget-container\">\n\t\t\t\t\t<h2 class=\"elementor-heading-title elementor-size-default\">pro musica<\/h2>\t\t\t\t<\/div>\n\t\t\t\t<\/div>\n\t\t\t\t<div class=\"elementor-element elementor-element-26ec901 elementor-widget elementor-widget-text-editor\" data-id=\"26ec901\" data-element_type=\"widget\" data-widget_type=\"text-editor.default\">\n\t\t\t\t<div class=\"elementor-widget-container\">\n\t\t\t\t\t\t\t\t\t<p style=\"text-align: center;\">est\u00a0 1989<\/p>\t\t\t\t\t\t\t\t<\/div>\n\t\t\t\t<\/div>\n\t\t\t\t<div class=\"elementor-element elementor-element-f9c12ae elementor-widget-mobile__width-inherit elementor-align-center elementor-widget elementor-widget-button\" data-id=\"f9c12ae\" data-element_type=\"widget\" data-widget_type=\"button.default\">\n\t\t\t\t<div class=\"elementor-widget-container\">\n\t\t\t\t\t\t\t\t\t<div class=\"elementor-button-wrapper\">\n\t\t\t\t\t<a class=\"elementor-button elementor-button-link elementor-size-sm\" href=\"#\">\n\t\t\t\t\t\t<span class=\"elementor-button-content-wrapper\">\n\t\t\t\t\t\t\t\t\t<span class=\"elementor-button-text\">przewi\u0144 w g\u00f3r\u0119<\/span>\n\t\t\t\t\t<\/span>\n\t\t\t\t\t<\/a>\n\t\t\t\t<\/div>\n\t\t\t\t\t\t\t\t<\/div>\n\t\t\t\t<\/div>\n\t\t\t\t\t<\/div>\n\t\t<\/div>\n\t\t\t\t\t<\/div>\n\t\t<\/section>\n\t\t\t\t<\/div>\n\t\t","protected":false},"excerpt":{"rendered":"<p>koncert SPLAST 19 grudnia 2025 r. uczennice Prywatnej Szko\u0142y Muzycznej Pro Musica w Kro\u015bnie koncertowa\u0142y w siedzibach firmy SPLAST\u00a0 wr\u00f3\u0107 pro musica est\u00a0 1989 przewi\u0144 w g\u00f3r\u0119<\/p>\n","protected":false},"author":1,"featured_media":0,"parent":0,"menu_order":0,"comment_status":"closed","ping_status":"closed","template":"","meta":{"site-sidebar-layout":"no-sidebar","site-content-layout":"page-builder","ast-site-content-layout":"full-width-container","site-content-style":"unboxed","site-sidebar-style":"unboxed","ast-global-header-display":"","ast-banner-title-visibility":"","ast-main-header-display":"","ast-hfb-above-header-display":"","ast-hfb-below-header-display":"","ast-hfb-mobile-header-display":"","site-post-title":"disabled","ast-breadcrumbs-content":"","ast-featured-img":"disabled","footer-sml-layout":"","theme-transparent-header-meta":"enabled","adv-header-id-meta":"","stick-header-meta":"","header-above-stick-meta":"","header-main-stick-meta":"","header-below-stick-meta":"","astra-migrate-meta-layouts":"set","ast-page-background-enabled":"default","ast-page-background-meta":{"desktop":{"background-color":"","background-image":"","background-repeat":"repeat","background-position":"center center","background-size":"auto","background-attachment":"scroll","background-type":"","background-media":"","overlay-type":"","overlay-color":"","overlay-opacity":"","overlay-gradient":""},"tablet":{"background-color":"","background-image":"","background-repeat":"repeat","background-position":"center center","background-size":"auto","background-attachment":"scroll","background-type":"","background-media":"","overlay-type":"","overlay-color":"","overlay-opacity":"","overlay-gradient":""},"mobile":{"background-color":"","background-image":"","background-repeat":"repeat","background-position":"center center","background-size":"auto","background-attachment":"scroll","background-type":"","background-media":"","overlay-type":"","overlay-color":"","overlay-opacity":"","overlay-gradient":""}},"ast-content-background-meta":{"desktop":{"background-color":"var(--ast-global-color-5)","background-image":"","background-repeat":"repeat","background-position":"center center","background-size":"auto","background-attachment":"scroll","background-type":"","background-media":"","overlay-type":"","overlay-color":"","overlay-opacity":"","overlay-gradient":""},"tablet":{"background-color":"var(--ast-global-color-5)","background-image":"","background-repeat":"repeat","background-position":"center center","background-size":"auto","background-attachment":"scroll","background-type":"","background-media":"","overlay-type":"","overlay-color":"","overlay-opacity":"","overlay-gradient":""},"mobile":{"background-color":"var(--ast-global-color-5)","background-image":"","background-repeat":"repeat","background-position":"center center","background-size":"auto","background-attachment":"scroll","background-type":"","background-media":"","overlay-type":"","overlay-color":"","overlay-opacity":"","overlay-gradient":""}},"footnotes":""},"folder":[],"class_list":["post-5124","page","type-page","status-publish","hentry"],"yoast_head":"<!-- This site is optimized with the Yoast SEO plugin v26.6 - https:\/\/yoast.com\/wordpress\/plugins\/seo\/ -->\n<title>koncert \u015bwi\u0105teczny w Splast - Szko\u0142a Muzyczna Krosno<\/title>\n<meta name=\"description\" content=\"Prywatna Szko\u0142a Muzyczna Pro Musica I i II stopnia w Kro\u015bnie. Studium wokalno-instrumentalne i zaj\u0119cia artystyczne dla najm\u0142odszych\" \/>\n<meta name=\"robots\" content=\"index, follow, max-snippet:-1, max-image-preview:large, max-video-preview:-1\" \/>\n<link rel=\"canonical\" href=\"https:\/\/promusicakrosno.pl\/index.php\/koncert_swiateczny_w_splast\/\" \/>\n<meta property=\"og:locale\" content=\"pl_PL\" \/>\n<meta property=\"og:type\" content=\"article\" \/>\n<meta property=\"og:title\" content=\"koncert \u015bwi\u0105teczny w Splast - Szko\u0142a Muzyczna Krosno\" \/>\n<meta property=\"og:description\" content=\"Prywatna Szko\u0142a Muzyczna Pro Musica I i II stopnia w Kro\u015bnie. Studium wokalno-instrumentalne i zaj\u0119cia artystyczne dla najm\u0142odszych\" \/>\n<meta property=\"og:url\" content=\"https:\/\/promusicakrosno.pl\/index.php\/koncert_swiateczny_w_splast\/\" \/>\n<meta property=\"og:site_name\" content=\"Szko\u0142a Muzyczna Krosno\" \/>\n<meta property=\"article:modified_time\" content=\"2026-01-03T15:55:46+00:00\" \/>\n<meta property=\"og:image\" content=\"https:\/\/promusicakrosno.pl\/wp-content\/uploads\/2025\/12\/20125.12.19_splast_1-1024x583.jpg\" \/>\n<meta name=\"twitter:card\" content=\"summary_large_image\" \/>\n<meta name=\"twitter:label1\" content=\"Szacowany czas czytania\" \/>\n\t<meta name=\"twitter:data1\" content=\"2 minuty\" \/>\n<script type=\"application\/ld+json\" class=\"yoast-schema-graph\">{\"@context\":\"https:\/\/schema.org\",\"@graph\":[{\"@type\":\"WebPage\",\"@id\":\"https:\/\/promusicakrosno.pl\/index.php\/koncert_swiateczny_w_splast\/\",\"url\":\"https:\/\/promusicakrosno.pl\/index.php\/koncert_swiateczny_w_splast\/\",\"name\":\"koncert \u015bwi\u0105teczny w Splast - Szko\u0142a Muzyczna Krosno\",\"isPartOf\":{\"@id\":\"https:\/\/promusicakrosno.pl\/#website\"},\"primaryImageOfPage\":{\"@id\":\"https:\/\/promusicakrosno.pl\/index.php\/koncert_swiateczny_w_splast\/#primaryimage\"},\"image\":{\"@id\":\"https:\/\/promusicakrosno.pl\/index.php\/koncert_swiateczny_w_splast\/#primaryimage\"},\"thumbnailUrl\":\"https:\/\/promusicakrosno.pl\/wp-content\/uploads\/2025\/12\/20125.12.19_splast_1-1024x583.jpg\",\"datePublished\":\"2025-12-27T13:07:55+00:00\",\"dateModified\":\"2026-01-03T15:55:46+00:00\",\"description\":\"Prywatna Szko\u0142a Muzyczna Pro Musica I i II stopnia w Kro\u015bnie. Studium wokalno-instrumentalne i zaj\u0119cia artystyczne dla najm\u0142odszych\",\"breadcrumb\":{\"@id\":\"https:\/\/promusicakrosno.pl\/index.php\/koncert_swiateczny_w_splast\/#breadcrumb\"},\"inLanguage\":\"pl-PL\",\"potentialAction\":[{\"@type\":\"ReadAction\",\"target\":[\"https:\/\/promusicakrosno.pl\/index.php\/koncert_swiateczny_w_splast\/\"]}]},{\"@type\":\"ImageObject\",\"inLanguage\":\"pl-PL\",\"@id\":\"https:\/\/promusicakrosno.pl\/index.php\/koncert_swiateczny_w_splast\/#primaryimage\",\"url\":\"https:\/\/promusicakrosno.pl\/wp-content\/uploads\/2025\/12\/20125.12.19_splast_1.jpg\",\"contentUrl\":\"https:\/\/promusicakrosno.pl\/wp-content\/uploads\/2025\/12\/20125.12.19_splast_1.jpg\",\"width\":1345,\"height\":766},{\"@type\":\"BreadcrumbList\",\"@id\":\"https:\/\/promusicakrosno.pl\/index.php\/koncert_swiateczny_w_splast\/#breadcrumb\",\"itemListElement\":[{\"@type\":\"ListItem\",\"position\":1,\"name\":\"Strona g\u0142\u00f3wna\",\"item\":\"https:\/\/promusicakrosno.pl\/\"},{\"@type\":\"ListItem\",\"position\":2,\"name\":\"koncert \u015bwi\u0105teczny w Splast\"}]},{\"@type\":\"WebSite\",\"@id\":\"https:\/\/promusicakrosno.pl\/#website\",\"url\":\"https:\/\/promusicakrosno.pl\/\",\"name\":\"Szko\u0142a Muzyczna Krosno\",\"description\":\"Pro Musica\",\"publisher\":{\"@id\":\"https:\/\/promusicakrosno.pl\/#organization\"},\"potentialAction\":[{\"@type\":\"SearchAction\",\"target\":{\"@type\":\"EntryPoint\",\"urlTemplate\":\"https:\/\/promusicakrosno.pl\/?s={search_term_string}\"},\"query-input\":{\"@type\":\"PropertyValueSpecification\",\"valueRequired\":true,\"valueName\":\"search_term_string\"}}],\"inLanguage\":\"pl-PL\"},{\"@type\":\"Organization\",\"@id\":\"https:\/\/promusicakrosno.pl\/#organization\",\"name\":\"Szko\u0142a Muzyczna Krosno\",\"url\":\"https:\/\/promusicakrosno.pl\/\",\"logo\":{\"@type\":\"ImageObject\",\"inLanguage\":\"pl-PL\",\"@id\":\"https:\/\/promusicakrosno.pl\/#\/schema\/logo\/image\/\",\"url\":\"https:\/\/promusicakrosno.pl\/wp-content\/uploads\/2022\/02\/logo_png_bez_tla.png\",\"contentUrl\":\"https:\/\/promusicakrosno.pl\/wp-content\/uploads\/2022\/02\/logo_png_bez_tla.png\",\"width\":271,\"height\":159,\"caption\":\"Szko\u0142a Muzyczna Krosno\"},\"image\":{\"@id\":\"https:\/\/promusicakrosno.pl\/#\/schema\/logo\/image\/\"}}]}<\/script>\n<!-- \/ Yoast SEO plugin. -->","yoast_head_json":{"title":"koncert \u015bwi\u0105teczny w Splast - Szko\u0142a Muzyczna Krosno","description":"Prywatna Szko\u0142a Muzyczna Pro Musica I i II stopnia w Kro\u015bnie. Studium wokalno-instrumentalne i zaj\u0119cia artystyczne dla najm\u0142odszych","robots":{"index":"index","follow":"follow","max-snippet":"max-snippet:-1","max-image-preview":"max-image-preview:large","max-video-preview":"max-video-preview:-1"},"canonical":"https:\/\/promusicakrosno.pl\/index.php\/koncert_swiateczny_w_splast\/","og_locale":"pl_PL","og_type":"article","og_title":"koncert \u015bwi\u0105teczny w Splast - Szko\u0142a Muzyczna Krosno","og_description":"Prywatna Szko\u0142a Muzyczna Pro Musica I i II stopnia w Kro\u015bnie. Studium wokalno-instrumentalne i zaj\u0119cia artystyczne dla najm\u0142odszych","og_url":"https:\/\/promusicakrosno.pl\/index.php\/koncert_swiateczny_w_splast\/","og_site_name":"Szko\u0142a Muzyczna Krosno","article_modified_time":"2026-01-03T15:55:46+00:00","og_image":[{"url":"https:\/\/promusicakrosno.pl\/wp-content\/uploads\/2025\/12\/20125.12.19_splast_1-1024x583.jpg","type":"","width":"","height":""}],"twitter_card":"summary_large_image","twitter_misc":{"Szacowany czas czytania":"2 minuty"},"schema":{"@context":"https:\/\/schema.org","@graph":[{"@type":"WebPage","@id":"https:\/\/promusicakrosno.pl\/index.php\/koncert_swiateczny_w_splast\/","url":"https:\/\/promusicakrosno.pl\/index.php\/koncert_swiateczny_w_splast\/","name":"koncert \u015bwi\u0105teczny w Splast - Szko\u0142a Muzyczna Krosno","isPartOf":{"@id":"https:\/\/promusicakrosno.pl\/#website"},"primaryImageOfPage":{"@id":"https:\/\/promusicakrosno.pl\/index.php\/koncert_swiateczny_w_splast\/#primaryimage"},"image":{"@id":"https:\/\/promusicakrosno.pl\/index.php\/koncert_swiateczny_w_splast\/#primaryimage"},"thumbnailUrl":"https:\/\/promusicakrosno.pl\/wp-content\/uploads\/2025\/12\/20125.12.19_splast_1-1024x583.jpg","datePublished":"2025-12-27T13:07:55+00:00","dateModified":"2026-01-03T15:55:46+00:00","description":"Prywatna Szko\u0142a Muzyczna Pro Musica I i II stopnia w Kro\u015bnie. Studium wokalno-instrumentalne i zaj\u0119cia artystyczne dla najm\u0142odszych","breadcrumb":{"@id":"https:\/\/promusicakrosno.pl\/index.php\/koncert_swiateczny_w_splast\/#breadcrumb"},"inLanguage":"pl-PL","potentialAction":[{"@type":"ReadAction","target":["https:\/\/promusicakrosno.pl\/index.php\/koncert_swiateczny_w_splast\/"]}]},{"@type":"ImageObject","inLanguage":"pl-PL","@id":"https:\/\/promusicakrosno.pl\/index.php\/koncert_swiateczny_w_splast\/#primaryimage","url":"https:\/\/promusicakrosno.pl\/wp-content\/uploads\/2025\/12\/20125.12.19_splast_1.jpg","contentUrl":"https:\/\/promusicakrosno.pl\/wp-content\/uploads\/2025\/12\/20125.12.19_splast_1.jpg","width":1345,"height":766},{"@type":"BreadcrumbList","@id":"https:\/\/promusicakrosno.pl\/index.php\/koncert_swiateczny_w_splast\/#breadcrumb","itemListElement":[{"@type":"ListItem","position":1,"name":"Strona g\u0142\u00f3wna","item":"https:\/\/promusicakrosno.pl\/"},{"@type":"ListItem","position":2,"name":"koncert \u015bwi\u0105teczny w Splast"}]},{"@type":"WebSite","@id":"https:\/\/promusicakrosno.pl\/#website","url":"https:\/\/promusicakrosno.pl\/","name":"Szko\u0142a Muzyczna Krosno","description":"Pro Musica","publisher":{"@id":"https:\/\/promusicakrosno.pl\/#organization"},"potentialAction":[{"@type":"SearchAction","target":{"@type":"EntryPoint","urlTemplate":"https:\/\/promusicakrosno.pl\/?s={search_term_string}"},"query-input":{"@type":"PropertyValueSpecification","valueRequired":true,"valueName":"search_term_string"}}],"inLanguage":"pl-PL"},{"@type":"Organization","@id":"https:\/\/promusicakrosno.pl\/#organization","name":"Szko\u0142a Muzyczna Krosno","url":"https:\/\/promusicakrosno.pl\/","logo":{"@type":"ImageObject","inLanguage":"pl-PL","@id":"https:\/\/promusicakrosno.pl\/#\/schema\/logo\/image\/","url":"https:\/\/promusicakrosno.pl\/wp-content\/uploads\/2022\/02\/logo_png_bez_tla.png","contentUrl":"https:\/\/promusicakrosno.pl\/wp-content\/uploads\/2022\/02\/logo_png_bez_tla.png","width":271,"height":159,"caption":"Szko\u0142a Muzyczna Krosno"},"image":{"@id":"https:\/\/promusicakrosno.pl\/#\/schema\/logo\/image\/"}}]}},"_links":{"self":[{"href":"https:\/\/promusicakrosno.pl\/index.php\/wp-json\/wp\/v2\/pages\/5124","targetHints":{"allow":["GET"]}}],"collection":[{"href":"https:\/\/promusicakrosno.pl\/index.php\/wp-json\/wp\/v2\/pages"}],"about":[{"href":"https:\/\/promusicakrosno.pl\/index.php\/wp-json\/wp\/v2\/types\/page"}],"author":[{"embeddable":true,"href":"https:\/\/promusicakrosno.pl\/index.php\/wp-json\/wp\/v2\/users\/1"}],"replies":[{"embeddable":true,"href":"https:\/\/promusicakrosno.pl\/index.php\/wp-json\/wp\/v2\/comments?post=5124"}],"version-history":[{"count":22,"href":"https:\/\/promusicakrosno.pl\/index.php\/wp-json\/wp\/v2\/pages\/5124\/revisions"}],"predecessor-version":[{"id":5170,"href":"https:\/\/promusicakrosno.pl\/index.php\/wp-json\/wp\/v2\/pages\/5124\/revisions\/5170"}],"wp:attachment":[{"href":"https:\/\/promusicakrosno.pl\/index.php\/wp-json\/wp\/v2\/media?parent=5124"}],"wp:term":[{"taxonomy":"folder","embeddable":true,"href":"https:\/\/promusicakrosno.pl\/index.php\/wp-json\/wp\/v2\/folder?post=5124"}],"curies":[{"name":"wp","href":"https:\/\/api.w.org\/{rel}","templated":true}]}}